{"id":92,"date":"2023-02-27T19:59:46","date_gmt":"2023-02-27T19:59:46","guid":{"rendered":"https:\/\/mhs.maderausd.org\/?page_id=92"},"modified":"2026-02-26T16:25:35","modified_gmt":"2026-02-27T00:25:35","slug":"nuestra-escuela","status":"publish","type":"page","link":"https:\/\/mhs.maderausd.org\/es\/nuestra-escuela\/","title":{"rendered":"Nuestra escuela"},"content":{"rendered":"<div data-elementor-type=\"wp-page\" data-elementor-id=\"92\" class=\"elementor elementor-92\" data-elementor-post-type=\"page\">\n\t\t\t\t<div class=\"elementor-element elementor-element-d0fdd7a e-con-full e-flex e-con e-parent\" data-id=\"d0fdd7a\" data-element_type=\"container\" data-e-type=\"container\">\n\t\t<div class=\"elementor-element elementor-element-b6cad69 e-con-full e-flex e-con e-child\" data-id=\"b6cad69\" data-element_type=\"container\" data-e-type=\"container\" data-settings=\"{&quot;background_background&quot;:&quot;classic&quot;}\">\n\t\t\t\t<div class=\"elementor-element elementor-element-057cadf elementor-widget elementor-widget-heading\" data-id=\"057cadf\" data-element_type=\"widget\" data-e-type=\"widget\" data-widget_type=\"heading.default\">\n\t\t\t\t<div class=\"elementor-widget-container\">\n\t\t\t\t\t<h1 class=\"elementor-heading-title elementor-size-default\">Nuestra escuela<\/h1>\t\t\t\t<\/div>\n\t\t\t\t<\/div>\n\t\t\t\t<div class=\"elementor-element elementor-element-986b0c5 elementor-widget elementor-widget-breadcrumbs\" data-id=\"986b0c5\" data-element_type=\"widget\" data-e-type=\"widget\" data-widget_type=\"breadcrumbs.default\">\n\t\t\t\t<div class=\"elementor-widget-container\">\n\t\t\t\t\t<nav id=\"breadcrumbs\"><span><span><a href=\"https:\/\/maderahighsdev.wpengine.com\/\">Inicio<\/a><\/span><\/span><\/nav>\t\t\t\t<\/div>\n\t\t\t\t<\/div>\n\t\t\t\t<\/div>\n\t\t\t\t<div class=\"elementor-element elementor-element-da45b2f elementor-widget__width-inherit elementor-widget elementor-widget-menu-anchor\" data-id=\"da45b2f\" data-element_type=\"widget\" data-e-type=\"widget\" data-widget_type=\"menu-anchor.default\">\n\t\t\t\t<div class=\"elementor-widget-container\">\n\t\t\t\t\t\t\t<div class=\"elementor-menu-anchor\" id=\"principal-message\"><\/div>\n\t\t\t\t\t\t<\/div>\n\t\t\t\t<\/div>\n\t\t<div class=\"elementor-element elementor-element-83e2722 e-con-full e-flex e-con e-child\" data-id=\"83e2722\" data-element_type=\"container\" data-e-type=\"container\">\n\t\t<div class=\"elementor-element elementor-element-58cf284 e-con-full e-flex e-con e-child\" data-id=\"58cf284\" data-element_type=\"container\" data-e-type=\"container\" data-settings=\"{&quot;background_background&quot;:&quot;classic&quot;}\">\n\t\t\t\t<div class=\"elementor-element elementor-element-9fc124e elementor-widget elementor-widget-premium-addon-person\" data-id=\"9fc124e\" data-element_type=\"widget\" data-e-type=\"widget\" id=\"musd-team\" data-widget_type=\"premium-addon-person.default\">\n\t\t\t\t<div class=\"elementor-widget-container\">\n\t\t\t\t\t\t\t<div class=\"premium-persons-container premium-person-style2\">\r\n\t\t\t\t\t\t<div class=\"premium-person-container premium-person-none-effect\">\r\n\r\n\t\t\t\t<div class=\"premium-person-image-container\">\r\n\t\t\t\t\t<img fetchpriority=\"high\" decoding=\"async\" width=\"304\" height=\"227\" src=\"https:\/\/mhs.maderausd.org\/wp-content\/uploads\/MHS-Logos\/MHS_Secondary-Logo-1C.svg\" class=\"attachment-full size-full wp-image-75\" alt=\"Bloque M\" \/>\r\n\t\t\t\t\t\t\t\t\t<\/div>\r\n\t\t\t\t<div class=\"premium-person-info\">\r\n\t\t\t\t\t\t\t\t<div class=\"premium-person-info-container\">\r\n\t\t\t\t\t\t\t\t\t<h2 class=\"premium-person-name\">Sra. Robyn Cosgrove<\/h2>\t\t\t\t\t\t\t\t\t\t\t<h4 class=\"premium-person-title\">\r\n\t\t\t\t\t\t\t<span>Directora<\/span>\r\n\t\t\t\t\t\t<\/h4>\r\n\t\t\t\t\t\t\t\t\t\t\t<div class=\"premium-person-content\">\r\n\t\t\t\t\t\t\t<div><h4><a href=\"telephone:559-775-4444\">(559) 675-4444<\/a><\/h4><div><a href=\"mailto:robyncosgrove@maderausd.org\">robyncosgrove@maderausd.org<\/a><\/div><\/div>\t\t\t\t\t\t<\/div>\r\n\t\t\t\t\t\t\t\t<\/div>\r\n\t\t\t\t\t\t\t<\/div>\r\n\t\t\t<\/div>\r\n\t\t\t\t\t\t<\/div>\r\n\t\t\t\t\t\t<\/div>\n\t\t\t\t<\/div>\n\t\t\t\t<\/div>\n\t\t<div class=\"elementor-element elementor-element-a662c57 e-con-full e-flex e-con e-child\" data-id=\"a662c57\" data-element_type=\"container\" data-e-type=\"container\">\n\t\t\t\t<div class=\"elementor-element elementor-element-fd07158 elementor-widget elementor-widget-heading\" data-id=\"fd07158\" data-element_type=\"widget\" data-e-type=\"widget\" data-widget_type=\"heading.default\">\n\t\t\t\t<div class=\"elementor-widget-container\">\n\t\t\t\t\t<h2 class=\"elementor-heading-title elementor-size-default\">Mensaje del director<\/h2>\t\t\t\t<\/div>\n\t\t\t\t<\/div>\n\t\t\t\t<div class=\"elementor-element elementor-element-07f976b elementor-widget elementor-widget-text-editor\" data-id=\"07f976b\" data-element_type=\"widget\" data-e-type=\"widget\" data-widget_type=\"text-editor.default\">\n\t\t\t\t<div class=\"elementor-widget-container\">\n\t\t\t\t\t\t\t\t\t<div class=\"ui-article-description\"><p>\u00a1Bienvenidos a la Preparatoria Madera! Con m\u00e1s de 100 a\u00f1os de tradici\u00f3n Coyote, nuestro objetivo es seguir esforz\u00e1ndonos por alcanzar la excelencia y promover una cultura escolar positiva donde los estudiantes se sientan seguros y bienvenidos. Cada miembro de la comunidad, ya sean padres, estudiantes, miembros del personal, etc., desempe\u00f1a un papel fundamental para lograr este objetivo en MHS. Un clima de civilidad y respeto entre todos es clave para que los estudiantes disfruten de una experiencia positiva en la preparatoria.<\/p><p>Usa este sitio web para encontrar toda la informaci\u00f3n necesaria para desenvolverte con \u00e9xito durante el pr\u00f3ximo a\u00f1o en la Preparatoria Madera. Encontrar\u00e1s informaci\u00f3n sobre deportes, expectativas de comportamiento, normas de vestimenta apropiada, consecuencias por comportamiento inapropiado, actividades extracurriculares y cocurriculares, requisitos de graduaci\u00f3n, requisitos de admisi\u00f3n a la universidad y, lo m\u00e1s importante, los nombres de las personas en el campus que est\u00e1n aqu\u00ed para ayudarte.<\/p><p>Este sitio est\u00e1 dise\u00f1ado para comunicar las expectativas b\u00e1sicas de la Escuela Preparatoria Madera, de modo que tanto estudiantes como padres comprendan las pol\u00edticas, normas y procedimientos que rigen la forma en que los estudiantes, el personal y otras personas se relacionan dentro de la comunidad escolar. Esperamos que estudiantes y padres se familiaricen con las ideas b\u00e1sicas aqu\u00ed incorporadas. El personal y la administraci\u00f3n de la escuela tienen la responsabilidad de garantizar que todas las pol\u00edticas se administren de forma justa y equitativa, y que todos los miembros de la comunidad escolar tengan la oportunidad de ser escuchados.<\/p><p>Al emprender este camino, tengan la certeza de que cuentan con el apoyo y el valor de todo el personal de la Preparatoria Madera. Queremos colaborar con ustedes y sus padres para que su tiempo en MHS sea atractivo, memorable y acad\u00e9micamente estimulante. Nuestro objetivo es que adquieran las habilidades del siglo XXI esenciales para estar preparados para la universidad y la vida profesional. Nuestro personal participa activamente, tanto dentro como fuera del aula, para marcar la diferencia y desea que todos los estudiantes puedan graduarse. Espero que aprovechen las numerosas actividades que ofrecemos y se conviertan en un miembro integral de nuestra Comunidad Coyote.<\/p><p><em><strong>\u00a1VAMOS COYOTES!<\/strong><\/em><\/p><p style=\"text-align: right;\"><strong>\u2014Robyn Cosgrove<\/strong><\/p><\/div>\t\t\t\t\t\t\t\t<\/div>\n\t\t\t\t<\/div>\n\t\t\t\t<\/div>\n\t\t\t\t<\/div>\n\t\t\t\t<div class=\"elementor-element elementor-element-991d39c elementor-widget__width-inherit elementor-widget elementor-widget-menu-anchor\" data-id=\"991d39c\" data-element_type=\"widget\" data-e-type=\"widget\" data-widget_type=\"menu-anchor.default\">\n\t\t\t\t<div class=\"elementor-widget-container\">\n\t\t\t\t\t\t\t<div class=\"elementor-menu-anchor\" id=\"mission\"><\/div>\n\t\t\t\t\t\t<\/div>\n\t\t\t\t<\/div>\n\t\t\t\t<div class=\"elementor-element elementor-element-3427c13 elementor-widget__width-inherit elementor-widget elementor-widget-global elementor-global-1079 elementor-widget-premium-divider\" data-id=\"3427c13\" data-element_type=\"widget\" data-e-type=\"widget\" data-widget_type=\"premium-divider.default\">\n\t\t\t\t<div class=\"elementor-widget-container\">\n\t\t\t\t\t\r\n\t\t<div class=\"premium-bordered-top premium-separator-container premium-separator-solid\" data-settings=\"solid\">\r\n\t\t\t<div class=\"premium-separator-wrapper\">\r\n\t\t\t\t<div class=\"premium-separator-wrapper-separator\">\r\n\t\t\t\t\t<div class=\"premium-separator-wrapper-separator-divider\">\r\n\t\t\t\t\t\t<div class=\"premium-separator-inner\">\r\n\t\t\t\t\t\t\t\r\n\t\t\t\t\t\t\t\t<div class=\"premium-separator-content-wrapper\">\r\n\t\t\t\t\t\t\t\t\t\t\t\t\t\t\t\t\t\t\t<div class=\"premium-separator-divider-left premium-separator-left-side premium-svg-nodraw\">\r\n\t\t\t\t\t\t\t\t\t\t\t<hr>\t\t\t\t\t\t\t\t\t\t<\/div>\r\n\t\t\t\t\t\t\t\t\t\r\n\t\t\t\t\t\t\t\t\t\t\t\t\t\t\t\t\t\t\t<div class=\"premium-separator-icon-container\">\r\n\r\n\t\t\t\t\t\t\t\t\t\t\t\r\n\t\t\t\t\t\t\t\t\t\t\t\t\t\t\t\t\t\t\t\t\t\t\t<div class=\"premium-separator-icon-wrap premium-separator-img-icon\">\r\n\t\t\t\t\t\t\t\t\t\t\t\t\t<img decoding=\"async\" width=\"304\" height=\"213\" src=\"https:\/\/mhs.maderausd.org\/wp-content\/uploads\/MHS-Logos\/MHS_Mascot-Print-1C.svg\" class=\"attachment-full size-full\" alt=\"Huella blanca\" \/>\t\t\t\t\t\t\t\t\t\t\t\t<\/div>\r\n\t\t\t\t\t\t\t\t\t\t\t\t\t\t\t\t\t\t\t\t\t<\/div>\r\n\t\t\t\t\t\t\t\t\t\r\n\t\t\t\t\t\t\t\t\t\t\t\t\t\t\t\t\t\t\t<div class=\"premium-separator-divider-right premium-separator-right-side premium-svg-nodraw\">\r\n\t\t\t\t\t\t\t\t\t\t\t<hr>\t\t\t\t\t\t\t\t\t\t<\/div>\r\n\t\t\t\t\t\t\t\t\t\t\t\t\t\t\t\t\t<\/div>\r\n\r\n\t\t\t\t\t\t\t\r\n\t\t\t\t\t\t\t<\/div>\r\n\r\n\t\t\t\t\t\t<\/div>\r\n\r\n\t\t\t\t<\/div>\r\n\r\n\t\t\t\t<div class=\"premium-clearfix\"><\/div>\r\n\r\n\t\t\t<\/div>\r\n\r\n\t\t<\/div>\r\n\r\n\t\t\t\t\t\t<\/div>\n\t\t\t\t<\/div>\n\t\t<div class=\"elementor-element elementor-element-8d564b6 e-con-full e-flex e-con e-child\" data-id=\"8d564b6\" data-element_type=\"container\" data-e-type=\"container\" data-settings=\"{&quot;background_background&quot;:&quot;classic&quot;}\">\n\t\t<div class=\"elementor-element elementor-element-e110bb2 e-con-full e-flex e-con e-child\" data-id=\"e110bb2\" data-element_type=\"container\" data-e-type=\"container\" data-settings=\"{&quot;background_background&quot;:&quot;classic&quot;}\">\n\t\t\t\t<div class=\"elementor-element elementor-element-7a0c39c elementor-widget elementor-widget-heading\" data-id=\"7a0c39c\" data-element_type=\"widget\" data-e-type=\"widget\" data-widget_type=\"heading.default\">\n\t\t\t\t<div class=\"elementor-widget-container\">\n\t\t\t\t\t<h2 class=\"elementor-heading-title elementor-size-default\">Misi\u00f3n de MHS<\/h2>\t\t\t\t<\/div>\n\t\t\t\t<\/div>\n\t\t\t\t<div class=\"elementor-element elementor-element-f334bcd elementor-widget__width-initial elementor-widget elementor-widget-text-editor\" data-id=\"f334bcd\" data-element_type=\"widget\" data-e-type=\"widget\" data-widget_type=\"text-editor.default\">\n\t\t\t\t<div class=\"elementor-widget-container\">\n\t\t\t\t\t\t\t\t\t<p>Estamos comprometidos a crear y mantener una cultura que empodere a los estudiantes de Madera High School para que sean miembros contribuyentes de la sociedad preparados para la universidad y su carrera profesional.<\/p>\t\t\t\t\t\t\t\t<\/div>\n\t\t\t\t<\/div>\n\t\t\t\t<div class=\"elementor-element elementor-element-4e74798 elementor-invisible elementor-widget elementor-widget-heading\" data-id=\"4e74798\" data-element_type=\"widget\" data-e-type=\"widget\" data-settings=\"{&quot;_animation&quot;:&quot;bounceInUp&quot;}\" data-widget_type=\"heading.default\">\n\t\t\t\t<div class=\"elementor-widget-container\">\n\t\t\t\t\t<h2 class=\"elementor-heading-title elementor-size-default\">Vayan, \u00a1Yotes!<\/h2>\t\t\t\t<\/div>\n\t\t\t\t<\/div>\n\t\t\t\t<\/div>\n\t\t<div class=\"elementor-element elementor-element-d158729 e-con-full e-flex e-con e-child\" data-id=\"d158729\" data-element_type=\"container\" data-e-type=\"container\" data-settings=\"{&quot;background_background&quot;:&quot;classic&quot;}\">\n\t\t\t\t<div class=\"elementor-element elementor-element-b086fa7 elementor-widget elementor-widget-heading\" data-id=\"b086fa7\" data-element_type=\"widget\" data-e-type=\"widget\" data-widget_type=\"heading.default\">\n\t\t\t\t<div class=\"elementor-widget-container\">\n\t\t\t\t\t<h2 class=\"elementor-heading-title elementor-size-default\">Visi\u00f3n de MHS<\/h2>\t\t\t\t<\/div>\n\t\t\t\t<\/div>\n\t\t\t\t<div class=\"elementor-element elementor-element-29460a9 elementor-widget__width-initial elementor-widget elementor-widget-text-editor\" data-id=\"29460a9\" data-element_type=\"widget\" data-e-type=\"widget\" data-widget_type=\"text-editor.default\">\n\t\t\t\t<div class=\"elementor-widget-container\">\n\t\t\t\t\t\t\t\t\t<p>Madera High establecer\u00e1 altos est\u00e1ndares de perseverancia, respeto, integridad y dedicaci\u00f3n, con un compromiso con la excelencia.<\/p>\t\t\t\t\t\t\t\t<\/div>\n\t\t\t\t<\/div>\n\t\t\t\t<div class=\"elementor-element elementor-element-5453239 elementor-invisible elementor-widget elementor-widget-heading\" data-id=\"5453239\" data-element_type=\"widget\" data-e-type=\"widget\" data-settings=\"{&quot;_animation&quot;:&quot;bounceInUp&quot;}\" data-widget_type=\"heading.default\">\n\t\t\t\t<div class=\"elementor-widget-container\">\n\t\t\t\t\t<h2 class=\"elementor-heading-title elementor-size-default\">Vayan, \u00a1Yotes!<\/h2>\t\t\t\t<\/div>\n\t\t\t\t<\/div>\n\t\t\t\t<\/div>\n\t\t\t\t<\/div>\n\t\t\t\t<div class=\"elementor-element elementor-element-4568792 elementor-widget__width-inherit elementor-widget elementor-widget-menu-anchor\" data-id=\"4568792\" data-element_type=\"widget\" data-e-type=\"widget\" data-widget_type=\"menu-anchor.default\">\n\t\t\t\t<div class=\"elementor-widget-container\">\n\t\t\t\t\t\t\t<div class=\"elementor-menu-anchor\" id=\"bell\"><\/div>\n\t\t\t\t\t\t<\/div>\n\t\t\t\t<\/div>\n\t\t<div class=\"elementor-element elementor-element-6d92b72 e-con-full e-flex e-con e-child\" data-id=\"6d92b72\" data-element_type=\"container\" data-e-type=\"container\">\n\t\t<div class=\"elementor-element elementor-element-27cb96f e-con-full e-flex e-con e-child\" data-id=\"27cb96f\" data-element_type=\"container\" data-e-type=\"container\">\n\t\t\t\t<div class=\"elementor-element elementor-element-a96650d elementor-widget elementor-widget-heading\" data-id=\"a96650d\" data-element_type=\"widget\" data-e-type=\"widget\" data-widget_type=\"heading.default\">\n\t\t\t\t<div class=\"elementor-widget-container\">\n\t\t\t\t\t<h2 class=\"elementor-heading-title elementor-size-default\">Horario de las campanas<\/h2>\t\t\t\t<\/div>\n\t\t\t\t<\/div>\n\t\t\t\t<div class=\"elementor-element elementor-element-0745171 elementor-widget__width-inherit elementor-widget-laptop__width-inherit elementor-widget elementor-widget-embedpress_pdf\" data-id=\"0745171\" data-element_type=\"widget\" data-e-type=\"widget\" data-widget_type=\"embedpress_pdf.default\">\n\t\t\t\t<div class=\"elementor-widget-container\">\n\t\t\t\t\t    <div class=\"embedpress-document-embed ep-doc-86827d3b5d3ee73d76ededd7ccc83825 ose-document emebedpress-unit-percent\" data-thememode=\"light\" data-customcolor=\"#FFFFFF\" data-toolbar=\"yes\" data-toolbar-position=\"top\" data-open=\"no\" data-presentation-mode=\"yes\" data-download=\"yes\" data-copy=\"yes\" data-add-image=\"yes\" data-rotate=\"yes\" data-details=\"yes\" data-id=\"embedpress-pdf-0745171\" data-selection-tool=\"0\" data-scrolling=\"0\" data-spreads=\"-1\" style=\" max-width:100%; display: inline-block\">\n\n        \n                <div >\n\n                    <div id=\"ep-elementor-content-0745171\" class=\"ep-elementor-content   ep-percentage-width   ep-content-protection-disabled\">\n                        <div id=\"0745171\" class=\"ep-embed-content-wraper\">\n                            <div><iframe title=\"P\u00f3ster del horario de clases de MHS 2025-2026 (1)\" class=\"embedpress-embed-document-pdf embedpress-pdf-0745171\" style=\"width: 600%!important;height: 500px;; max-width:100%; display: inline-block\" src=\"https:\/\/mhs.maderausd.org\/wp-admin\/admin-ajax.php?action=get_viewer&#038;file=https%3A%2F%2Fmhs.maderausd.org%2Fwp-content%2Fuploads%2F2025-2026-MHS-Bell-Schedule-Poster-1.pdf&#038;scrolling=0&#038;selection_tool=0&#038;spreads=-1#key=dGhlbWVNb2RlPWxpZ2h0JnRvb2xiYXI9dHJ1ZSZwb3NpdGlvbj10b3AmcHJlc2VudGF0aW9uPXRydWUmbGF6eUxvYWQ9ZmFsc2UmZG93bmxvYWQ9eWVzJmNvcHlfdGV4dD15ZXMmYWRkX3RleHQ9dHJ1ZSZkcmF3PXllcyZhZGRfaW1hZ2U9dHJ1ZSZwZGZfcm90YXRpb249dHJ1ZSZwZGZfZGV0YWlscz10cnVlJnpvb21faW49dHJ1ZSZ6b29tX291dD10cnVlJmZpdF92aWV3PXRydWUmYm9va21hcms9dHJ1ZSZzb3VuZD10cnVlJmZsaXBib29rX3Rvb2xiYXJfcG9zaXRpb249Ym90dG9tJnNlbGVjdGlvbl90b29sPTAmc2Nyb2xsaW5nPTAmc3ByZWFkcz0tMSZpc19wcm9fYWN0aXZlPTE=&#038;zoom=page-fit\" data-emid=\"embedpress-pdf-0745171\" data-embed-type=\"PDF\" frameborder=\"0\"><\/iframe><\/div>                        <\/div>\n\n                    <\/div>\n\n\n                   \n                <\/div>\n            \n    <\/div>\n\n\t\t\t\t<\/div>\n\t\t\t\t<\/div>\n\t\t\t\t<\/div>\n\t\t\t\t<\/div>\n\t\t<div class=\"elementor-element elementor-element-1ff9ab6 e-con-full e-flex e-con e-child\" data-id=\"1ff9ab6\" data-element_type=\"container\" data-e-type=\"container\">\n\t\t\t\t<div class=\"elementor-element elementor-element-970ae91 elementor-widget elementor-widget-heading\" data-id=\"970ae91\" data-element_type=\"widget\" data-e-type=\"widget\" data-widget_type=\"heading.default\">\n\t\t\t\t<div class=\"elementor-widget-container\">\n\t\t\t\t\t<h2 class=\"elementor-heading-title elementor-size-default\">Pol\u00edticas y procedimientos<\/h2>\t\t\t\t<\/div>\n\t\t\t\t<\/div>\n\t\t\t\t<div class=\"elementor-element elementor-element-b5e35b6 elementor-widget__width-auto e-n-tabs-mobile elementor-widget elementor-widget-n-tabs\" data-id=\"b5e35b6\" data-element_type=\"widget\" data-e-type=\"widget\" data-settings=\"{&quot;tabs_justify_horizontal&quot;:&quot;center&quot;,&quot;horizontal_scroll_mobile&quot;:&quot;enable&quot;,&quot;horizontal_scroll&quot;:&quot;disable&quot;}\" data-widget_type=\"nested-tabs.default\">\n\t\t\t\t<div class=\"elementor-widget-container\">\n\t\t\t\t\t\t\t<div class=\"e-n-tabs\" data-widget-number=\"190723510\" aria-label=\"Pesta\u00f1as. Abra elementos con Enter o Espacio, ci\u00e9rrelos con Escape y navegue usando las teclas de flecha.\">\n\t\t\t<div class=\"e-n-tabs-heading\" role=\"tablist\">\n\t\t\t\t\t<button id=\"e-n-tab-title-1907235101\" data-tab-title-id=\"e-n-tab-title-1907235101\" class=\"e-n-tab-title\" aria-selected=\"true\" data-tab-index=\"1\" role=\"tab\" tabindex=\"0\" aria-controls=\"e-n-tab-content-1907235101\" style=\"--n-tabs-title-order: 1;\">\n\t\t\t\t\t\t<span class=\"e-n-tab-title-text\">\n\t\t\t\tPol\u00edtica y procedimientos de asistencia\t\t\t<\/span>\n\t\t<\/button>\n\t\t\t\t<button id=\"e-n-tab-title-1907235102\" data-tab-title-id=\"e-n-tab-title-1907235102\" class=\"e-n-tab-title\" aria-selected=\"false\" data-tab-index=\"2\" role=\"tab\" tabindex=\"-1\" aria-controls=\"e-n-tab-content-1907235102\" style=\"--n-tabs-title-order: 2;\">\n\t\t\t\t\t\t<span class=\"e-n-tab-title-text\">\n\t\t\t\tPases fuera del campus\t\t\t<\/span>\n\t\t<\/button>\n\t\t\t\t<button id=\"e-n-tab-title-1907235103\" data-tab-title-id=\"e-n-tab-title-1907235103\" class=\"e-n-tab-title\" aria-selected=\"false\" data-tab-index=\"3\" role=\"tab\" tabindex=\"-1\" aria-controls=\"e-n-tab-content-1907235103\" style=\"--n-tabs-title-order: 3;\">\n\t\t\t\t\t\t<span class=\"e-n-tab-title-text\">\n\t\t\t\tP\u00e9rdida de privilegios\t\t\t<\/span>\n\t\t<\/button>\n\t\t\t\t\t<\/div>\n\t\t\t<div class=\"e-n-tabs-content\">\n\t\t\t\t<div id=\"e-n-tab-content-1907235101\" role=\"tabpanel\" aria-labelledby=\"e-n-tab-title-1907235101\" data-tab-index=\"1\" style=\"--n-tabs-title-order: 1;\" class=\"e-active elementor-element elementor-element-0ede50c e-con-full e-flex e-con e-child\" data-id=\"0ede50c\" data-element_type=\"container\" data-e-type=\"container\">\n\t\t<div class=\"elementor-element elementor-element-8b0f950 e-con-full e-flex e-con e-child\" data-id=\"8b0f950\" data-element_type=\"container\" data-e-type=\"container\">\n\t\t<div class=\"elementor-element elementor-element-808e5f4 e-con-full e-flex e-con e-child\" data-id=\"808e5f4\" data-element_type=\"container\" data-e-type=\"container\">\n\t\t\t\t<div class=\"elementor-element elementor-element-33ad954 elementor-widget elementor-widget-heading\" data-id=\"33ad954\" data-element_type=\"widget\" data-e-type=\"widget\" data-widget_type=\"heading.default\">\n\t\t\t\t<div class=\"elementor-widget-container\">\n\t\t\t\t\t<h4 class=\"elementor-heading-title elementor-size-default\">Auxiliar de asistencia<\/h4>\t\t\t\t<\/div>\n\t\t\t\t<\/div>\n\t\t\t\t<div class=\"elementor-element elementor-element-141e469 elementor-widget elementor-widget-heading\" data-id=\"141e469\" data-element_type=\"widget\" data-e-type=\"widget\" data-widget_type=\"heading.default\">\n\t\t\t\t<div class=\"elementor-widget-container\">\n\t\t\t\t\t<h4 class=\"elementor-heading-title elementor-size-default\">675-4444, x1141<\/h4>\t\t\t\t<\/div>\n\t\t\t\t<\/div>\n\t\t\t\t<\/div>\n\t\t\t\t<div class=\"elementor-element elementor-element-21fe4c2 elementor-widget-laptop__width-initial elementor-widget-mobile__width-inherit elementor-widget elementor-widget-text-editor\" data-id=\"21fe4c2\" data-element_type=\"widget\" data-e-type=\"widget\" data-widget_type=\"text-editor.default\">\n\t\t\t\t<div class=\"elementor-widget-container\">\n\t\t\t\t\t\t\t\t\t<div><ul><li>La asistencia se revisar\u00e1 y se comunicar\u00e1 a los estudiantes semanalmente en el aula.<\/li><li>Se recuerda a los estudiantes que verifiquen los errores de asistencia.<\/li><li>Las ausencias y los ausentismos excesivos pueden resultar en que repruebes tus clases acad\u00e9micas.<\/li><li>Si un estudiante est\u00e1 en peligro de reprobar una clase debido a ausencias excesivas, el maestro notificar\u00e1 a los padres mediante una carta o un informe de progreso.<\/li><\/ul><\/div>\t\t\t\t\t\t\t\t<\/div>\n\t\t\t\t<\/div>\n\t\t\t\t<\/div>\n\t\t<div class=\"elementor-element elementor-element-ad2f1ca e-con-full e-flex e-con e-child\" data-id=\"ad2f1ca\" data-element_type=\"container\" data-e-type=\"container\">\n\t\t\t\t<div class=\"elementor-element elementor-element-f166b2c elementor-widget elementor-widget-heading\" data-id=\"f166b2c\" data-element_type=\"widget\" data-e-type=\"widget\" data-widget_type=\"heading.default\">\n\t\t\t\t<div class=\"elementor-widget-container\">\n\t\t\t\t\t<h3 class=\"elementor-heading-title elementor-size-default\">A los efectos de esta pol\u00edtica se justifican las ausencias por las siguientes razones:<\/h3>\t\t\t\t<\/div>\n\t\t\t\t<\/div>\n\t\t\t\t<div class=\"elementor-element elementor-element-8c01cb1 elementor-widget-laptop__width-initial elementor-widget-mobile__width-inherit elementor-widget-mobile_extra__width-auto elementor-widget elementor-widget-text-editor\" data-id=\"8c01cb1\" data-element_type=\"widget\" data-e-type=\"widget\" data-widget_type=\"text-editor.default\">\n\t\t\t\t<div class=\"elementor-widget-container\">\n\t\t\t\t\t\t\t\t\t<div><ul><li>Enfermedad<\/li><li>Cuarentena<\/li><li>M\u00e9dica, dental, optom\u00e9trica o quiropr\u00e1ctica<\/li><li>Funeral para un miembro de la familia inmediata<\/li><li>Deber de jurado<\/li><\/ul><\/div>\t\t\t\t\t\t\t\t<\/div>\n\t\t\t\t<\/div>\n\t\t\t\t<div class=\"elementor-element elementor-element-ae5ae85 elementor-widget elementor-widget-text-editor\" data-id=\"ae5ae85\" data-element_type=\"widget\" data-e-type=\"widget\" data-widget_type=\"text-editor.default\">\n\t\t\t\t<div class=\"elementor-widget-container\">\n\t\t\t\t\t\t\t\t\t<div><p>*Las razones personales justificables aprobadas por el director o su designado (por ejemplo, comparecencia ante el tribunal, celebraci\u00f3n de d\u00edas festivos o ceremonias religiosas) deben ser aprobadas previamente por el administrador. (C\u00f3digo de Educaci\u00f3n 46010, 48204)<\/p><p>**Todas las actividades escolares deben ser aprobadas con antelaci\u00f3n por los estudiantes y sus respectivos profesores para poder asignarles tareas. La administraci\u00f3n, el director de actividades o el director deportivo aprobar\u00e1n y distribuir\u00e1n las listas de estudiantes que participan en las actividades.<\/p><\/div>\t\t\t\t\t\t\t\t<\/div>\n\t\t\t\t<\/div>\n\t\t\t\t<\/div>\n\t\t<div class=\"elementor-element elementor-element-12fbbd2 e-con-full e-flex e-con e-child\" data-id=\"12fbbd2\" data-element_type=\"container\" data-e-type=\"container\">\n\t\t\t\t<div class=\"elementor-element elementor-element-586cefc elementor-widget elementor-widget-heading\" data-id=\"586cefc\" data-element_type=\"widget\" data-e-type=\"widget\" data-widget_type=\"heading.default\">\n\t\t\t\t<div class=\"elementor-widget-container\">\n\t\t\t\t\t<h3 class=\"elementor-heading-title elementor-size-default\">Recogiendo a los estudiantes de la escuela<\/h3>\t\t\t\t<\/div>\n\t\t\t\t<\/div>\n\t\t\t\t<div class=\"elementor-element elementor-element-1da1cbd elementor-widget elementor-widget-text-editor\" data-id=\"1da1cbd\" data-element_type=\"widget\" data-e-type=\"widget\" data-widget_type=\"text-editor.default\">\n\t\t\t\t<div class=\"elementor-widget-container\">\n\t\t\t\t\t\t\t\t\t<div><p>Para la seguridad de los estudiantes, es posible que se les pida a los padres\/tutores que muestren una identificaci\u00f3n con foto antes de que la escuela los deje salir. Los estudiantes solo podr\u00e1n ser entregados a sus padres\/tutores u otras personas que est\u00e9n en su lista de contactos de emergencia. Se debe recoger al estudiante en la oficina principal. Se les llamar\u00e1 a la hora de salida de los padres. Todos los estudiantes deben registrar su salida y tener autorizaci\u00f3n para salir del campus.<\/p><p><strong>Comunicado por tel\u00e9fono:<\/strong> El padre\/tutor debe verificar la identificaci\u00f3n antes de que se libere al estudiante.<\/p><p>Para preservar el tiempo de instrucci\u00f3n, la escuela desaconseja que los padres\/tutores recojan a los estudiantes temprano de la escuela durante los \u00faltimos 30 minutos del d\u00eda escolar.<\/p><\/div>\t\t\t\t\t\t\t\t<\/div>\n\t\t\t\t<\/div>\n\t\t\t\t<\/div>\n\t\t<div class=\"elementor-element elementor-element-8322b84 e-con-full e-flex e-con e-child\" data-id=\"8322b84\" data-element_type=\"container\" data-e-type=\"container\">\n\t\t\t\t<div class=\"elementor-element elementor-element-83dc97a elementor-widget elementor-widget-heading\" data-id=\"83dc97a\" data-element_type=\"widget\" data-e-type=\"widget\" data-widget_type=\"heading.default\">\n\t\t\t\t<div class=\"elementor-widget-container\">\n\t\t\t\t\t<h3 class=\"elementor-heading-title elementor-size-default\">Compensando ausencias<\/h3>\t\t\t\t<\/div>\n\t\t\t\t<\/div>\n\t\t\t\t<div class=\"elementor-element elementor-element-1d398f7 elementor-widget elementor-widget-text-editor\" data-id=\"1d398f7\" data-element_type=\"widget\" data-e-type=\"widget\" data-widget_type=\"text-editor.default\">\n\t\t\t\t<div class=\"elementor-widget-container\">\n\t\t\t\t\t\t\t\t\t<p><strong>Las ausencias deber\u00e1n justificarse mediante uno de los siguientes m\u00e9todos:<\/strong><\/p><ol><li>El padre\/tutor puede llamar a la oficina de asistencia al 675-4444, ext. 1141, preferiblemente el d\u00eda de la ausencia. Si el empleado no contesta, se registrar\u00e1n los mensajes de voz. Si el empleado tiene alguna pregunta o necesita verificar informaci\u00f3n, le devolver\u00e1 la llamada.<\/li><\/ol><ol><li>Los estudiantes pueden traer una nota el d\u00eda de su regreso a clases. Deben entregarla en la oficina de asistencia antes de las 15:30.<\/li><\/ol>\t\t\t\t\t\t\t\t<\/div>\n\t\t\t\t<\/div>\n\t\t\t\t<div class=\"elementor-element elementor-element-4c8b9fb elementor-widget-mobile_extra__width-inherit elementor-widget elementor-widget-text-editor\" data-id=\"4c8b9fb\" data-element_type=\"widget\" data-e-type=\"widget\" data-widget_type=\"text-editor.default\">\n\t\t\t\t<div class=\"elementor-widget-container\">\n\t\t\t\t\t\t\t\t\t<p><strong>Todas las notas y llamadas telef\u00f3nicas DEBEN incluir la siguiente informaci\u00f3n:<\/strong><\/p><ol><li>Nombre completo del estudiante<\/li><li>N\u00famero de identificaci\u00f3n de estudiante<\/li><li>Fecha(s) de ausencia y per\u00edodo(s) perdido(s)<\/li><li>Motivo espec\u00edfico de la ausencia<\/li><li>Firma del padre\/tutor<\/li><li>N\u00famero de tel\u00e9fono de contacto del padre\/tutor.<\/li><\/ol><p>* Si se encuentra un error de profesor o de escuela, s\u00f3lo un administrador de la escuela profesional podr\u00e1 solucionarlo.<\/p>\t\t\t\t\t\t\t\t<\/div>\n\t\t\t\t<\/div>\n\t\t\t\t<div class=\"elementor-element elementor-element-979e96a elementor-widget elementor-widget-text-editor\" data-id=\"979e96a\" data-element_type=\"widget\" data-e-type=\"widget\" data-widget_type=\"text-editor.default\">\n\t\t\t\t<div class=\"elementor-widget-container\">\n\t\t\t\t\t\t\t\t\t<div><p><strong>Trabajo de maquillaje:<\/strong> Los estudiantes tienen un (1) d\u00eda por cada d\u00eda de ausencia para recuperar el trabajo perdido desde el momento en que regresan a la escuela.<\/p><p>Se recomienda a los padres que llamen con 72 horas (3 d\u00edas escolares) de anticipaci\u00f3n si su hijo estar\u00e1 ausente 3 d\u00edas o m\u00e1s para solicitar las tareas perdidas.<\/p><p><strong>Ausencias injustificadas:<\/strong> Las ausencias de un d\u00eda o de un solo per\u00edodo no justificadas se consideran injustificadas si no se justifican antes del mi\u00e9rcoles de la semana siguiente. Es responsabilidad del estudiante asegurarse de que la ausencia se justifique y de que no haya errores en su registro de asistencia.<\/p><\/div>\t\t\t\t\t\t\t\t<\/div>\n\t\t\t\t<\/div>\n\t\t\t\t<\/div>\n\t\t<div class=\"elementor-element elementor-element-6b069c4 e-con-full e-flex e-con e-child\" data-id=\"6b069c4\" data-element_type=\"container\" data-e-type=\"container\">\n\t\t\t\t<div class=\"elementor-element elementor-element-0b495cf elementor-widget elementor-widget-heading\" data-id=\"0b495cf\" data-element_type=\"widget\" data-e-type=\"widget\" data-widget_type=\"heading.default\">\n\t\t\t\t<div class=\"elementor-widget-container\">\n\t\t\t\t\t<h3 class=\"elementor-heading-title elementor-size-default\">C\u00f3digos de ausencia<\/h3>\t\t\t\t<\/div>\n\t\t\t\t<\/div>\n\t\t\t\t<div class=\"elementor-element elementor-element-7166ed2 elementor-widget__width-inherit premium-table-dir-ltr elementor-widget elementor-widget-premium-tables-addon\" data-id=\"7166ed2\" data-element_type=\"widget\" data-e-type=\"widget\" data-widget_type=\"premium-tables-addon.default\">\n\t\t\t\t<div class=\"elementor-widget-container\">\n\t\t\t\t\t\n\t\t<div class=\"premium-table-wrap\">\n\t\t\t\n\t\t\t<table class=\"premium-table\" data-settings=\"{&quot;sort&quot;:false,&quot;usNumbers&quot;:false,&quot;sortMob&quot;:false,&quot;search&quot;:false,&quot;records&quot;:false,&quot;dataType&quot;:&quot;custom&quot;,&quot;csvFile&quot;:null,&quot;firstRow&quot;:null,&quot;separator&quot;:null,&quot;pagination&quot;:&quot;&quot;,&quot;rows&quot;:0}\" >\n\n\t\t\t\n\t\t<thead class=\"premium-table-head\">\n\n\t\t\t<tr class=\"premium-table-row\">\n\n\t\t\t\t<th class=\"premium-table-cell elementor-repeater-item-2aeafc0\" colspan=\"2\"><span class=\"premium-table-text\">C\u00f3digos de ausencia justificada <\/br>(NO cuente para LOP)<\/span><\/th><th class=\"premium-table-cell elementor-repeater-item-7b6a2c4\"><span class=\"premium-table-text\">C\u00f3digos injustificados <\/br>(Cuenta para LOP)<\/span><\/th><th class=\"premium-table-cell elementor-repeater-item-2aba90f\"><span class=\"premium-table-text\">C\u00f3digos de tardanza <\/br>(Cuenta para LOP)<\/span><\/th>\n\t\t\t<\/tr>\n\n\t\t<\/thead>\n\n\t\t\t\t<tbody class=\"premium-table-body\">\n\t\t\t\t\t\t<tr class=\"premium-table-row elementor-repeater-item-be4d6bd\"><td class=\"premium-table-cell elementor-repeater-item-c3d054a\"><span class=\"premium-table-text\"><b>B<\/b> <\/br>(Duelo)<\/span><\/td><td class=\"premium-table-cell elementor-repeater-item-3c73328\"><span class=\"premium-table-text\"><b>Yo<\/b> <\/br>(Justificado Tard\u00edo)<\/span><\/td><td class=\"premium-table-cell elementor-repeater-item-21a7d5b\"><span class=\"premium-table-text\"><b>A<\/b> <\/br>(Inconfirmado)<\/span><\/td><td class=\"premium-table-cell elementor-repeater-item-2fcafe8\"><span class=\"premium-table-text\"><b>Yo<\/b> <\/br>(Tarde \u2014 hasta 30 minutos)<\/span><\/td><\/tr><tr class=\"premium-table-row elementor-repeater-item-b007db5\"><td class=\"premium-table-cell elementor-repeater-item-3cce055\"><span class=\"premium-table-text\"><b>D<\/b> <\/br>(Doctor)<\/span><\/td><td class=\"premium-table-cell elementor-repeater-item-5f13b3a\"><span class=\"premium-table-text\"><b>K<\/b> <\/br>(Mantenido en la oficina)<\/span><\/td><td class=\"premium-table-cell elementor-repeater-item-105698e\"><span class=\"premium-table-text\"><b>PAG<\/b> <\/br>(Raz\u00f3n personal)<\/span><\/td><td class=\"premium-table-cell elementor-repeater-item-f84cc2b\"><span class=\"premium-table-text\"><b>METRO<\/b> <\/br>(Tarde: m\u00e1s de 30 minutos se considera absentismo escolar)<\/span><\/td><\/tr><tr class=\"premium-table-row elementor-repeater-item-4f16ef9\"><td class=\"premium-table-cell elementor-repeater-item-2bb698c\"><span class=\"premium-table-text\"><b>mi<\/b> <\/br>(Disculpado)<\/span><\/td><td class=\"premium-table-cell elementor-repeater-item-0d61a02\"><span class=\"premium-table-text\"><b>S<\/b> <\/br>(Suspendido)<\/span><\/td><td class=\"premium-table-cell elementor-repeater-item-f8657a3\"><span class=\"premium-table-text\"><b>T<\/b> <\/br>(Ausente)<\/span><\/td><td class=\"premium-table-cell elementor-repeater-item-297a0fb\"><span class=\"premium-table-text\"><\/span><\/td><\/tr><tr class=\"premium-table-row elementor-repeater-item-f67f73a\"><td class=\"premium-table-cell elementor-repeater-item-e50a13a\"><span class=\"premium-table-text\"><b>F<\/b> <\/br>(Excursi\u00f3n de campo)<\/span><\/td><td class=\"premium-table-cell elementor-repeater-item-031761c\"><span class=\"premium-table-text\"><b>Z<\/b> <\/br>(Oficina de Salud)<\/span><\/td><td class=\"premium-table-cell elementor-repeater-item-347a7ea\"><span class=\"premium-table-text\"><b>T\u00fa<\/b> <\/br>(Sin excusa)<\/span><\/td><td class=\"premium-table-cell elementor-repeater-item-d471d44\"><span class=\"premium-table-text\"><\/span><\/td><\/tr><tr class=\"premium-table-row elementor-repeater-item-38305c2\"><td class=\"premium-table-cell elementor-repeater-item-b73b2c9\"><span class=\"premium-table-text\"><b>I<\/b> <\/br>(Enfermedad)<\/span><\/td><td class=\"premium-table-cell elementor-repeater-item-4677787\"><span class=\"premium-table-text\"><\/span><\/td><td class=\"premium-table-cell elementor-repeater-item-bceb8ca\"><span class=\"premium-table-text\"><b>Q<\/b> <\/br>(Verificado excusado m\u00e1s all\u00e1 de lo se\u00f1alado anteriormente)<\/span><\/td><td class=\"premium-table-cell elementor-repeater-item-c2dcab4\"><span class=\"premium-table-text\"><\/span><\/td>\t\t\t<\/tr>\n\t\t<\/tbody>\n\n\t\t\n\t\t\t<\/table>\n\t\t<\/div>\n\t\t\t\t\t\t<\/div>\n\t\t\t\t<\/div>\n\t\t\t\t<div class=\"elementor-element elementor-element-1bc4d4e elementor-widget elementor-widget-text-editor\" data-id=\"1bc4d4e\" data-element_type=\"widget\" data-e-type=\"widget\" data-widget_type=\"text-editor.default\">\n\t\t\t\t<div class=\"elementor-widget-container\">\n\t\t\t\t\t\t\t\t\t<div><p><strong>*Nota:<\/strong> Cuando llegue tarde debido a un prop\u00f3sito justificado, el estudiante deber\u00e1 presentarse en la oficina de asistencia para que se pueda anotar la hora de llegada y la calificaci\u00f3n T\/M pueda ser remarcada como Tarde Justificada junto con la hora de llegada.<\/p><\/div>\t\t\t\t\t\t\t\t<\/div>\n\t\t\t\t<\/div>\n\t\t\t\t<\/div>\n\t\t\t\t<\/div>\n\t\t<div id=\"e-n-tab-content-1907235102\" role=\"tabpanel\" aria-labelledby=\"e-n-tab-title-1907235102\" data-tab-index=\"2\" style=\"--n-tabs-title-order: 2;\" class=\"elementor-element elementor-element-994b244 e-con-full e-flex e-con e-child\" data-id=\"994b244\" data-element_type=\"container\" data-e-type=\"container\">\n\t\t\t\t<div class=\"elementor-element elementor-element-b35fc91 elementor-widget-laptop__width-initial elementor-widget-mobile__width-inherit elementor-widget-mobile_extra__width-inherit elementor-widget elementor-widget-text-editor\" data-id=\"b35fc91\" data-element_type=\"widget\" data-e-type=\"widget\" data-widget_type=\"text-editor.default\">\n\t\t\t\t<div class=\"elementor-widget-container\">\n\t\t\t\t\t\t\t\t\t<p>La Escuela Preparatoria Madera es un campus cerrado. Una vez que un estudiante llega a la escuela, no puede salir sin la debida autorizaci\u00f3n. Los pases se emitir\u00e1n \u00fanicamente con el consentimiento de los padres o tutores que figuran en la tarjeta de procedimientos de emergencia del estudiante.<\/p>\t\t\t\t\t\t\t\t<\/div>\n\t\t\t\t<\/div>\n\t\t\t\t<div class=\"elementor-element elementor-element-5fa0db3 elementor-widget elementor-widget-heading\" data-id=\"5fa0db3\" data-element_type=\"widget\" data-e-type=\"widget\" data-widget_type=\"heading.default\">\n\t\t\t\t<div class=\"elementor-widget-container\">\n\t\t\t\t\t<h2 class=\"elementor-heading-title elementor-size-default\">Procedimiento para pases fuera del campus<\/h2>\t\t\t\t<\/div>\n\t\t\t\t<\/div>\n\t\t\t\t<div class=\"elementor-element elementor-element-9babe2e elementor-widget elementor-widget-text-editor\" data-id=\"9babe2e\" data-element_type=\"widget\" data-e-type=\"widget\" data-widget_type=\"text-editor.default\">\n\t\t\t\t<div class=\"elementor-widget-container\">\n\t\t\t\t\t\t\t\t\t<ol><li>Los estudiantes deben salir de la escuela obteniendo un pase en la oficina de asistencia antes de salir.<\/li><li>Se emitir\u00e1n pases fuera del campus por los siguientes motivos:\u00a0<strong>S\u00f3lo con permiso de los padres.<\/strong><\/li><li>Las enfermedades deben ser verificadas por la enfermera escolar. Ning\u00fan estudiante podr\u00e1 salir de la escuela ni irse a casa enfermo sin antes obtener un pase de salida del campus por parte de la enfermera y la oficina de asistencia.<\/li><li>Cita con un m\u00e9dico o dentista. Al regresar a la escuela, se requiere un justificante m\u00e9dico o su firma para justificar la ausencia.<\/li><li>Enfermedad y\/o fallecimiento de un familiar, asistencia a juzgado o funeral cuando sea comprobada por los padres o tutores.<\/li><li>No se emitir\u00e1n pases fuera del campus por razones que no sean m\u00e9dicas, excepto cuando se haya obtenido un permiso especial de la Administraci\u00f3n.<\/li><li>Para obtener un pase fuera del campus, se debe presentar una solicitud de los padres en la Oficina de Asistencia y debe incluir lo siguiente:<ul><li><strong>Fecha<\/strong><\/li><li><strong>N\u00famero de identificaci\u00f3n\/Nombre<\/strong><\/li><li><strong>Hora de salida<\/strong><\/li><li><strong>Motivo de la solicitud<\/strong><\/li><li><strong>C\u00f3mo ir\u00e1 el estudiante (conduciendo, recogiendo el padre, etc.)<\/strong><\/li><li><strong>Escuela de Carreras<\/strong><\/li><\/ul><\/li><li>El pase emitido por la Oficina de Asistencia servir\u00e1 como pase de regreso a clases.<\/li><li>Si un estudiante de \u00faltimo a\u00f1o abandona el campus a la hora del almuerzo y de repente se enferma, sus padres deben notificar a la Oficina de Asistencia.<\/li><li>Si se programa una cita m\u00e9dica durante el per\u00edodo de almuerzo y, como resultado, el estudiante estar\u00e1 ausente o llegar\u00e1 tarde a las 6<sup>el<\/sup>\u00a0per\u00edodo, la ausencia deber\u00e1 ser justificada previamente.<\/li><\/ol>\t\t\t\t\t\t\t\t<\/div>\n\t\t\t\t<\/div>\n\t\t\t\t<div class=\"elementor-element elementor-element-478ea36 elementor-widget elementor-widget-text-editor\" data-id=\"478ea36\" data-element_type=\"widget\" data-e-type=\"widget\" data-widget_type=\"text-editor.default\">\n\t\t\t\t<div class=\"elementor-widget-container\">\n\t\t\t\t\t\t\t\t\t<p style=\"text-align: center;\"><strong>PRIVILEGIO DE ALMUERZO FUERA DEL CAMPUS PARA ESTUDIANTES DE \u00daLTIMO A\u00d1O<\/strong><\/p><p>Los estudiantes de \u00faltimo a\u00f1o con buen historial acad\u00e9mico solo pueden salir del campus durante el per\u00edodo de almuerzo designado. Deben mostrar su credencial vigente para salir y volver a entrar al campus durante su per\u00edodo de almuerzo. Este privilegio puede ser revocado por infracciones disciplinarias, de asistencia, malas calificaciones o si el estudiante se atrasa en los cr\u00e9ditos para graduarse.<\/p>\t\t\t\t\t\t\t\t<\/div>\n\t\t\t\t<\/div>\n\t\t\t\t<div class=\"elementor-element elementor-element-7c58549 elementor-widget elementor-widget-text-editor\" data-id=\"7c58549\" data-element_type=\"widget\" data-e-type=\"widget\" data-widget_type=\"text-editor.default\">\n\t\t\t\t<div class=\"elementor-widget-container\">\n\t\t\t\t\t\t\t\t\t<p style=\"text-align: center;\"><strong>NO PROGRAMADO 1<sup>CALLE<\/sup>\u00a0Y 7<sup>EL<\/sup>\u00a0ESTUDIANTES DE PERIODO<\/strong><\/p><p>Estudiantes que no tienen horario 1<sup>calle<\/sup>\u00a0y 7<sup>el<\/sup>\u00a0No se permiten clases en el campus sin supervisi\u00f3n. No programado 1<sup>calle<\/sup>\u00a0Los estudiantes del per\u00edodo llegan a las 8:51 am para 2<sup>Dakota del Norte<\/sup>\u00a0per\u00edodo. No programado 7<sup>el<\/sup>\u00a0Los estudiantes del per\u00edodo deben abandonar el campus a las 2:12 p. m.<\/p>\t\t\t\t\t\t\t\t<\/div>\n\t\t\t\t<\/div>\n\t\t\t\t<\/div>\n\t\t<div id=\"e-n-tab-content-1907235103\" role=\"tabpanel\" aria-labelledby=\"e-n-tab-title-1907235103\" data-tab-index=\"3\" style=\"--n-tabs-title-order: 3;\" class=\"elementor-element elementor-element-9f10381 e-con-full e-flex e-con e-child\" data-id=\"9f10381\" data-element_type=\"container\" data-e-type=\"container\">\n\t\t\t\t<div class=\"elementor-element elementor-element-a739485 elementor-widget elementor-widget-heading\" data-id=\"a739485\" data-element_type=\"widget\" data-e-type=\"widget\" data-widget_type=\"heading.default\">\n\t\t\t\t<div class=\"elementor-widget-container\">\n\t\t\t\t\t<h2 class=\"elementor-heading-title elementor-size-default\">Lista de p\u00e9rdida de privilegios<\/h2>\t\t\t\t<\/div>\n\t\t\t\t<\/div>\n\t\t\t\t<div class=\"elementor-element elementor-element-861d1e6 elementor-widget elementor-widget-text-editor\" data-id=\"861d1e6\" data-element_type=\"widget\" data-e-type=\"widget\" data-widget_type=\"text-editor.default\">\n\t\t\t\t<div class=\"elementor-widget-container\">\n\t\t\t\t\t\t\t\t\t<ol><li>Los estudiantes con obligaciones financieras pendientes y\/o ausencias injustificadas, ausentismo escolar o d\u00edas de suspensi\u00f3n no ser\u00e1n elegibles para participar en ciertas actividades extracurriculares.\u00a0<\/li><li>Los estudiantes que hayan acumulado las siguientes ausencias o tardanzas injustificadas en un\u00a0<strong><u>CUARTA<\/u>R<\/strong>\u00a0Se considerar\u00e1 no elegible para las actividades designadas para el\u00a0<strong><u>CUARTEL SIGUIENTE<\/u><\/strong>:<ol><li><strong><u>Para<\/u><\/strong><b>cuatro (4) o m\u00e1s ausencias injustificadas de d\u00eda completo o de un solo per\u00edodo<\/b>\u00a0en el mismo per\u00edodo\u00a0<\/li><li><strong><u>Diez (10) tardanzas\u00a0<\/u><\/strong>o m\u00e1s acumulativos (total de todos los per\u00edodos) en un trimestre<\/li><li>Los estudiantes que violen el C\u00f3digo de Educaci\u00f3n 48900(c) [posesi\u00f3n y\/o uso de una sustancia controlada] ser\u00e1n colocados en un estado autom\u00e1tico de p\u00e9rdida de privilegios por 45 d\u00edas.\u00a0<\/li><\/ol><\/li><li>Los privilegios incluyen, pero no se limitan a:<ul><li>Sadie Hawkins Baile, Baile de invierno, Baile de graduaci\u00f3n<\/li><li>Actividades para personas mayores (todas las actividades, incluida la Noche de Graduaci\u00f3n y la Ceremonia de Graduaci\u00f3n)<\/li><li>Privilegio de almuerzo fuera del campus para estudiantes de pen\u00faltimo y \u00faltimo a\u00f1o<\/li><li>Consejero de campamento para escuelas primarias<\/li><\/ul><\/li><\/ol><ul><li style=\"list-style-type: none;\">\u00a0<\/li><\/ul>\t\t\t\t\t\t\t\t<\/div>\n\t\t\t\t<\/div>\n\t\t\t\t<\/div>\n\t\t\t\t\t<\/div>\n\t\t<\/div>\n\t\t\t\t\t\t<\/div>\n\t\t\t\t<\/div>\n\t\t\t\t<\/div>\n\t\t\t\t<div class=\"elementor-element elementor-element-e501de2 elementor-widget__width-inherit elementor-widget elementor-widget-menu-anchor\" data-id=\"e501de2\" data-element_type=\"widget\" data-e-type=\"widget\" data-widget_type=\"menu-anchor.default\">\n\t\t\t\t<div class=\"elementor-widget-container\">\n\t\t\t\t\t\t\t<div class=\"elementor-menu-anchor\" id=\"history\"><\/div>\n\t\t\t\t\t\t<\/div>\n\t\t\t\t<\/div>\n\t\t<div class=\"elementor-element elementor-element-6abdc4d e-con-full e-flex e-con e-child\" data-id=\"6abdc4d\" data-element_type=\"container\" data-e-type=\"container\" data-settings=\"{&quot;background_background&quot;:&quot;classic&quot;}\">\n\t\t<div class=\"elementor-element elementor-element-9cbb601 e-con-full e-flex e-con e-child\" data-id=\"9cbb601\" data-element_type=\"container\" data-e-type=\"container\" data-settings=\"{&quot;background_background&quot;:&quot;classic&quot;}\">\n\t\t<div class=\"elementor-element elementor-element-81c8f7e e-con-full e-flex e-con e-child\" data-id=\"81c8f7e\" data-element_type=\"container\" data-e-type=\"container\" data-settings=\"{&quot;background_background&quot;:&quot;classic&quot;}\">\n\t\t\t\t<div class=\"elementor-element elementor-element-11e3649 elementor-widget elementor-widget-heading\" data-id=\"11e3649\" data-element_type=\"widget\" data-e-type=\"widget\" data-widget_type=\"heading.default\">\n\t\t\t\t<div class=\"elementor-widget-container\">\n\t\t\t\t\t<h2 class=\"elementor-heading-title elementor-size-default\">Historia de la escuela secundaria de Madera<\/h2>\t\t\t\t<\/div>\n\t\t\t\t<\/div>\n\t\t\t\t<div class=\"elementor-element elementor-element-ef345fb elementor-widget elementor-widget-heading\" data-id=\"ef345fb\" data-element_type=\"widget\" data-e-type=\"widget\" data-widget_type=\"heading.default\">\n\t\t\t\t<div class=\"elementor-widget-container\">\n\t\t\t\t\t<h2 class=\"elementor-heading-title elementor-size-default\">130 a\u00f1os de orgullo y tradici\u00f3n coyote<\/h2>\t\t\t\t<\/div>\n\t\t\t\t<\/div>\n\t\t\t\t<div class=\"elementor-element elementor-element-11224e5 elementor-widget elementor-widget-text-editor\" data-id=\"11224e5\" data-element_type=\"widget\" data-e-type=\"widget\" data-widget_type=\"text-editor.default\">\n\t\t\t\t<div class=\"elementor-widget-container\">\n\t\t\t\t\t\t\t\t\t<div><strong>La escuela ahora conocida como la escuela insignia es la Madera High original.<\/strong>\u00a0Ubicada en la esquina de las calles 6 y L, aproximadamente a una milla al sur del centro, la escuela prospera acad\u00e9micamente, con un aumento combinado de 58 puntos en su API en los \u00faltimos dos a\u00f1os. La s\u00f3lida tradici\u00f3n de esp\u00edritu y orgullo de la Preparatoria Madera perdurar\u00e1 por muchas generaciones.<\/div>\t\t\t\t\t\t\t\t<\/div>\n\t\t\t\t<\/div>\n\t\t\t\t<\/div>\n\t\t\t\t<div class=\"elementor-element elementor-element-97d95f0 elementor-widget__width-initial elementor-widget-mobile__width-inherit elementor-widget elementor-widget-video\" data-id=\"97d95f0\" data-element_type=\"widget\" data-e-type=\"widget\" data-settings=\"{&quot;youtube_url&quot;:&quot;https:\\\/\\\/youtu.be\\\/W0T137rMVHo&quot;,&quot;video_type&quot;:&quot;youtube&quot;,&quot;controls&quot;:&quot;yes&quot;}\" data-widget_type=\"video.default\">\n\t\t\t\t<div class=\"elementor-widget-container\">\n\t\t\t\t\t\t\t<div class=\"elementor-wrapper elementor-open-inline\">\n\t\t\t<div class=\"elementor-video\"><\/div>\t\t<\/div>\n\t\t\t\t\t\t<\/div>\n\t\t\t\t<\/div>\n\t\t\t\t<\/div>\n\t\t<div class=\"elementor-element elementor-element-5a48cbc e-con-full e-flex e-con e-child\" data-id=\"5a48cbc\" data-element_type=\"container\" data-e-type=\"container\" data-settings=\"{&quot;background_background&quot;:&quot;classic&quot;}\">\n\t\t<div class=\"elementor-element elementor-element-58423e5 e-con-full e-flex e-con e-child\" data-id=\"58423e5\" data-element_type=\"container\" data-e-type=\"container\" data-settings=\"{&quot;background_background&quot;:&quot;classic&quot;}\">\n\t\t\t\t<div class=\"elementor-element elementor-element-61aa10c elementor-widget__width-initial elementor-widget-mobile__width-initial elementor-widget-tablet__width-initial elementor-widget-mobile_extra__width-initial elementor-widget elementor-widget-image\" data-id=\"61aa10c\" data-element_type=\"widget\" data-e-type=\"widget\" data-widget_type=\"image.default\">\n\t\t\t\t<div class=\"elementor-widget-container\">\n\t\t\t\t\t\t\t\t\t\t\t\t\t\t\t<img decoding=\"async\" width=\"1751\" height=\"1065\" src=\"https:\/\/mhs.maderausd.org\/wp-content\/uploads\/MHS-Logos\/The-Originals_NO-background.svg\" class=\"attachment-full size-full wp-image-535\" alt=\"\" \/>\t\t\t\t\t\t\t\t\t\t\t\t\t\t\t<\/div>\n\t\t\t\t<\/div>\n\t\t<div class=\"elementor-element elementor-element-a204c42 e-con-full e-flex e-con e-child\" data-id=\"a204c42\" data-element_type=\"container\" data-e-type=\"container\" data-settings=\"{&quot;background_background&quot;:&quot;classic&quot;}\">\n\t\t\t\t<div class=\"elementor-element elementor-element-40e432c elementor-widget__width-auto elementor-widget elementor-widget-heading\" data-id=\"40e432c\" data-element_type=\"widget\" data-e-type=\"widget\" data-widget_type=\"heading.default\">\n\t\t\t\t<div class=\"elementor-widget-container\">\n\t\t\t\t\t<h2 class=\"elementor-heading-title elementor-size-default\">Alma Mater de la escuela secundaria Madera<\/h2>\t\t\t\t<\/div>\n\t\t\t\t<\/div>\n\t\t\t\t<div class=\"elementor-element elementor-element-c0d175c elementor-widget elementor-widget-text-editor\" data-id=\"c0d175c\" data-element_type=\"widget\" data-e-type=\"widget\" data-widget_type=\"text-editor.default\">\n\t\t\t\t<div class=\"elementor-widget-container\">\n\t\t\t\t\t\t\t\t\t<p>Saludos a Madera,<br \/>Todo sea a tu nombre,<br \/>Nuestros colores siempre victoriosos, <br \/>Nuestro amor siempre es el mismo,<br \/>A ti te prometemos nuestra lealtad<br \/>Que nunca fracasemos.<br \/>Tu nombre sea siempre glorioso,<br \/>\u00a1Salve, salve, salve!<\/p>\t\t\t\t\t\t\t\t<\/div>\n\t\t\t\t<\/div>\n\t\t\t\t<\/div>\n\t\t\t\t<\/div>\n\t\t\t\t<\/div>\n\t\t<div class=\"elementor-element elementor-element-1ca70f2 e-con-full e-flex e-con e-child\" data-id=\"1ca70f2\" data-element_type=\"container\" data-e-type=\"container\" data-settings=\"{&quot;background_background&quot;:&quot;gradient&quot;}\">\n\t\t\t\t<div class=\"elementor-element elementor-element-0c1791b elementor-widget__width-inherit elementor-widget elementor-widget-timeline-widget-addon\" data-id=\"0c1791b\" data-element_type=\"widget\" data-e-type=\"widget\" data-widget_type=\"timeline-widget-addon.default\">\n\t\t\t\t<div class=\"elementor-widget-container\">\n\t\t\t\t\t<!-- ========= Timeline Widget  Addon For Elementor 1.6.19 ========= -->\n<div id=\"twae-wrapper-0c1791b\" class=\"twae-wrapper twae-horizontal-timeline\">\n<div class=\"twae-wrapper-inside\">\n <div id=\"twae-slider-container-0c1791b\" data-dir=\"\" data-slidestoshow=\"4\" data-autoplay=\"false\" data-auto-height=\"true\" class=\"twae-slider-container swiper-container\">\n <div  class=\"twae-slider-wrapper swiper-wrapper no-height\"><!-- Start of Story Repeater Content --><div id=\"twae-article-4a0ea7a\" class=\"twae-repeater-item twae-story swiper-slide twae-story-no-icon\"><!-- Story Label --><div class=\"twae-labels\"><div class=\"twae-label-big\">1883<\/div><\/div><!-- Story Icon Dot --><div class=\"twae-icondot\"><\/div><!-- Story Arrow --><div class=\"twae-arrow\"><\/div><!-- Start of Story Content --><div class=\"twae-content\"><!-- Story Image --><div class=\"twae-media large\"><img loading=\"lazy\" decoding=\"async\" width=\"1024\" height=\"635\" src=\"https:\/\/mhs.maderausd.org\/wp-content\/uploads\/History\/1885-Eastside-School-1024x635.webp\" class=\"attachment-large size-large\" alt=\"Eastside School, la primera escuela en Madera\" srcset=\"https:\/\/mhs.maderausd.org\/wp-content\/uploads\/History\/1885-Eastside-School-1024x635.webp 1024w, https:\/\/mhs.maderausd.org\/wp-content\/uploads\/History\/1885-Eastside-School-300x186.webp 300w, https:\/\/mhs.maderausd.org\/wp-content\/uploads\/History\/1885-Eastside-School-768x476.webp 768w, https:\/\/mhs.maderausd.org\/wp-content\/uploads\/History\/1885-Eastside-School-1536x953.webp 1536w, https:\/\/mhs.maderausd.org\/wp-content\/uploads\/History\/1885-Eastside-School-18x12.webp 18w, https:\/\/mhs.maderausd.org\/wp-content\/uploads\/History\/1885-Eastside-School.webp 1920w\" sizes=\"(max-width: 1024px) 100vw, 1024px\" \/><\/div><!-- Story Title --><div class=\"twae-title\">La escuela secundaria original<\/div><!-- Story Description --><div class=\"twae-description\"><p style=\"text-align: left\">Tras la divisi\u00f3n de los condados de Fresno y Madera en 1893, los nuevos habitantes de Madera presentaron una petici\u00f3n en la Secretar\u00eda del Condado, firmada por unos 150 habitantes de Madera, instando a la organizaci\u00f3n de una escuela preparatoria de cuatro a\u00f1os. En 1893, la Junta de Educaci\u00f3n original del Condado de Madera dispuso la organizaci\u00f3n de una escuela secundaria.<\/p><\/div><\/div><\/div><!-- Start of Story Repeater Content --><div id=\"twae-article-4a642e8\" class=\"twae-repeater-item twae-story swiper-slide twae-story-no-icon\"><!-- Story Label --><div class=\"twae-labels\"><div class=\"twae-label-big twae-label-big\">1894<\/div><\/div><!-- Story Icon Dot --><div class=\"twae-icondot\"><\/div><!-- Story Arrow --><div class=\"twae-arrow\"><\/div><!-- Start of Story Content --><div class=\"twae-content\"><!-- Story Image --><div class=\"twae-media large\"><img loading=\"lazy\" decoding=\"async\" width=\"1024\" height=\"711\" src=\"https:\/\/mhs.maderausd.org\/wp-content\/uploads\/History\/1892-Westside-School-1024x711.webp\" class=\"attachment-large size-large\" alt=\"La escuela Westside en 1892\" srcset=\"https:\/\/mhs.maderausd.org\/wp-content\/uploads\/History\/1892-Westside-School-1024x711.webp 1024w, https:\/\/mhs.maderausd.org\/wp-content\/uploads\/History\/1892-Westside-School-300x208.webp 300w, https:\/\/mhs.maderausd.org\/wp-content\/uploads\/History\/1892-Westside-School-768x533.webp 768w, https:\/\/mhs.maderausd.org\/wp-content\/uploads\/History\/1892-Westside-School-1536x1066.webp 1536w, https:\/\/mhs.maderausd.org\/wp-content\/uploads\/History\/1892-Westside-School-18x12.webp 18w, https:\/\/mhs.maderausd.org\/wp-content\/uploads\/History\/1892-Westside-School.webp 1920w\" sizes=\"(max-width: 1024px) 100vw, 1024px\" \/><\/div><!-- Story Title --><div class=\"twae-title twae-title\">Escuela secundaria Westside remodelada<\/div><!-- Story Description --><div class=\"twae-description twae-description\"><p style=\"text-align: left\">El gran edificio de madera conocido como Westside Grammar School, ubicado en la calle Sexta entre M y N, fue remodelado; los pasillos y el guardarropa se convirtieron en laboratorios y se proporcionaron instalaciones para un grupo de diez estudiantes de secundaria que ingresaron en el oto\u00f1o de 1894 como la clase de 1897. Cuando MHS abri\u00f3, solo se requer\u00edan tres a\u00f1os para que cada estudiante se graduara: los estudiantes de primer a\u00f1o se llamaban Juniors, seguidos por los Middlers y, por \u00faltimo, los Seniors.<\/p><\/div><\/div><\/div><!-- Start of Story Repeater Content --><div id=\"twae-article-9ff52db\" class=\"twae-repeater-item twae-story swiper-slide twae-story-no-icon\"><!-- Story Label --><div class=\"twae-labels\"><div class=\"twae-label-big twae-label-big twae-label-big\">1902<\/div><\/div><!-- Story Icon Dot --><div class=\"twae-icondot\"><\/div><!-- Story Arrow --><div class=\"twae-arrow\"><\/div><!-- Start of Story Content --><div class=\"twae-content\"><!-- Story Image --><div class=\"twae-media large\"><img loading=\"lazy\" decoding=\"async\" width=\"1024\" height=\"588\" src=\"https:\/\/mhs.maderausd.org\/wp-content\/uploads\/History\/1904-1917-MHS-1024x588.webp\" class=\"attachment-large size-large\" alt=\"Escuela Secundaria de Madera\" srcset=\"https:\/\/mhs.maderausd.org\/wp-content\/uploads\/History\/1904-1917-MHS-1024x588.webp 1024w, https:\/\/mhs.maderausd.org\/wp-content\/uploads\/History\/1904-1917-MHS-300x172.webp 300w, https:\/\/mhs.maderausd.org\/wp-content\/uploads\/History\/1904-1917-MHS-768x441.webp 768w, https:\/\/mhs.maderausd.org\/wp-content\/uploads\/History\/1904-1917-MHS-1536x883.webp 1536w, https:\/\/mhs.maderausd.org\/wp-content\/uploads\/History\/1904-1917-MHS-18x10.webp 18w, https:\/\/mhs.maderausd.org\/wp-content\/uploads\/History\/1904-1917-MHS.webp 1594w\" sizes=\"(max-width: 1024px) 100vw, 1024px\" \/><\/div><!-- Story Title --><div class=\"twae-title twae-title twae-title\">Escuela secundaria Madera Union<\/div><!-- Story Description --><div class=\"twae-description twae-description twae-description\"><p style=\"text-align: left\">\u00a0En 1902, la escuela recibi\u00f3 el nombre oficial de Madera Union High School, nombre con el que se conoci\u00f3 a la escuela hasta 1966.<\/p><\/div><\/div><\/div><!-- Start of Story Repeater Content --><div id=\"twae-article-6d95601\" class=\"twae-repeater-item twae-story swiper-slide twae-story-no-icon\"><!-- Story Label --><div class=\"twae-labels\"><div class=\"twae-label-big twae-label-big twae-label-big twae-label-big\">1904<\/div><\/div><!-- Story Icon Dot --><div class=\"twae-icondot\"><\/div><!-- Story Arrow --><div class=\"twae-arrow\"><\/div><!-- Start of Story Content --><div class=\"twae-content\"><!-- Story Image --><div class=\"twae-media large\"><img loading=\"lazy\" decoding=\"async\" width=\"224\" height=\"155\" src=\"https:\/\/mhs.maderausd.org\/wp-content\/uploads\/History\/Old_Main.webp\" class=\"attachment-large size-large\" alt=\"Antiguo edificio principal de MHS\" srcset=\"https:\/\/mhs.maderausd.org\/wp-content\/uploads\/History\/Old_Main.webp 224w, https:\/\/mhs.maderausd.org\/wp-content\/uploads\/History\/Old_Main-18x12.webp 18w\" sizes=\"(max-width: 224px) 100vw, 224px\" \/><\/div><!-- Story Title --><div class=\"twae-title twae-title twae-title twae-title\">Antiguo edificio principal de MHS<\/div><!-- Story Description --><div class=\"twae-description twae-description twae-description twae-description\"><p style=\"text-align: left\">En 1904, se construy\u00f3 un nuevo edificio de ladrillo de estilo similar, apodado el &quot;Edificio Principal&quot;, en las calles Sexta y L. Utilizando materiales del condado de Madera, como m\u00e1rmol y ladrillo, se construy\u00f3 esta escuela secundaria de estilo misi\u00f3n, de dos pisos y ocho aulas, que inclu\u00eda un sal\u00f3n de actos (18,24 m x 9,14 m). En 1976, el Edificio Principal fue demolido por no cumplir con las normas antis\u00edsmicas. Este edificio se alzaba donde ahora se encuentra el &quot;Pozo&quot;.<\/p><\/div><\/div><\/div><!-- Start of Story Repeater Content --><div id=\"twae-article-99d9515\" class=\"twae-repeater-item twae-story swiper-slide twae-story-no-icon\"><!-- Story Label --><div class=\"twae-labels\"><div class=\"twae-label-big twae-label-big twae-label-big twae-label-big twae-label-big\">1913<\/div><\/div><!-- Story Icon Dot --><div class=\"twae-icondot\"><\/div><!-- Story Arrow --><div class=\"twae-arrow\"><\/div><!-- Start of Story Content --><div class=\"twae-content\"><!-- Story Title --><div class=\"twae-title twae-title twae-title twae-title twae-title\">El Anexo<\/div><!-- Story Description --><div class=\"twae-description twae-description twae-description twae-description twae-description\"><p style=\"text-align: left\">Anexo al edificio principal con tienda, taller de reparaci\u00f3n de autobuses y clases de ciencias.<\/p><\/div><\/div><\/div><!-- Start of Story Repeater Content --><div id=\"twae-article-c4a83de\" class=\"twae-repeater-item twae-story swiper-slide twae-story-no-icon\"><!-- Story Label --><div class=\"twae-labels\"><div class=\"twae-label-big twae-label-big twae-label-big twae-label-big twae-label-big twae-label-big\">1917<\/div><\/div><!-- Story Icon Dot --><div class=\"twae-icondot\"><\/div><!-- Story Arrow --><div class=\"twae-arrow\"><\/div><!-- Start of Story Content --><div class=\"twae-content\"><!-- Story Image --><div class=\"twae-media large\"><img loading=\"lazy\" decoding=\"async\" width=\"1024\" height=\"815\" src=\"https:\/\/mhs.maderausd.org\/wp-content\/uploads\/History\/1915-MHS-Graduation-1024x815.webp\" class=\"attachment-large size-large\" alt=\"Clase de graduaci\u00f3n de 1915\" srcset=\"https:\/\/mhs.maderausd.org\/wp-content\/uploads\/History\/1915-MHS-Graduation-1024x815.webp 1024w, https:\/\/mhs.maderausd.org\/wp-content\/uploads\/History\/1915-MHS-Graduation-300x239.webp 300w, https:\/\/mhs.maderausd.org\/wp-content\/uploads\/History\/1915-MHS-Graduation-768x611.webp 768w, https:\/\/mhs.maderausd.org\/wp-content\/uploads\/History\/1915-MHS-Graduation-1536x1222.webp 1536w, https:\/\/mhs.maderausd.org\/wp-content\/uploads\/History\/1915-MHS-Graduation-15x12.webp 15w, https:\/\/mhs.maderausd.org\/wp-content\/uploads\/History\/1915-MHS-Graduation.webp 1594w\" sizes=\"(max-width: 1024px) 100vw, 1024px\" \/><\/div><!-- Story Title --><div class=\"twae-title twae-title twae-title twae-title twae-title twae-title\">El fuego destruye el antiguo edificio<\/div><!-- Story Description --><div class=\"twae-description twae-description twae-description twae-description twae-description twae-description\"><p style=\"text-align: left\">El domingo 12 de agosto de 1917, un incendio destruy\u00f3 la vieja estructura de madera que serv\u00eda de instituto temporal. El dinero del seguro de esta estructura, que ascend\u00eda a m\u00e1s de 1 TP4T7,000, se utiliz\u00f3 para construir un gimnasio de madera. Este gimnasio fue durante diecisiete a\u00f1os el \u00fanico edificio para baloncesto y educaci\u00f3n f\u00edsica masculina y femenina.\u00a0<\/p><\/div><\/div><\/div><!-- Start of Story Repeater Content --><div id=\"twae-article-41ca515\" class=\"twae-repeater-item twae-story swiper-slide twae-story-no-icon\"><!-- Story Label --><div class=\"twae-labels\"><div class=\"twae-label-big twae-label-big twae-label-big twae-label-big twae-label-big twae-label-big twae-label-big\">1920<\/div><\/div><!-- Story Icon Dot --><div class=\"twae-icondot\"><\/div><!-- Story Arrow --><div class=\"twae-arrow\"><\/div><!-- Start of Story Content --><div class=\"twae-content\"><!-- Story Image --><div class=\"twae-media large\"><img loading=\"lazy\" decoding=\"async\" width=\"564\" height=\"350\" src=\"https:\/\/mhs.maderausd.org\/wp-content\/uploads\/History\/SMaderaHS.webp\" class=\"attachment-large size-large\" alt=\"Antiguo edificio principal de MHS\" srcset=\"https:\/\/mhs.maderausd.org\/wp-content\/uploads\/History\/SMaderaHS.webp 564w, https:\/\/mhs.maderausd.org\/wp-content\/uploads\/History\/SMaderaHS-300x186.webp 300w, https:\/\/mhs.maderausd.org\/wp-content\/uploads\/History\/SMaderaHS-18x12.webp 18w\" sizes=\"(max-width: 564px) 100vw, 564px\" \/><\/div><!-- Story Title --><div class=\"twae-title twae-title twae-title twae-title twae-title twae-title twae-title\">El Auditorio<\/div><!-- Story Description --><div class=\"twae-description twae-description twae-description twae-description twae-description twae-description twae-description\"><p style=\"text-align: left\">El auditorio, con capacidad para 700 personas, funcion\u00f3 hasta 1940, cuando se qued\u00f3 peque\u00f1o y fue condenado.<\/p><\/div><\/div><\/div><!-- Start of Story Repeater Content --><div id=\"twae-article-10df5bb\" class=\"twae-repeater-item twae-story swiper-slide twae-story-no-icon\"><!-- Story Label --><div class=\"twae-labels\"><div class=\"twae-label-big twae-label-big twae-label-big twae-label-big twae-label-big twae-label-big twae-label-big twae-label-big\">1925<\/div><\/div><!-- Story Icon Dot --><div class=\"twae-icondot\"><\/div><!-- Story Arrow --><div class=\"twae-arrow\"><\/div><!-- Start of Story Content --><div class=\"twae-content\"><!-- Story Title --><div class=\"twae-title twae-title twae-title twae-title twae-title twae-title twae-title twae-title\">La Unidad de Agricultura<\/div><!-- Story Description --><div class=\"twae-description twae-description twae-description twae-description twae-description twae-description twae-description twae-description\"><p style=\"text-align: left\">Unidad agr\u00edcola con dos sectores principales y un corredor de conexi\u00f3n rodeado de paisajismo.<\/p><\/div><\/div><\/div><!-- Start of Story Repeater Content --><div id=\"twae-article-4eae755\" class=\"twae-repeater-item twae-story swiper-slide twae-story-no-icon\"><!-- Story Label --><div class=\"twae-labels\"><div class=\"twae-label-big twae-label-big twae-label-big twae-label-big twae-label-big twae-label-big twae-label-big twae-label-big twae-label-big\">1925<\/div><\/div><!-- Story Icon Dot --><div class=\"twae-icondot\"><\/div><!-- Story Arrow --><div class=\"twae-arrow\"><\/div><!-- Start of Story Content --><div class=\"twae-content\"><!-- Story Image --><div class=\"twae-media large\"><img loading=\"lazy\" decoding=\"async\" width=\"500\" height=\"712\" src=\"https:\/\/mhs.maderausd.org\/wp-content\/uploads\/History\/1925-Maderan-Staff-web.webp\" class=\"attachment-large size-large\" alt=\"Fotograf\u00edas del personal del peri\u00f3dico escolar de Maderan\" srcset=\"https:\/\/mhs.maderausd.org\/wp-content\/uploads\/History\/1925-Maderan-Staff-web.webp 500w, https:\/\/mhs.maderausd.org\/wp-content\/uploads\/History\/1925-Maderan-Staff-web-211x300.webp 211w, https:\/\/mhs.maderausd.org\/wp-content\/uploads\/History\/1925-Maderan-Staff-web-8x12.webp 8w\" sizes=\"(max-width: 500px) 100vw, 500px\" \/><\/div><!-- Story Title --><div class=\"twae-title twae-title twae-title twae-title twae-title twae-title twae-title twae-title twae-title\">La clase de periodismo<\/div><!-- Story Description --><div class=\"twae-description twae-description twae-description twae-description twae-description twae-description twae-description twae-description twae-description\"><p style=\"text-align: left\">La clase de periodismo de Madera Union High School public\u00f3 <em>El Maderan.<\/em><\/p><\/div><\/div><\/div><!-- Start of Story Repeater Content --><div id=\"twae-article-eb043d4\" class=\"twae-repeater-item twae-story swiper-slide twae-story-no-icon\"><!-- Story Label --><div class=\"twae-labels\"><div class=\"twae-label-big twae-label-big twae-label-big twae-label-big twae-label-big twae-label-big twae-label-big twae-label-big twae-label-big twae-label-big\">1925<\/div><\/div><!-- Story Icon Dot --><div class=\"twae-icondot\"><\/div><!-- Story Arrow --><div class=\"twae-arrow\"><\/div><!-- Start of Story Content --><div class=\"twae-content\"><!-- Story Image --><div class=\"twae-media large\"><img loading=\"lazy\" decoding=\"async\" width=\"500\" height=\"676\" src=\"https:\/\/mhs.maderausd.org\/wp-content\/uploads\/History\/1925-Maderan-web.webp\" class=\"attachment-large size-large\" alt=\"Detalles de la clase de periodismo de 1925\" srcset=\"https:\/\/mhs.maderausd.org\/wp-content\/uploads\/History\/1925-Maderan-web.webp 500w, https:\/\/mhs.maderausd.org\/wp-content\/uploads\/History\/1925-Maderan-web-222x300.webp 222w, https:\/\/mhs.maderausd.org\/wp-content\/uploads\/History\/1925-Maderan-web-9x12.webp 9w\" sizes=\"(max-width: 500px) 100vw, 500px\" \/><\/div><!-- Story Title --><div class=\"twae-title twae-title twae-title twae-title twae-title twae-title twae-title twae-title twae-title twae-title\">El Maderan<\/div><!-- Story Description --><div class=\"twae-description twae-description twae-description twae-description twae-description twae-description twae-description twae-description twae-description twae-description\"><p style=\"text-align: left\">La clase de periodismo de Madera Union High School public\u00f3 <em>El Maderan.<\/em><\/p><\/div><\/div><\/div><!-- Start of Story Repeater Content --><div id=\"twae-article-9521e3d\" class=\"twae-repeater-item twae-story swiper-slide twae-story-no-icon\"><!-- Story Label --><div class=\"twae-labels\"><div class=\"twae-label-big twae-label-big twae-label-big twae-label-big twae-label-big twae-label-big twae-label-big twae-label-big twae-label-big twae-label-big twae-label-big\">1931<\/div><\/div><!-- Story Icon Dot --><div class=\"twae-icondot\"><\/div><!-- Story Arrow --><div class=\"twae-arrow\"><\/div><!-- Start of Story Content --><div class=\"twae-content\"><!-- Story Image --><div class=\"twae-media large\"><img loading=\"lazy\" decoding=\"async\" width=\"754\" height=\"576\" src=\"https:\/\/mhs.maderausd.org\/wp-content\/uploads\/History\/MHS-1927.webp\" class=\"attachment-large size-large\" alt=\"Clase de MHS de 1927\" srcset=\"https:\/\/mhs.maderausd.org\/wp-content\/uploads\/History\/MHS-1927.webp 754w, https:\/\/mhs.maderausd.org\/wp-content\/uploads\/History\/MHS-1927-300x229.webp 300w, https:\/\/mhs.maderausd.org\/wp-content\/uploads\/History\/MHS-1927-16x12.webp 16w\" sizes=\"(max-width: 754px) 100vw, 754px\" \/><\/div><!-- Story Title --><div class=\"twae-title twae-title twae-title twae-title twae-title twae-title twae-title twae-title twae-title twae-title twae-title\">La tienda de transporte<\/div><!-- Story Description --><div class=\"twae-description twae-description twae-description twae-description twae-description twae-description twae-description twae-description twae-description twae-description twae-description\"><p style=\"text-align: left\">Se construye un taller de transporte y un aula en la esquina de las calles Sexta y L por $50,000.<\/p><\/div><\/div><\/div><!-- Start of Story Repeater Content --><div id=\"twae-article-17074cc\" class=\"twae-repeater-item twae-story swiper-slide twae-story-no-icon\"><!-- Story Label --><div class=\"twae-labels\"><div class=\"twae-label-big twae-label-big twae-label-big twae-label-big twae-label-big twae-label-big twae-label-big twae-label-big twae-label-big twae-label-big twae-label-big twae-label-big\">1937<\/div><\/div><!-- Story Icon Dot --><div class=\"twae-icondot\"><\/div><!-- Story Arrow --><div class=\"twae-arrow\"><\/div><!-- Start of Story Content --><div class=\"twae-content\"><!-- Story Title --><div class=\"twae-title twae-title twae-title twae-title twae-title twae-title twae-title twae-title twae-title twae-title twae-title twae-title\">El fuego destruye el gimnasio<\/div><!-- Story Description --><div class=\"twae-description twae-description twae-description twae-description twae-description twae-description twae-description twae-description twae-description twae-description twae-description twae-description\"><p style=\"text-align: left\">El 2 de febrero de 1937, un incendio destruy\u00f3 el gimnasio de madera. En 1937, se construy\u00f3 un gimnasio moderno, conocido como el &quot;Gimnasio Norte&quot;. En 1974, este gimnasio recibi\u00f3 el nombre de Joe Flores, conserje durante muchos a\u00f1os.<\/p><\/div><\/div><\/div><!-- Start of Story Repeater Content --><div id=\"twae-article-436a361\" class=\"twae-repeater-item twae-story swiper-slide twae-story-no-icon\"><!-- Story Label --><div class=\"twae-labels\"><div class=\"twae-label-big twae-label-big twae-label-big twae-label-big twae-label-big twae-label-big twae-label-big twae-label-big twae-label-big twae-label-big twae-label-big twae-label-big twae-label-big\">1940<\/div><\/div><!-- Story Icon Dot --><div class=\"twae-icondot\"><\/div><!-- Story Arrow --><div class=\"twae-arrow\"><\/div><!-- Start of Story Content --><div class=\"twae-content\"><!-- Story Image --><div class=\"twae-media large\"><img loading=\"lazy\" decoding=\"async\" width=\"600\" height=\"400\" src=\"https:\/\/mhs.maderausd.org\/wp-content\/uploads\/History\/colorized-old-MHS.webp\" class=\"attachment-large size-large\" alt=\"Antiguo edificio principal de MHS\" srcset=\"https:\/\/mhs.maderausd.org\/wp-content\/uploads\/History\/colorized-old-MHS.webp 600w, https:\/\/mhs.maderausd.org\/wp-content\/uploads\/History\/colorized-old-MHS-300x200.webp 300w, https:\/\/mhs.maderausd.org\/wp-content\/uploads\/History\/colorized-old-MHS-18x12.webp 18w\" sizes=\"(max-width: 600px) 100vw, 600px\" \/><\/div><!-- Story Title --><div class=\"twae-title twae-title twae-title twae-title twae-title twae-title twae-title twae-title twae-title twae-title twae-title twae-title twae-title\">Edificio de Ciencias<\/div><!-- Story Description --><div class=\"twae-description twae-description twae-description twae-description twae-description twae-description twae-description twae-description twae-description twae-description twae-description twae-description twae-description\"><p style=\"text-align: left\">El edificio de Ciencias se construy\u00f3 por $65.000.<\/p><\/div><\/div><\/div><!-- Start of Story Repeater Content --><div id=\"twae-article-b9dfaa1\" class=\"twae-repeater-item twae-story swiper-slide twae-story-no-icon\"><!-- Story Label --><div class=\"twae-labels\"><div class=\"twae-label-big twae-label-big twae-label-big twae-label-big twae-label-big twae-label-big twae-label-big twae-label-big twae-label-big twae-label-big twae-label-big twae-label-big twae-label-big twae-label-big\">1947<\/div><\/div><!-- Story Icon Dot --><div class=\"twae-icondot\"><\/div><!-- Story Arrow --><div class=\"twae-arrow\"><\/div><!-- Start of Story Content --><div class=\"twae-content\"><!-- Story Title --><div class=\"twae-title twae-title twae-title twae-title twae-title twae-title twae-title twae-title twae-title twae-title twae-title twae-title twae-title twae-title\">Campo de atletismo<\/div><!-- Story Description --><div class=\"twae-description twae-description twae-description twae-description twae-description twae-description twae-description twae-description twae-description twae-description twae-description twae-description twae-description twae-description\"><p style=\"text-align: left\">Se construy\u00f3 un campo de atletismo con un costo de $6,000. Este inclu\u00eda un campo de b\u00e9isbol iluminado, una pista de atletismo y un \u00e1rea de f\u00fatbol americano con capacidad para 6,000 personas.<\/p><\/div><\/div><\/div><!-- Start of Story Repeater Content --><div id=\"twae-article-62f91d9\" class=\"twae-repeater-item twae-story swiper-slide twae-story-no-icon\"><!-- Story Label --><div class=\"twae-labels\"><div class=\"twae-label-big twae-label-big twae-label-big twae-label-big twae-label-big twae-label-big twae-label-big twae-label-big twae-label-big twae-label-big twae-label-big twae-label-big twae-label-big twae-label-big twae-label-big\">1950<\/div><\/div><!-- Story Icon Dot --><div class=\"twae-icondot\"><\/div><!-- Story Arrow --><div class=\"twae-arrow\"><\/div><!-- Start of Story Content --><div class=\"twae-content\"><!-- Story Image --><div class=\"twae-media large\"><img loading=\"lazy\" decoding=\"async\" width=\"800\" height=\"539\" src=\"https:\/\/mhs.maderausd.org\/wp-content\/uploads\/History\/1950-edited-web.webp\" class=\"attachment-large size-large\" alt=\"nuevo edificio de artes industriales\" srcset=\"https:\/\/mhs.maderausd.org\/wp-content\/uploads\/History\/1950-edited-web.webp 800w, https:\/\/mhs.maderausd.org\/wp-content\/uploads\/History\/1950-edited-web-300x202.webp 300w, https:\/\/mhs.maderausd.org\/wp-content\/uploads\/History\/1950-edited-web-768x517.webp 768w, https:\/\/mhs.maderausd.org\/wp-content\/uploads\/History\/1950-edited-web-18x12.webp 18w\" sizes=\"(max-width: 800px) 100vw, 800px\" \/><\/div><!-- Story Title --><div class=\"twae-title twae-title twae-title twae-title twae-title twae-title twae-title twae-title twae-title twae-title twae-title twae-title twae-title twae-title twae-title\">Complejo de Artes Industriales<\/div><!-- Story Description --><div class=\"twae-description twae-description twae-description twae-description twae-description twae-description twae-description twae-description twae-description twae-description twae-description twae-description twae-description twae-description twae-description\"><p style=\"text-align: left\">El complejo de Artes Industriales se construy\u00f3 por $176,000 incluido el equipamiento.<\/p><\/div><\/div><\/div><!-- Start of Story Repeater Content --><div id=\"twae-article-c9183c0\" class=\"twae-repeater-item twae-story swiper-slide twae-story-no-icon\"><!-- Story Label --><div class=\"twae-labels\"><div class=\"twae-label-big twae-label-big twae-label-big twae-label-big twae-label-big twae-label-big twae-label-big twae-label-big twae-label-big twae-label-big twae-label-big twae-label-big twae-label-big twae-label-big twae-label-big twae-label-big\">1950<\/div><\/div><!-- Story Icon Dot --><div class=\"twae-icondot\"><\/div><!-- Story Arrow --><div class=\"twae-arrow\"><\/div><!-- Start of Story Content --><div class=\"twae-content\"><!-- Story Image --><div class=\"twae-media large\"><img loading=\"lazy\" decoding=\"async\" width=\"800\" height=\"541\" src=\"https:\/\/mhs.maderausd.org\/wp-content\/uploads\/History\/1950b-edited-web.webp\" class=\"attachment-large size-large\" alt=\"Anuncios del anuario de 1950\" srcset=\"https:\/\/mhs.maderausd.org\/wp-content\/uploads\/History\/1950b-edited-web.webp 800w, https:\/\/mhs.maderausd.org\/wp-content\/uploads\/History\/1950b-edited-web-300x203.webp 300w, https:\/\/mhs.maderausd.org\/wp-content\/uploads\/History\/1950b-edited-web-768x519.webp 768w, https:\/\/mhs.maderausd.org\/wp-content\/uploads\/History\/1950b-edited-web-18x12.webp 18w\" sizes=\"(max-width: 800px) 100vw, 800px\" \/><\/div><!-- Story Title --><div class=\"twae-title twae-title twae-title twae-title twae-title twae-title twae-title twae-title twae-title twae-title twae-title twae-title twae-title twae-title twae-title twae-title\">Anuncios del anuario<\/div><!-- Story Description --><div class=\"twae-description twae-description twae-description twae-description twae-description twae-description twae-description twae-description twae-description twae-description twae-description twae-description twae-description twae-description twae-description twae-description\"><p style=\"text-align: left\">Anuncios del anuario en 1950.<\/p><\/div><\/div><\/div><!-- Start of Story Repeater Content --><div id=\"twae-article-50d1e1a\" class=\"twae-repeater-item twae-story swiper-slide twae-story-no-icon\"><!-- Story Label --><div class=\"twae-labels\"><div class=\"twae-label-big twae-label-big twae-label-big twae-label-big twae-label-big twae-label-big twae-label-big twae-label-big twae-label-big twae-label-big twae-label-big twae-label-big twae-label-big twae-label-big twae-label-big twae-label-big twae-label-big\">1953<\/div><\/div><!-- Story Icon Dot --><div class=\"twae-icondot\"><\/div><!-- Story Arrow --><div class=\"twae-arrow\"><\/div><!-- Start of Story Content --><div class=\"twae-content\"><!-- Story Title --><div class=\"twae-title twae-title twae-title twae-title twae-title twae-title twae-title twae-title twae-title twae-title twae-title twae-title twae-title twae-title twae-title twae-title twae-title\">3 acres comprados<\/div><!-- Story Description --><div class=\"twae-description twae-description twae-description twae-description twae-description twae-description twae-description twae-description twae-description twae-description twae-description twae-description twae-description twae-description twae-description twae-description twae-description\"><p style=\"text-align: left\">Se compraron 3 acres en la esquina de las calles Octava y L.<\/p><\/div><\/div><\/div><!-- Start of Story Repeater Content --><div id=\"twae-article-8c425e3\" class=\"twae-repeater-item twae-story swiper-slide twae-story-no-icon\"><!-- Story Label --><div class=\"twae-labels\"><div class=\"twae-label-big twae-label-big twae-label-big twae-label-big twae-label-big twae-label-big twae-label-big twae-label-big twae-label-big twae-label-big twae-label-big twae-label-big twae-label-big twae-label-big twae-label-big twae-label-big twae-label-big twae-label-big\">1954<\/div><\/div><!-- Story Icon Dot --><div class=\"twae-icondot\"><\/div><!-- Story Arrow --><div class=\"twae-arrow\"><\/div><!-- Start of Story Content --><div class=\"twae-content\"><!-- Story Image --><div class=\"twae-media large\"><img loading=\"lazy\" decoding=\"async\" width=\"800\" height=\"534\" src=\"https:\/\/mhs.maderausd.org\/wp-content\/uploads\/History\/1954-edited-web.webp\" class=\"attachment-large size-large\" alt=\"Gimnasio\" srcset=\"https:\/\/mhs.maderausd.org\/wp-content\/uploads\/History\/1954-edited-web.webp 800w, https:\/\/mhs.maderausd.org\/wp-content\/uploads\/History\/1954-edited-web-300x200.webp 300w, https:\/\/mhs.maderausd.org\/wp-content\/uploads\/History\/1954-edited-web-768x513.webp 768w, https:\/\/mhs.maderausd.org\/wp-content\/uploads\/History\/1954-edited-web-18x12.webp 18w\" sizes=\"(max-width: 800px) 100vw, 800px\" \/><\/div><!-- Story Title --><div class=\"twae-title twae-title twae-title twae-title twae-title twae-title twae-title twae-title twae-title twae-title twae-title twae-title twae-title twae-title twae-title twae-title twae-title twae-title\">Edificio de Econom\u00eda Dom\u00e9stica y Biblioteca<\/div><!-- Story Description --><div class=\"twae-description twae-description twae-description twae-description twae-description twae-description twae-description twae-description twae-description twae-description twae-description twae-description twae-description twae-description twae-description twae-description twae-description twae-description\"><p style=\"text-align: left\">Edificio de Econom\u00eda Dom\u00e9stica que albergaba clases de lenguas extranjeras, ciencias sociales y matem\u00e1ticas, construido por $375,000.<\/p><p style=\"text-align: left\">La biblioteca se traslad\u00f3 a su ubicaci\u00f3n actual. Lleva el nombre de la Sra. Vivian Wiegand, quien fue bibliotecaria durante 33 a\u00f1os.<\/p><\/div><\/div><\/div><!-- Start of Story Repeater Content --><div id=\"twae-article-e219e3a\" class=\"twae-repeater-item twae-story swiper-slide twae-story-no-icon\"><!-- Story Label --><div class=\"twae-labels\"><div class=\"twae-label-big twae-label-big twae-label-big twae-label-big twae-label-big twae-label-big twae-label-big twae-label-big twae-label-big twae-label-big twae-label-big twae-label-big twae-label-big twae-label-big twae-label-big twae-label-big twae-label-big twae-label-big twae-label-big\">1956<\/div><\/div><!-- Story Icon Dot --><div class=\"twae-icondot\"><\/div><!-- Story Arrow --><div class=\"twae-arrow\"><\/div><!-- Start of Story Content --><div class=\"twae-content\"><!-- Story Image --><div class=\"twae-media large\"><img loading=\"lazy\" decoding=\"async\" width=\"800\" height=\"511\" src=\"https:\/\/mhs.maderausd.org\/wp-content\/uploads\/History\/1956b-edited-web.webp\" class=\"attachment-large size-large\" alt=\"Escuela Secundaria Madera Union en 1956\" srcset=\"https:\/\/mhs.maderausd.org\/wp-content\/uploads\/History\/1956b-edited-web.webp 800w, https:\/\/mhs.maderausd.org\/wp-content\/uploads\/History\/1956b-edited-web-300x192.webp 300w, https:\/\/mhs.maderausd.org\/wp-content\/uploads\/History\/1956b-edited-web-768x491.webp 768w, https:\/\/mhs.maderausd.org\/wp-content\/uploads\/History\/1956b-edited-web-18x12.webp 18w\" sizes=\"(max-width: 800px) 100vw, 800px\" \/><\/div><!-- Story Title --><div class=\"twae-title twae-title twae-title twae-title twae-title twae-title twae-title twae-title twae-title twae-title twae-title twae-title twae-title twae-title twae-title twae-title twae-title twae-title twae-title\">Adiciones construidas<\/div><!-- Story Description --><div class=\"twae-description twae-description twae-description twae-description twae-description twae-description twae-description twae-description twae-description twae-description twae-description twae-description twae-description twae-description twae-description twae-description twae-description twae-description twae-description\"><p style=\"text-align: left\">Se construyeron talleres de artes industriales adicionales, salones de dibujo y salas acad\u00e9micas.<\/p><p style=\"text-align: left\">El gimnasio para ni\u00f1as fue construido por $256,000 totalmente equipado (ahora llamado gimnasio Olive).<\/p><\/div><\/div><\/div><!-- Start of Story Repeater Content --><div id=\"twae-article-847c7de\" class=\"twae-repeater-item twae-story swiper-slide twae-story-no-icon\"><!-- Story Label --><div class=\"twae-labels\"><div class=\"twae-label-big twae-label-big twae-label-big twae-label-big twae-label-big twae-label-big twae-label-big twae-label-big twae-label-big twae-label-big twae-label-big twae-label-big twae-label-big twae-label-big twae-label-big twae-label-big twae-label-big twae-label-big twae-label-big twae-label-big\">1958<\/div><\/div><!-- Story Icon Dot --><div class=\"twae-icondot\"><\/div><!-- Story Arrow --><div class=\"twae-arrow\"><\/div><!-- Start of Story Content --><div class=\"twae-content\"><!-- Story Image --><div class=\"twae-media large\"><img loading=\"lazy\" decoding=\"async\" width=\"800\" height=\"552\" src=\"https:\/\/mhs.maderausd.org\/wp-content\/uploads\/History\/1959-web.webp\" class=\"attachment-large size-large\" alt=\"nueva piscina\" srcset=\"https:\/\/mhs.maderausd.org\/wp-content\/uploads\/History\/1959-web.webp 800w, https:\/\/mhs.maderausd.org\/wp-content\/uploads\/History\/1959-web-300x207.webp 300w, https:\/\/mhs.maderausd.org\/wp-content\/uploads\/History\/1959-web-768x530.webp 768w, https:\/\/mhs.maderausd.org\/wp-content\/uploads\/History\/1959-web-18x12.webp 18w\" sizes=\"(max-width: 800px) 100vw, 800px\" \/><\/div><!-- Story Title --><div class=\"twae-title twae-title twae-title twae-title twae-title twae-title twae-title twae-title twae-title twae-title twae-title twae-title twae-title twae-title twae-title twae-title twae-title twae-title twae-title twae-title\">La nueva piscina<\/div><!-- Story Description --><div class=\"twae-description twae-description twae-description twae-description twae-description twae-description twae-description twae-description twae-description twae-description twae-description twae-description twae-description twae-description twae-description twae-description twae-description twae-description twae-description twae-description\"><p style=\"text-align: left\">La piscina se abre.<\/p><\/div><\/div><\/div><!-- Start of Story Repeater Content --><div id=\"twae-article-a6ae4af\" class=\"twae-repeater-item twae-story swiper-slide twae-story-no-icon\"><!-- Story Label --><div class=\"twae-labels\"><div class=\"twae-label-big twae-label-big twae-label-big twae-label-big twae-label-big twae-label-big twae-label-big twae-label-big twae-label-big twae-label-big twae-label-big twae-label-big twae-label-big twae-label-big twae-label-big twae-label-big twae-label-big twae-label-big twae-label-big twae-label-big twae-label-big\">1959<\/div><\/div><!-- Story Icon Dot --><div class=\"twae-icondot\"><\/div><!-- Story Arrow --><div class=\"twae-arrow\"><\/div><!-- Start of Story Content --><div class=\"twae-content\"><!-- Story Image --><div class=\"twae-media large\"><img loading=\"lazy\" decoding=\"async\" width=\"800\" height=\"573\" src=\"https:\/\/mhs.maderausd.org\/wp-content\/uploads\/History\/1959-campus-flyover-web.webp\" class=\"attachment-large size-large\" alt=\"Paso elevado del campus\" srcset=\"https:\/\/mhs.maderausd.org\/wp-content\/uploads\/History\/1959-campus-flyover-web.webp 800w, https:\/\/mhs.maderausd.org\/wp-content\/uploads\/History\/1959-campus-flyover-web-300x215.webp 300w, https:\/\/mhs.maderausd.org\/wp-content\/uploads\/History\/1959-campus-flyover-web-768x550.webp 768w, https:\/\/mhs.maderausd.org\/wp-content\/uploads\/History\/1959-campus-flyover-web-18x12.webp 18w\" sizes=\"(max-width: 800px) 100vw, 800px\" \/><\/div><!-- Story Title --><div class=\"twae-title twae-title twae-title twae-title twae-title twae-title twae-title twae-title twae-title twae-title twae-title twae-title twae-title twae-title twae-title twae-title twae-title twae-title twae-title twae-title twae-title\">El edificio de ciencias<\/div><!-- Story Description --><div class=\"twae-description twae-description twae-description twae-description twae-description twae-description twae-description twae-description twae-description twae-description twae-description twae-description twae-description twae-description twae-description twae-description twae-description twae-description twae-description twae-description twae-description\"><p style=\"text-align: left\">El edificio de Ciencias tal como fue construido.<\/p><\/div><\/div><\/div><!-- Start of Story Repeater Content --><div id=\"twae-article-7991136\" class=\"twae-repeater-item twae-story swiper-slide twae-story-no-icon\"><!-- Story Label --><div class=\"twae-labels\"><div class=\"twae-label-big twae-label-big twae-label-big twae-label-big twae-label-big twae-label-big twae-label-big twae-label-big twae-label-big twae-label-big twae-label-big twae-label-big twae-label-big twae-label-big twae-label-big twae-label-big twae-label-big twae-label-big twae-label-big twae-label-big twae-label-big twae-label-big\">1961<\/div><\/div><!-- Story Icon Dot --><div class=\"twae-icondot\"><\/div><!-- Story Arrow --><div class=\"twae-arrow\"><\/div><!-- Start of Story Content --><div class=\"twae-content\"><!-- Story Title --><div class=\"twae-title twae-title twae-title twae-title twae-title twae-title twae-title twae-title twae-title twae-title twae-title twae-title twae-title twae-title twae-title twae-title twae-title twae-title twae-title twae-title twae-title twae-title\">El edificio de artes del lenguaje<\/div><!-- Story Description --><div class=\"twae-description twae-description twae-description twae-description twae-description twae-description twae-description twae-description twae-description twae-description twae-description twae-description twae-description twae-description twae-description twae-description twae-description twae-description twae-description twae-description twae-description twae-description\"><p style=\"text-align: left\">Se construy\u00f3 el edificio de Lengua y Literatura (ubicaci\u00f3n del actual edificio de Ciencias de la Salud). Se construy\u00f3 el edificio de Administraci\u00f3n.<\/p><\/div><\/div><\/div><!-- Start of Story Repeater Content --><div id=\"twae-article-ce9431d\" class=\"twae-repeater-item twae-story swiper-slide twae-story-no-icon\"><!-- Story Label --><div class=\"twae-labels\"><div class=\"twae-label-big twae-label-big twae-label-big twae-label-big twae-label-big twae-label-big twae-label-big twae-label-big twae-label-big twae-label-big twae-label-big twae-label-big twae-label-big twae-label-big twae-label-big twae-label-big twae-label-big twae-label-big twae-label-big twae-label-big twae-label-big twae-label-big twae-label-big\">1975<\/div><\/div><!-- Story Icon Dot --><div class=\"twae-icondot\"><\/div><!-- Story Arrow --><div class=\"twae-arrow\"><\/div><!-- Start of Story Content --><div class=\"twae-content\"><!-- Story Image --><div class=\"twae-media large\"><img loading=\"lazy\" decoding=\"async\" width=\"703\" height=\"647\" src=\"https:\/\/mhs.maderausd.org\/wp-content\/uploads\/History\/Old-MHS-Campus.webp\" class=\"attachment-large size-large\" alt=\"Estudiantes de MHS en la d\u00e9cada de 1970\" srcset=\"https:\/\/mhs.maderausd.org\/wp-content\/uploads\/History\/Old-MHS-Campus.webp 703w, https:\/\/mhs.maderausd.org\/wp-content\/uploads\/History\/Old-MHS-Campus-300x276.webp 300w, https:\/\/mhs.maderausd.org\/wp-content\/uploads\/History\/Old-MHS-Campus-13x12.webp 13w\" sizes=\"(max-width: 703px) 100vw, 703px\" \/><\/div><!-- Story Title --><div class=\"twae-title twae-title twae-title twae-title twae-title twae-title twae-title twae-title twae-title twae-title twae-title twae-title twae-title twae-title twae-title twae-title twae-title twae-title twae-title twae-title twae-title twae-title twae-title\">El edificio &quot;Old Main&quot; fue demolido<\/div><!-- Story Description --><div class=\"twae-description twae-description twae-description twae-description twae-description twae-description twae-description twae-description twae-description twae-description twae-description twae-description twae-description twae-description twae-description twae-description twae-description twae-description twae-description twae-description twae-description twae-description twae-description\"><p style=\"text-align: left\">El edificio &quot;Old Main&quot; fue demolido y se construyeron siete edificios nuevos.<\/p><\/div><\/div><\/div><!-- Start of Story Repeater Content --><div id=\"twae-article-39d3f39\" class=\"twae-repeater-item twae-story swiper-slide twae-story-no-icon\"><!-- Story Label --><div class=\"twae-labels\"><div class=\"twae-label-big twae-label-big twae-label-big twae-label-big twae-label-big twae-label-big twae-label-big twae-label-big twae-label-big twae-label-big twae-label-big twae-label-big twae-label-big twae-label-big twae-label-big twae-label-big twae-label-big twae-label-big twae-label-big twae-label-big twae-label-big twae-label-big twae-label-big twae-label-big\">1989<\/div><\/div><!-- Story Icon Dot --><div class=\"twae-icondot\"><\/div><!-- Story Arrow --><div class=\"twae-arrow\"><\/div><!-- Start of Story Content --><div class=\"twae-content\"><!-- Story Image --><div class=\"twae-media large\"><img loading=\"lazy\" decoding=\"async\" width=\"1024\" height=\"680\" src=\"https:\/\/mhs.maderausd.org\/wp-content\/uploads\/History\/Madera-South1-1024x680.webp\" class=\"attachment-large size-large\" alt=\"Campus Sur de Madera\" srcset=\"https:\/\/mhs.maderausd.org\/wp-content\/uploads\/History\/Madera-South1-1024x680.webp 1024w, https:\/\/mhs.maderausd.org\/wp-content\/uploads\/History\/Madera-South1-300x199.webp 300w, https:\/\/mhs.maderausd.org\/wp-content\/uploads\/History\/Madera-South1-768x510.webp 768w, https:\/\/mhs.maderausd.org\/wp-content\/uploads\/History\/Madera-South1-1536x1020.webp 1536w, https:\/\/mhs.maderausd.org\/wp-content\/uploads\/History\/Madera-South1-18x12.webp 18w, https:\/\/mhs.maderausd.org\/wp-content\/uploads\/History\/Madera-South1.webp 1920w\" sizes=\"(max-width: 1024px) 100vw, 1024px\" \/><\/div><!-- Story Title --><div class=\"twae-title twae-title twae-title twae-title twae-title twae-title twae-title twae-title twae-title twae-title twae-title twae-title twae-title twae-title twae-title twae-title twae-title twae-title twae-title twae-title twae-title twae-title twae-title twae-title\">Un nuevo campus<\/div><!-- Story Description --><div class=\"twae-description twae-description twae-description twae-description twae-description twae-description twae-description twae-description twae-description twae-description twae-description twae-description twae-description twae-description twae-description twae-description twae-description twae-description twae-description twae-description twae-description twae-description twae-description twae-description\"><p style=\"text-align: left\">En\u00a0<strong>1989<\/strong>El Distrito Escolar Unificado de Madera encarg\u00f3 la construcci\u00f3n de un nuevo campus para aliviar el hacinamiento en MHS.<\/p><\/div><\/div><\/div><!-- Start of Story Repeater Content --><div id=\"twae-article-03e6db5\" class=\"twae-repeater-item twae-story swiper-slide twae-story-no-icon\"><!-- Story Label --><div class=\"twae-labels\"><div class=\"twae-label-big twae-label-big twae-label-big twae-label-big twae-label-big twae-label-big twae-label-big twae-label-big twae-label-big twae-label-big twae-label-big twae-label-big twae-label-big twae-label-big twae-label-big twae-label-big twae-label-big twae-label-big twae-label-big twae-label-big twae-label-big twae-label-big twae-label-big twae-label-big twae-label-big\">1990<\/div><\/div><!-- Story Icon Dot --><div class=\"twae-icondot\"><\/div><!-- Story Arrow --><div class=\"twae-arrow\"><\/div><!-- Start of Story Content --><div class=\"twae-content\"><!-- Story Image --><div class=\"twae-media large\"><img loading=\"lazy\" decoding=\"async\" width=\"750\" height=\"400\" src=\"https:\/\/mhs.maderausd.org\/wp-content\/uploads\/History\/Madera-South-High-School-Stadium-Expansion_Designed-by-TETER-Architects-Engineers.webp\" class=\"attachment-large size-large\" alt=\"Expansi\u00f3n de Madera Sur\" srcset=\"https:\/\/mhs.maderausd.org\/wp-content\/uploads\/History\/Madera-South-High-School-Stadium-Expansion_Designed-by-TETER-Architects-Engineers.webp 750w, https:\/\/mhs.maderausd.org\/wp-content\/uploads\/History\/Madera-South-High-School-Stadium-Expansion_Designed-by-TETER-Architects-Engineers-300x160.webp 300w, https:\/\/mhs.maderausd.org\/wp-content\/uploads\/History\/Madera-South-High-School-Stadium-Expansion_Designed-by-TETER-Architects-Engineers-18x10.webp 18w\" sizes=\"(max-width: 750px) 100vw, 750px\" \/><\/div><!-- Story Title --><div class=\"twae-title twae-title twae-title twae-title twae-title twae-title twae-title twae-title twae-title twae-title twae-title twae-title twae-title twae-title twae-title twae-title twae-title twae-title twae-title twae-title twae-title twae-title twae-title twae-title twae-title\">Construcci\u00f3n del Campus Sur<\/div><!-- Story Description --><div class=\"twae-description twae-description twae-description twae-description twae-description twae-description twae-description twae-description twae-description twae-description twae-description twae-description twae-description twae-description twae-description twae-description twae-description twae-description twae-description twae-description twae-description twae-description twae-description twae-description twae-description\"><p style=\"text-align: left\">La construcci\u00f3n del &quot;Campus Sur&quot; comenz\u00f3 en 1990.<\/p><\/div><\/div><\/div><!-- Start of Story Repeater Content --><div id=\"twae-article-20cfda2\" class=\"twae-repeater-item twae-story swiper-slide twae-story-no-icon\"><!-- Story Label --><div class=\"twae-labels\"><div class=\"twae-label-big twae-label-big twae-label-big twae-label-big twae-label-big twae-label-big twae-label-big twae-label-big twae-label-big twae-label-big twae-label-big twae-label-big twae-label-big twae-label-big twae-label-big twae-label-big twae-label-big twae-label-big twae-label-big twae-label-big twae-label-big twae-label-big twae-label-big twae-label-big twae-label-big twae-label-big\">1992<\/div><\/div><!-- Story Icon Dot --><div class=\"twae-icondot\"><\/div><!-- Story Arrow --><div class=\"twae-arrow\"><\/div><!-- Start of Story Content --><div class=\"twae-content\"><!-- Story Image --><div class=\"twae-media large\"><img loading=\"lazy\" decoding=\"async\" width=\"1024\" height=\"512\" src=\"https:\/\/mhs.maderausd.org\/wp-content\/uploads\/History\/MSHS-1024x512.webp\" class=\"attachment-large size-large\" alt=\"Campus Sur de Madera\" srcset=\"https:\/\/mhs.maderausd.org\/wp-content\/uploads\/History\/MSHS-1024x512.webp 1024w, https:\/\/mhs.maderausd.org\/wp-content\/uploads\/History\/MSHS-300x150.webp 300w, https:\/\/mhs.maderausd.org\/wp-content\/uploads\/History\/MSHS-768x384.webp 768w, https:\/\/mhs.maderausd.org\/wp-content\/uploads\/History\/MSHS-1536x768.webp 1536w, https:\/\/mhs.maderausd.org\/wp-content\/uploads\/History\/MSHS-18x9.webp 18w, https:\/\/mhs.maderausd.org\/wp-content\/uploads\/History\/MSHS.webp 1853w\" sizes=\"(max-width: 1024px) 100vw, 1024px\" \/><\/div><!-- Story Title --><div class=\"twae-title twae-title twae-title twae-title twae-title twae-title twae-title twae-title twae-title twae-title twae-title twae-title twae-title twae-title twae-title twae-title twae-title twae-title twae-title twae-title twae-title twae-title twae-title twae-title twae-title twae-title\">Campus Sur abierto<\/div><!-- Story Description --><div class=\"twae-description twae-description twae-description twae-description twae-description twae-description twae-description twae-description twae-description twae-description twae-description twae-description twae-description twae-description twae-description twae-description twae-description twae-description twae-description twae-description twae-description twae-description twae-description twae-description twae-description twae-description\"><p style=\"text-align: left\">El &quot;Campus Sur&quot; abri\u00f3 sus puertas aproximadamente a una milla del campus principal. Este campus contaba con un edificio acad\u00e9mico de dos plantas, cafeter\u00eda y un centro de medios.<\/p><\/div><\/div><\/div><!-- Start of Story Repeater Content --><div id=\"twae-article-8ccf9f4\" class=\"twae-repeater-item twae-story swiper-slide twae-story-no-icon\"><!-- Story Label --><div class=\"twae-labels\"><div class=\"twae-label-big twae-label-big twae-label-big twae-label-big twae-label-big twae-label-big twae-label-big twae-label-big twae-label-big twae-label-big twae-label-big twae-label-big twae-label-big twae-label-big twae-label-big twae-label-big twae-label-big twae-label-big twae-label-big twae-label-big twae-label-big twae-label-big twae-label-big twae-label-big twae-label-big twae-label-big twae-label-big\">2002<\/div><\/div><!-- Story Icon Dot --><div class=\"twae-icondot\"><\/div><!-- Story Arrow --><div class=\"twae-arrow\"><\/div><!-- Start of Story Content --><div class=\"twae-content\"><!-- Story Image --><div class=\"twae-media large\"><img loading=\"lazy\" decoding=\"async\" width=\"1024\" height=\"486\" src=\"https:\/\/mhs.maderausd.org\/wp-content\/uploads\/History\/MHS-2023-1024x486.webp\" class=\"attachment-large size-large\" alt=\"Gimnasio Coyotes\" srcset=\"https:\/\/mhs.maderausd.org\/wp-content\/uploads\/History\/MHS-2023-1024x486.webp 1024w, https:\/\/mhs.maderausd.org\/wp-content\/uploads\/History\/MHS-2023-300x142.webp 300w, https:\/\/mhs.maderausd.org\/wp-content\/uploads\/History\/MHS-2023-768x364.webp 768w, https:\/\/mhs.maderausd.org\/wp-content\/uploads\/History\/MHS-2023-1536x728.webp 1536w, https:\/\/mhs.maderausd.org\/wp-content\/uploads\/History\/MHS-2023-18x9.webp 18w, https:\/\/mhs.maderausd.org\/wp-content\/uploads\/History\/MHS-2023.webp 1818w\" sizes=\"(max-width: 1024px) 100vw, 1024px\" \/><\/div><!-- Story Title --><div class=\"twae-title twae-title twae-title twae-title twae-title twae-title twae-title twae-title twae-title twae-title twae-title twae-title twae-title twae-title twae-title twae-title twae-title twae-title twae-title twae-title twae-title twae-title twae-title twae-title twae-title twae-title twae-title\">Pases de bonos escolares<\/div><!-- Story Description --><div class=\"twae-description twae-description twae-description twae-description twae-description twae-description twae-description twae-description twae-description twae-description twae-description twae-description twae-description twae-description twae-description twae-description twae-description twae-description twae-description twae-description twae-description twae-description twae-description twae-description twae-description twae-description twae-description\"><p style=\"text-align: left\">Gracias a la aprobaci\u00f3n de un bono escolar en noviembre de 2002, South Campus se ampli\u00f3 para formar su propia escuela secundaria, y se completaron renovaciones adecuadas en el campus principal, lo que permiti\u00f3 la creaci\u00f3n de Madera South High (anteriormente South Campus) en 2006.<\/p><p style=\"text-align: left\">El bono tambi\u00e9n se utiliz\u00f3 para construir en Madera High un nuevo edificio administrativo, un teatro de caja negra y modernizar las aulas en el edificio 100 y el complejo de piscinas.<\/p><\/div><\/div><\/div><!-- Start of Story Repeater Content --><div id=\"twae-article-43fa5b1\" class=\"twae-repeater-item twae-story swiper-slide twae-story-no-icon\"><!-- Story Label --><div class=\"twae-labels\"><div class=\"twae-label-big twae-label-big twae-label-big twae-label-big twae-label-big twae-label-big twae-label-big twae-label-big twae-label-big twae-label-big twae-label-big twae-label-big twae-label-big twae-label-big twae-label-big twae-label-big twae-label-big twae-label-big twae-label-big twae-label-big twae-label-big twae-label-big twae-label-big twae-label-big twae-label-big twae-label-big twae-label-big twae-label-big\">2020<\/div><\/div><!-- Story Icon Dot --><div class=\"twae-icondot\"><\/div><!-- Story Arrow --><div class=\"twae-arrow\"><\/div><!-- Start of Story Content --><div class=\"twae-content\"><!-- Story Image --><div class=\"twae-media large\"><img loading=\"lazy\" decoding=\"async\" width=\"317\" height=\"138\" src=\"https:\/\/mhs.maderausd.org\/wp-content\/uploads\/Third-Party-Images\/WASC.webp\" class=\"attachment-large size-large\" alt=\"Logotipo de WASC\" srcset=\"https:\/\/mhs.maderausd.org\/wp-content\/uploads\/Third-Party-Images\/WASC.webp 317w, https:\/\/mhs.maderausd.org\/wp-content\/uploads\/Third-Party-Images\/WASC-300x131.webp 300w, https:\/\/mhs.maderausd.org\/wp-content\/uploads\/Third-Party-Images\/WASC-18x8.webp 18w\" sizes=\"(max-width: 317px) 100vw, 317px\" \/><\/div><!-- Story Title --><div class=\"twae-title twae-title twae-title twae-title twae-title twae-title twae-title twae-title twae-title twae-title twae-title twae-title twae-title twae-title twae-title twae-title twae-title twae-title twae-title twae-title twae-title twae-title twae-title twae-title twae-title twae-title twae-title twae-title\">Acreditaci\u00f3n de MHS<\/div><!-- Story Description --><div class=\"twae-description twae-description twae-description twae-description twae-description twae-description twae-description twae-description twae-description twae-description twae-description twae-description twae-description twae-description twae-description twae-description twae-description twae-description twae-description twae-description twae-description twae-description twae-description twae-description twae-description twae-description twae-description twae-description\"><p style=\"text-align: left\">Madera High recibi\u00f3 un per\u00edodo de acreditaci\u00f3n de seis a\u00f1os hasta junio de 2020 de la Asociaci\u00f3n Occidental de Escuelas y Universidades (WASC).<\/p><\/div><\/div><\/div><\/div><\/div><\/div> <!-- Add Arrows -->\n       <div class=\"twae-button-prev\"><i class=\"fas fa-chevron-left\"><\/i><\/div>\n       <div class=\"twae-button-next\"><i class=\"fas fa-chevron-right\"><\/i><\/div>\n       <div class=\"twae-h-line\"><\/div>\n       <div class=\"twae-line-fill\"><\/div>\n    <\/div><style type=\"text\/css\">@media (max-width: 1024px){ .twae-wrapper{--tw-ybx-size: 75px !important;}}@media (max-width: 767px){ .twae-wrapper{--tw-ybx-size: 75px !important}}<\/style>\t\t\t\t<\/div>\n\t\t\t\t<\/div>\n\t\t\t\t<\/div>\n\t\t\t\t<div class=\"elementor-element elementor-element-4228a51 elementor-widget elementor-widget-menu-anchor\" data-id=\"4228a51\" data-element_type=\"widget\" data-e-type=\"widget\" data-widget_type=\"menu-anchor.default\">\n\t\t\t\t<div class=\"elementor-widget-container\">\n\t\t\t\t\t\t\t<div class=\"elementor-menu-anchor\" id=\"map\"><\/div>\n\t\t\t\t\t\t<\/div>\n\t\t\t\t<\/div>\n\t\t\t\t<div class=\"elementor-element elementor-element-254885a elementor-widget__width-inherit elementor-widget elementor-widget-global elementor-global-1080 elementor-widget-premium-divider\" data-id=\"254885a\" data-element_type=\"widget\" data-e-type=\"widget\" data-widget_type=\"premium-divider.default\">\n\t\t\t\t<div class=\"elementor-widget-container\">\n\t\t\t\t\t\r\n\t\t<div class=\"premium-bordered-top premium-separator-container premium-separator-solid\" data-settings=\"solid\">\r\n\t\t\t<div class=\"premium-separator-wrapper\">\r\n\t\t\t\t<div class=\"premium-separator-wrapper-separator\">\r\n\t\t\t\t\t<div class=\"premium-separator-wrapper-separator-divider\">\r\n\t\t\t\t\t\t<div class=\"premium-separator-inner\">\r\n\t\t\t\t\t\t\t\r\n\t\t\t\t\t\t\t\t<div class=\"premium-separator-content-wrapper\">\r\n\t\t\t\t\t\t\t\t\t\t\t\t\t\t\t\t\t\t\t<div class=\"premium-separator-divider-left premium-separator-left-side premium-svg-nodraw\">\r\n\t\t\t\t\t\t\t\t\t\t\t<hr>\t\t\t\t\t\t\t\t\t\t<\/div>\r\n\t\t\t\t\t\t\t\t\t\r\n\t\t\t\t\t\t\t\t\t\t\t\t\t\t\t\t\t\t\t<div class=\"premium-separator-icon-container\">\r\n\r\n\t\t\t\t\t\t\t\t\t\t\t\r\n\t\t\t\t\t\t\t\t\t\t\t\t\t\t\t\t\t\t\t\t\t\t\t<div class=\"premium-separator-icon-wrap premium-separator-img-icon\">\r\n\t\t\t\t\t\t\t\t\t\t\t\t\t<img decoding=\"async\" width=\"304\" height=\"213\" src=\"https:\/\/mhs.maderausd.org\/wp-content\/uploads\/MHS-Logos\/MHS_Mascot-Print-1C.svg\" class=\"attachment-full size-full\" alt=\"Huella blanca\" \/>\t\t\t\t\t\t\t\t\t\t\t\t<\/div>\r\n\t\t\t\t\t\t\t\t\t\t\t\t\t\t\t\t\t\t\t\t\t<\/div>\r\n\t\t\t\t\t\t\t\t\t\r\n\t\t\t\t\t\t\t\t\t\t\t\t\t\t\t\t\t\t\t<div class=\"premium-separator-divider-right premium-separator-right-side premium-svg-nodraw\">\r\n\t\t\t\t\t\t\t\t\t\t\t<hr>\t\t\t\t\t\t\t\t\t\t<\/div>\r\n\t\t\t\t\t\t\t\t\t\t\t\t\t\t\t\t\t<\/div>\r\n\r\n\t\t\t\t\t\t\t\r\n\t\t\t\t\t\t\t<\/div>\r\n\r\n\t\t\t\t\t\t<\/div>\r\n\r\n\t\t\t\t<\/div>\r\n\r\n\t\t\t\t<div class=\"premium-clearfix\"><\/div>\r\n\r\n\t\t\t<\/div>\r\n\r\n\t\t<\/div>\r\n\r\n\t\t\t\t\t\t<\/div>\n\t\t\t\t<\/div>\n\t\t\t\t<\/div>\n\t\t<div class=\"elementor-element elementor-element-2dec86b e-con-full e-flex e-con e-child\" data-id=\"2dec86b\" data-element_type=\"container\" data-e-type=\"container\" data-settings=\"{&quot;background_background&quot;:&quot;gradient&quot;}\">\n\t\t<div class=\"elementor-element elementor-element-646d050 e-con-full e-flex e-con e-child\" data-id=\"646d050\" data-element_type=\"container\" data-e-type=\"container\">\n\t\t\t\t<div class=\"elementor-element elementor-element-dbdc292 elementor-align-center elementor-widget__width-initial elementor-mobile-align-left elementor-widget-mobile__width-inherit elementor-widget-tablet__width-initial elementor-widget elementor-widget-embedpress_pdf\" data-id=\"dbdc292\" data-element_type=\"widget\" data-e-type=\"widget\" data-widget_type=\"embedpress_pdf.default\">\n\t\t\t\t<div class=\"elementor-widget-container\">\n\t\t\t\t\t    <div class=\"embedpress-document-embed ep-doc-89c82e29d2759b8ee8991f79b206726e ose-document emebedpress-unit-percent\" data-thememode=\"default\" data-customcolor=\"\" data-toolbar=\"yes\" data-toolbar-position=\"top\" data-open=\"no\" data-presentation-mode=\"yes\" data-download=\"yes\" data-copy=\"yes\" data-add-image=\"yes\" data-rotate=\"yes\" data-details=\"yes\" data-id=\"embedpress-pdf-dbdc292\" data-selection-tool=\"0\" data-scrolling=\"0\" data-spreads=\"-1\" style=\" max-width:100%; display: inline-block\">\n\n        \n                <div >\n\n                    <div id=\"ep-elementor-content-dbdc292\" class=\"ep-elementor-content   ep-percentage-width   ep-content-protection-disabled\">\n                        <div id=\"dbdc292\" class=\"ep-embed-content-wraper\">\n                            <div><iframe title=\"Mapa del sitio de MHS 2023-24\" class=\"embedpress-embed-document-pdf embedpress-pdf-dbdc292\" style=\"width: 600%!important;height: 500px;; max-width:100%; display: inline-block\" src=\"https:\/\/mhs.maderausd.org\/wp-admin\/admin-ajax.php?action=get_viewer&#038;file=https%3A%2F%2Fmhs.maderausd.org%2Fwp-content%2Fuploads%2F2023-24-MHS-Site-Map.pdf&#038;scrolling=0&#038;selection_tool=0&#038;spreads=-1#key=dGhlbWVNb2RlPWRlZmF1bHQmdG9vbGJhcj10cnVlJnBvc2l0aW9uPXRvcCZwcmVzZW50YXRpb249dHJ1ZSZsYXp5TG9hZD1mYWxzZSZkb3dubG9hZD15ZXMmY29weV90ZXh0PXllcyZhZGRfdGV4dD10cnVlJmRyYXc9eWVzJmFkZF9pbWFnZT10cnVlJnBkZl9yb3RhdGlvbj10cnVlJnBkZl9kZXRhaWxzPXRydWUmem9vbV9pbj10cnVlJnpvb21fb3V0PXRydWUmZml0X3ZpZXc9dHJ1ZSZib29rbWFyaz10cnVlJnNvdW5kPXRydWUmZmxpcGJvb2tfdG9vbGJhcl9wb3NpdGlvbj1ib3R0b20mc2VsZWN0aW9uX3Rvb2w9MCZzY3JvbGxpbmc9MCZzcHJlYWRzPS0xJmlzX3Byb19hY3RpdmU9MQ==&#038;zoom=auto\" data-emid=\"embedpress-pdf-dbdc292\" data-embed-type=\"PDF\" frameborder=\"0\"><\/iframe><\/div>                        <\/div>\n\n                    <\/div>\n\n\n                   \n                <\/div>\n            \n    <\/div>\n\n\t\t\t\t<\/div>\n\t\t\t\t<\/div>\n\t\t<div class=\"elementor-element elementor-element-0524220 e-con-full e-flex e-con e-child\" data-id=\"0524220\" data-element_type=\"container\" data-e-type=\"container\">\n\t\t\t\t<div class=\"elementor-element elementor-element-d4c28ce elementor-widget elementor-widget-heading\" data-id=\"d4c28ce\" data-element_type=\"widget\" data-e-type=\"widget\" data-widget_type=\"heading.default\">\n\t\t\t\t<div class=\"elementor-widget-container\">\n\t\t\t\t\t<h2 class=\"elementor-heading-title elementor-size-default\">Perfil de la escuela secundaria Madera<\/h2>\t\t\t\t<\/div>\n\t\t\t\t<\/div>\n\t\t\t\t<div class=\"elementor-element elementor-element-b82a127 elementor-widget elementor-widget-text-editor\" data-id=\"b82a127\" data-element_type=\"widget\" data-e-type=\"widget\" data-widget_type=\"text-editor.default\">\n\t\t\t\t<div class=\"elementor-widget-container\">\n\t\t\t\t\t\t\t\t\t<p>Escuela Secundaria Madera, <strong>&#039;<em>Hogar de los coyotes<\/em>,&#039;<\/strong> Es donde la tradici\u00f3n y el orgullo est\u00e1n profundamente arraigados. Con m\u00e1s de 2,000 estudiantes y m\u00e1s de 170 empleados, la Preparatoria Madera fomenta un clima de respeto, alto rendimiento y oportunidades. Como comunidad escolar, creemos que nuestra diversidad es una de nuestras muchas fortalezas.<\/p>\t\t\t\t\t\t\t\t<\/div>\n\t\t\t\t<\/div>\n\t\t\t\t<div class=\"elementor-element elementor-element-5c6582a elementor-widget__width-auto elementor-widget elementor-widget-text-editor\" data-id=\"5c6582a\" data-element_type=\"widget\" data-e-type=\"widget\" data-widget_type=\"text-editor.default\">\n\t\t\t\t<div class=\"elementor-widget-container\">\n\t\t\t\t\t\t\t\t\t<p style=\"font-weight: 500;\"><strong>Establecido:<\/strong>\u00a01894<br \/><strong>Calificaciones:<\/strong>\u00a09-12<br \/><strong>Inscripci\u00f3n:<\/strong>\u00a01,850<br \/><strong>Bandera:<\/strong>\u00a0Azul real y blanco<br \/><strong>Mascota:<\/strong>\u00a0Coyotes<br \/><strong>Profesores:<\/strong>\u00a079<\/p>\t\t\t\t\t\t\t\t<\/div>\n\t\t\t\t<\/div>\n\t\t\t\t<div class=\"elementor-element elementor-element-e72a7c0 elementor-widget__width-initial elementor-widget-laptop__width-initial elementor-widget-mobile__width-inherit elementor-widget-tablet_extra__width-initial elementor-widget elementor-widget-google_maps\" data-id=\"e72a7c0\" data-element_type=\"widget\" data-e-type=\"widget\" data-widget_type=\"google_maps.default\">\n\t\t\t\t<div class=\"elementor-widget-container\">\n\t\t\t\t\t\t\t<div class=\"elementor-custom-embed\">\n\t\t\t<iframe loading=\"lazy\"\n\t\t\t\t\tsrc=\"https:\/\/www.google.com\/maps\/embed\/v1\/place?key=AIzaSyAfzI24LioaHge5OEsKcdMDSNVYlOf1mok&#038;q=Madera%20High%20School%2C%20Madera%2C%20CA&#038;zoom=14\"\n\t\t\t\t\ttitle=\"Escuela Secundaria Madera, Madera, CA\"\n\t\t\t\t\taria-label=\"Escuela Secundaria Madera, Madera, CA\"\n\t\t\t><\/iframe>\n\t\t<\/div>\n\t\t\t\t\t\t<\/div>\n\t\t\t\t<\/div>\n\t\t\t\t<\/div>\n\t\t\t\t<\/div>\n\t\t\t\t<\/div>\n\t\t\t\t<div class=\"elementor-element elementor-element-a75b8ca elementor-widget__width-inherit elementor-widget elementor-widget-menu-anchor\" data-id=\"a75b8ca\" data-element_type=\"widget\" data-e-type=\"widget\" data-widget_type=\"menu-anchor.default\">\n\t\t\t\t<div class=\"elementor-widget-container\">\n\t\t\t\t\t\t\t<div class=\"elementor-menu-anchor\" id=\"programs\"><\/div>\n\t\t\t\t\t\t<\/div>\n\t\t\t\t<\/div>\n\t\t<div class=\"elementor-element elementor-element-b984177 e-con-full e-flex e-con e-child\" data-id=\"b984177\" data-element_type=\"container\" data-e-type=\"container\">\n\t\t\t\t<div class=\"elementor-element elementor-element-ecd89ef elementor-widget elementor-widget-heading\" data-id=\"ecd89ef\" data-element_type=\"widget\" data-e-type=\"widget\" data-widget_type=\"heading.default\">\n\t\t\t\t<div class=\"elementor-widget-container\">\n\t\t\t\t\t<h2 class=\"elementor-heading-title elementor-size-default\">Programas que desaf\u00edan e inspiran a nuestros estudiantes<\/h2>\t\t\t\t<\/div>\n\t\t\t\t<\/div>\n\t\t\t\t<div class=\"elementor-element elementor-element-18064c8 elementor-widget__width-initial elementor-widget-mobile__width-inherit elementor-widget elementor-widget-text-editor\" data-id=\"18064c8\" data-element_type=\"widget\" data-e-type=\"widget\" data-widget_type=\"text-editor.default\">\n\t\t\t\t<div class=\"elementor-widget-container\">\n\t\t\t\t\t\t\t\t\t<p style=\"font-weight: 500;\">Para satisfacer las necesidades de nuestra diversa poblaci\u00f3n estudiantil, MHS ofrece una variedad de programas curriculares y extracurriculares dise\u00f1ados para desafiar e inspirar a nuestros estudiantes. Nuestro objetivo es que cada estudiante desee asistir a la escuela todos los d\u00edas y se sienta conectado con la comunidad de MHS. El personal de Madera High tambi\u00e9n se compromete a garantizar que todos los estudiantes alcancen altos niveles y se sientan desafiados a convertirse en ciudadanos globales con 21<sup>calle<\/sup> Habilidades del siglo.<\/p>\t\t\t\t\t\t\t\t<\/div>\n\t\t\t\t<\/div>\n\t\t\t\t<div class=\"elementor-element elementor-element-4a67b12 elementor-widget-mobile_extra__width-initial elementor-widget elementor-widget-text-editor\" data-id=\"4a67b12\" data-element_type=\"widget\" data-e-type=\"widget\" data-widget_type=\"text-editor.default\">\n\t\t\t\t<div class=\"elementor-widget-container\">\n\t\t\t\t\t\t\t\t\tMadera High ofrece muchos programas acad\u00e9micamente rigurosos que incluyen cursos de Colocaci\u00f3n Avanzada.\t\t\t\t\t\t\t\t<\/div>\n\t\t\t\t<\/div>\n\t\t<div class=\"elementor-element elementor-element-f998343 e-con-full e-flex e-con e-child\" data-id=\"f998343\" data-element_type=\"container\" data-e-type=\"container\">\n\t\t<div class=\"elementor-element elementor-element-77b4ec4 e-con-full e-flex e-con e-child\" data-id=\"77b4ec4\" data-element_type=\"container\" data-e-type=\"container\" data-settings=\"{&quot;background_background&quot;:&quot;classic&quot;}\">\n\t\t\t\t<div class=\"elementor-element elementor-element-21029de elementor-widget elementor-widget-heading\" data-id=\"21029de\" data-element_type=\"widget\" data-e-type=\"widget\" data-widget_type=\"heading.default\">\n\t\t\t\t<div class=\"elementor-widget-container\">\n\t\t\t\t\t<h2 class=\"elementor-heading-title elementor-size-default\">Caminos hacia la universidad y la carrera profesional<\/h2>\t\t\t\t<\/div>\n\t\t\t\t<\/div>\n\t\t\t\t<div class=\"elementor-element elementor-element-245a3e8 elementor-widget elementor-widget-text-editor\" data-id=\"245a3e8\" data-element_type=\"widget\" data-e-type=\"widget\" data-widget_type=\"text-editor.default\">\n\t\t\t\t<div class=\"elementor-widget-container\">\n\t\t\t\t\t\t\t\t\t<p style=\"font-weight: 500;\">Los estudiantes tambi\u00e9n tienen la oportunidad de desarrollar sus intereses educativos a trav\u00e9s de diversos cursos de Trayectoria Universitaria y Profesional. Madera High ofrece un total de diez Trayectorias Profesionales diferentes que se centran en las \u00e1reas de Ingenier\u00eda, Medicina, Tecnolog\u00eda, Hosteler\u00eda, Educaci\u00f3n, Rob\u00f3tica, Justicia Penal y Artes Visuales y Esc\u00e9nicas. Las trayectorias profesionales ayudan a los estudiantes a conectar el mundo laboral con el acad\u00e9mico. Cada trayectoria profesional ofrece un curr\u00edculo acad\u00e9micamente exigente, a la vez que brinda diversas oportunidades de aprendizaje pr\u00e1ctico en el mundo real. Los estudiantes que completan una trayectoria (3 a\u00f1os de cursos) tambi\u00e9n pueden tener la oportunidad de obtener cr\u00e9ditos universitarios postsecundarios mediante la inscripci\u00f3n simult\u00e1nea, adem\u00e1s de obtener certificaciones reconocidas por la industria.<\/p><p>Nuestra antigua configuraci\u00f3n de escuelas profesionales ha sido reemplazada por academias de aprendizaje con una estructura y un enfoque similares. Cada programa cuenta con un administrador que supervisa al personal y a los estudiantes asociados. Los estudiantes indecisos sobre su programa ser\u00e1n designados como estudiantes de educaci\u00f3n general y se les asignar\u00e1 un administrador y un consejero. Adem\u00e1s, los programas de programas profesionales se ubicar\u00e1n en oficinas ubicadas en cuatro zonas geogr\u00e1ficas diferentes del campus. Esta organizaci\u00f3n facilitar\u00e1 la personalizaci\u00f3n y la colaboraci\u00f3n entre padres, estudiantes, consejeros, administradores y docentes.<\/p><p>Madera High tambi\u00e9n contin\u00faa colaborando con los sectores empresarial e industrial de nuestra comunidad. Estas relaciones vitales garantizan que Madera High School siga ofreciendo programas que dotan a nuestros estudiantes de habilidades de preparaci\u00f3n universitaria y profesional. Este v\u00ednculo comunitario facilita la colaboraci\u00f3n continua a trav\u00e9s de Asesor\u00edas de Caminos, participaci\u00f3n en el aula, donaciones y actividades de extensi\u00f3n comunitaria. Por ejemplo, la C\u00e1mara de Comercio de Madera y otras organizaciones comunitarias brindan un gran apoyo a la plataforma de entrevistas simuladas\/portafolio. El proceso de entrevistas prepara a nuestros estudiantes para el futuro mercado laboral y tambi\u00e9n ha resultado en que reciban ofertas de trabajo de la comunidad empresarial.<\/p>\t\t\t\t\t\t\t\t<\/div>\n\t\t\t\t<\/div>\n\t\t\t\t<\/div>\n\t\t<div class=\"elementor-element elementor-element-cc98269 e-con-full e-flex e-con e-child\" data-id=\"cc98269\" data-element_type=\"container\" data-e-type=\"container\" data-settings=\"{&quot;background_background&quot;:&quot;classic&quot;}\">\n\t\t\t\t<div class=\"elementor-element elementor-element-b924dff elementor-widget elementor-widget-heading\" data-id=\"b924dff\" data-element_type=\"widget\" data-e-type=\"widget\" data-widget_type=\"heading.default\">\n\t\t\t\t<div class=\"elementor-widget-container\">\n\t\t\t\t\t<h2 class=\"elementor-heading-title elementor-size-default\">Actividades extracurriculares<\/h2>\t\t\t\t<\/div>\n\t\t\t\t<\/div>\n\t\t\t\t<div class=\"elementor-element elementor-element-940cd3b elementor-widget elementor-widget-text-editor\" data-id=\"940cd3b\" data-element_type=\"widget\" data-e-type=\"widget\" data-widget_type=\"text-editor.default\">\n\t\t\t\t<div class=\"elementor-widget-container\">\n\t\t\t\t\t\t\t\t\t<p style=\"font-weight: 500;\">La Preparatoria Madera tambi\u00e9n ofrece diversas oportunidades para que los estudiantes participen en actividades extracurriculares. Treinta clubes y organizaciones cocurriculares permiten a los estudiantes involucrarse en su escuela y comunidad. Adem\u00e1s, m\u00e1s de 600 estudiantes participan en los 60 equipos deportivos que representan a la Preparatoria Madera, desde el primer a\u00f1o hasta el \u00faltimo a\u00f1o. Creemos que un programa integral es necesario para preparar a un estudiante para el \u00e9xito y fomentamos la participaci\u00f3n en estos programas.<\/p>\t\t\t\t\t\t\t\t<\/div>\n\t\t\t\t<\/div>\n\t\t\t\t<\/div>\n\t\t\t\t<\/div>\n\t\t\t\t<\/div>\n\t\t\t\t<div class=\"elementor-element elementor-element-8cb1f8a elementor-widget__width-inherit elementor-widget elementor-widget-menu-anchor\" data-id=\"8cb1f8a\" data-element_type=\"widget\" data-e-type=\"widget\" data-widget_type=\"menu-anchor.default\">\n\t\t\t\t<div class=\"elementor-widget-container\">\n\t\t\t\t\t\t\t<div class=\"elementor-menu-anchor\" id=\"library\"><\/div>\n\t\t\t\t\t\t<\/div>\n\t\t\t\t<\/div>\n\t\t\t\t<div class=\"elementor-element elementor-element-f08e022 elementor-widget__width-inherit elementor-widget elementor-widget-global elementor-global-1079 elementor-widget-premium-divider\" data-id=\"f08e022\" data-element_type=\"widget\" data-e-type=\"widget\" data-widget_type=\"premium-divider.default\">\n\t\t\t\t<div class=\"elementor-widget-container\">\n\t\t\t\t\t\r\n\t\t<div class=\"premium-bordered-top premium-separator-container premium-separator-solid\" data-settings=\"solid\">\r\n\t\t\t<div class=\"premium-separator-wrapper\">\r\n\t\t\t\t<div class=\"premium-separator-wrapper-separator\">\r\n\t\t\t\t\t<div class=\"premium-separator-wrapper-separator-divider\">\r\n\t\t\t\t\t\t<div class=\"premium-separator-inner\">\r\n\t\t\t\t\t\t\t\r\n\t\t\t\t\t\t\t\t<div class=\"premium-separator-content-wrapper\">\r\n\t\t\t\t\t\t\t\t\t\t\t\t\t\t\t\t\t\t\t<div class=\"premium-separator-divider-left premium-separator-left-side premium-svg-nodraw\">\r\n\t\t\t\t\t\t\t\t\t\t\t<hr>\t\t\t\t\t\t\t\t\t\t<\/div>\r\n\t\t\t\t\t\t\t\t\t\r\n\t\t\t\t\t\t\t\t\t\t\t\t\t\t\t\t\t\t\t<div class=\"premium-separator-icon-container\">\r\n\r\n\t\t\t\t\t\t\t\t\t\t\t\r\n\t\t\t\t\t\t\t\t\t\t\t\t\t\t\t\t\t\t\t\t\t\t\t<div class=\"premium-separator-icon-wrap premium-separator-img-icon\">\r\n\t\t\t\t\t\t\t\t\t\t\t\t\t<img decoding=\"async\" width=\"304\" height=\"213\" src=\"https:\/\/mhs.maderausd.org\/wp-content\/uploads\/MHS-Logos\/MHS_Mascot-Print-1C.svg\" class=\"attachment-full size-full\" alt=\"Huella blanca\" \/>\t\t\t\t\t\t\t\t\t\t\t\t<\/div>\r\n\t\t\t\t\t\t\t\t\t\t\t\t\t\t\t\t\t\t\t\t\t<\/div>\r\n\t\t\t\t\t\t\t\t\t\r\n\t\t\t\t\t\t\t\t\t\t\t\t\t\t\t\t\t\t\t<div class=\"premium-separator-divider-right premium-separator-right-side premium-svg-nodraw\">\r\n\t\t\t\t\t\t\t\t\t\t\t<hr>\t\t\t\t\t\t\t\t\t\t<\/div>\r\n\t\t\t\t\t\t\t\t\t\t\t\t\t\t\t\t\t<\/div>\r\n\r\n\t\t\t\t\t\t\t\r\n\t\t\t\t\t\t\t<\/div>\r\n\r\n\t\t\t\t\t\t<\/div>\r\n\r\n\t\t\t\t<\/div>\r\n\r\n\t\t\t\t<div class=\"premium-clearfix\"><\/div>\r\n\r\n\t\t\t<\/div>\r\n\r\n\t\t<\/div>\r\n\r\n\t\t\t\t\t\t<\/div>\n\t\t\t\t<\/div>\n\t\t<div class=\"elementor-element elementor-element-85446ff e-con-full e-flex e-con e-child\" data-id=\"85446ff\" data-element_type=\"container\" data-e-type=\"container\" data-settings=\"{&quot;background_background&quot;:&quot;classic&quot;}\">\n\t\t<div class=\"elementor-element elementor-element-e5a81ca e-con-full e-flex e-con e-child\" data-id=\"e5a81ca\" data-element_type=\"container\" data-e-type=\"container\">\n\t\t\t\t<div class=\"elementor-element elementor-element-4840183 elementor-widget elementor-widget-heading\" data-id=\"4840183\" data-element_type=\"widget\" data-e-type=\"widget\" data-widget_type=\"heading.default\">\n\t\t\t\t<div class=\"elementor-widget-container\">\n\t\t\t\t\t<h2 class=\"elementor-heading-title elementor-size-default\">Biblioteca<\/h2>\t\t\t\t<\/div>\n\t\t\t\t<\/div>\n\t\t\t\t<div class=\"elementor-element elementor-element-4ea51ae elementor-widget__width-auto elementor-widget elementor-widget-text-editor\" data-id=\"4ea51ae\" data-element_type=\"widget\" data-e-type=\"widget\" data-widget_type=\"text-editor.default\">\n\t\t\t\t<div class=\"elementor-widget-container\">\n\t\t\t\t\t\t\t\t\t<p><strong>Gina C\u00e1rdenas,<\/strong> Bibliotecario<br \/><strong>559.675.4444 Ext. 1176<br \/><\/strong>\u00a0<strong><a href=\"mailto:ginacardenas@maderausd.org\" target=\"_blank\" rel=\"noopener\">ginacardenas@maderausd.org<\/a><\/strong><\/p>\t\t\t\t\t\t\t\t<\/div>\n\t\t\t\t<\/div>\n\t\t\t\t<div class=\"elementor-element elementor-element-631c9ea elementor-widget__width-auto elementor-widget elementor-widget-text-editor\" data-id=\"631c9ea\" data-element_type=\"widget\" data-e-type=\"widget\" data-widget_type=\"text-editor.default\">\n\t\t\t\t<div class=\"elementor-widget-container\">\n\t\t\t\t\t\t\t\t\t<p><strong>(559) 675-4467<\/strong><br \/><strong>7:30 a. m. a 6:00 p. m.<br \/><\/strong>Lunes \u2013 Viernes<\/p>\t\t\t\t\t\t\t\t<\/div>\n\t\t\t\t<\/div>\n\t\t\t\t<\/div>\n\t\t<div class=\"elementor-element elementor-element-ecec750 e-con-full e-flex e-con e-child\" data-id=\"ecec750\" data-element_type=\"container\" data-e-type=\"container\" data-settings=\"{&quot;background_background&quot;:&quot;classic&quot;}\">\n\t\t<div class=\"elementor-element elementor-element-7c9ce95 e-con-full e-flex e-con e-child\" data-id=\"7c9ce95\" data-element_type=\"container\" data-e-type=\"container\">\n\t\t\t\t<div class=\"elementor-element elementor-element-a9c3bd4 elementor-widget elementor-widget-heading\" data-id=\"a9c3bd4\" data-element_type=\"widget\" data-e-type=\"widget\" data-widget_type=\"heading.default\">\n\t\t\t\t<div class=\"elementor-widget-container\">\n\t\t\t\t\t<h2 class=\"elementor-heading-title elementor-size-default\">Biblioteca en l\u00ednea<\/br>Siempre disponible <\/h2>\t\t\t\t<\/div>\n\t\t\t\t<\/div>\n\t\t<div class=\"elementor-element elementor-element-cdcdbb9 e-con-full e-flex e-con e-child\" data-id=\"cdcdbb9\" data-element_type=\"container\" data-e-type=\"container\">\n\t\t\t\t<div class=\"elementor-element elementor-element-d28b3d7 elementor-widget elementor-widget-button\" data-id=\"d28b3d7\" data-element_type=\"widget\" data-e-type=\"widget\" data-widget_type=\"button.default\">\n\t\t\t\t<div class=\"elementor-widget-container\">\n\t\t\t\t\t\t\t\t\t<div class=\"elementor-button-wrapper\">\n\t\t\t\t\t<a class=\"elementor-button elementor-button-link elementor-size-sm\" href=\"http:\/\/mdolib01.madera.k12.ca.us\/district\/servlet\/presentlistsitesform.do;jsessionid=9F3DCFB4805498C5EDBFF7B3189E12E8?districtMode=true\">\n\t\t\t\t\t\t<span class=\"elementor-button-content-wrapper\">\n\t\t\t\t\t\t\t\t\t<span class=\"elementor-button-text\">Buscar libros<\/span>\n\t\t\t\t\t<\/span>\n\t\t\t\t\t<\/a>\n\t\t\t\t<\/div>\n\t\t\t\t\t\t\t\t<\/div>\n\t\t\t\t<\/div>\n\t\t<div class=\"elementor-element elementor-element-a202257 e-con-full e-flex e-con e-child\" data-id=\"a202257\" data-element_type=\"container\" data-e-type=\"container\">\n\t\t\t\t<div class=\"elementor-element elementor-element-134ef0c elementor-widget elementor-widget-button\" data-id=\"134ef0c\" data-element_type=\"widget\" data-e-type=\"widget\" data-widget_type=\"button.default\">\n\t\t\t\t<div class=\"elementor-widget-container\">\n\t\t\t\t\t\t\t\t\t<div class=\"elementor-button-wrapper\">\n\t\t\t\t\t<a class=\"elementor-button elementor-button-link elementor-size-sm\" href=\"https:\/\/www.library.ca.gov\/services\/to-public\/k-12-online-content-project\/\" target=\"_blank\">\n\t\t\t\t\t\t<span class=\"elementor-button-content-wrapper\">\n\t\t\t\t\t\t\t\t\t<span class=\"elementor-button-text\">Recursos en l\u00ednea de Gale<\/span>\n\t\t\t\t\t<\/span>\n\t\t\t\t\t<\/a>\n\t\t\t\t<\/div>\n\t\t\t\t\t\t\t\t<\/div>\n\t\t\t\t<\/div>\n\t\t\t\t<div class=\"elementor-element elementor-element-9329a84 elementor-widget__width-auto elementor-widget elementor-widget-text-editor\" data-id=\"9329a84\" data-element_type=\"widget\" data-e-type=\"widget\" data-widget_type=\"text-editor.default\">\n\t\t\t\t<div class=\"elementor-widget-container\">\n\t\t\t\t\t\t\t\t\t<p>Acceso fuera del campus<br \/>Contrase\u00f1a: coyote<\/p>\t\t\t\t\t\t\t\t<\/div>\n\t\t\t\t<\/div>\n\t\t\t\t<\/div>\n\t\t\t\t<div class=\"elementor-element elementor-element-34197d6 elementor-widget elementor-widget-button\" data-id=\"34197d6\" data-element_type=\"widget\" data-e-type=\"widget\" data-widget_type=\"button.default\">\n\t\t\t\t<div class=\"elementor-widget-container\">\n\t\t\t\t\t\t\t\t\t<div class=\"elementor-button-wrapper\">\n\t\t\t\t\t<a class=\"elementor-button elementor-button-link elementor-size-sm\" href=\"https:\/\/www.merriam-webster.com\/\" target=\"_blank\">\n\t\t\t\t\t\t<span class=\"elementor-button-content-wrapper\">\n\t\t\t\t\t\t\t\t\t<span class=\"elementor-button-text\">Diccionario Merriam-Webster<\/span>\n\t\t\t\t\t<\/span>\n\t\t\t\t\t<\/a>\n\t\t\t\t<\/div>\n\t\t\t\t\t\t\t\t<\/div>\n\t\t\t\t<\/div>\n\t\t\t\t<\/div>\n\t\t\t\t<\/div>\n\t\t<div class=\"elementor-element elementor-element-f56ae28 e-con-full e-flex e-con e-child\" data-id=\"f56ae28\" data-element_type=\"container\" data-e-type=\"container\">\n\t\t\t\t<div class=\"elementor-element elementor-element-a02b123 elementor-widget elementor-widget-heading\" data-id=\"a02b123\" data-element_type=\"widget\" data-e-type=\"widget\" data-widget_type=\"heading.default\">\n\t\t\t\t<div class=\"elementor-widget-container\">\n\t\t\t\t\t<h2 class=\"elementor-heading-title elementor-size-default\">Enlaces de libros de ense\u00f1anza<\/h2>\t\t\t\t<\/div>\n\t\t\t\t<\/div>\n\t\t<div class=\"elementor-element elementor-element-6f837e6 e-con-full e-flex e-con e-child\" data-id=\"6f837e6\" data-element_type=\"container\" data-e-type=\"container\">\n\t\t\t\t<div class=\"elementor-element elementor-element-d9e6183 elementor-widget elementor-widget-button\" data-id=\"d9e6183\" data-element_type=\"widget\" data-e-type=\"widget\" data-widget_type=\"button.default\">\n\t\t\t\t<div class=\"elementor-widget-container\">\n\t\t\t\t\t\t\t\t\t<div class=\"elementor-button-wrapper\">\n\t\t\t\t\t<a class=\"elementor-button elementor-button-link elementor-size-sm\" href=\"http:\/\/teachingbooks.net\/MaderaUSD\">\n\t\t\t\t\t\t<span class=\"elementor-button-content-wrapper\">\n\t\t\t\t\t\t\t\t\t<span class=\"elementor-button-text\">Enlace de profesores<\/span>\n\t\t\t\t\t<\/span>\n\t\t\t\t\t<\/a>\n\t\t\t\t<\/div>\n\t\t\t\t\t\t\t\t<\/div>\n\t\t\t\t<\/div>\n\t\t\t\t<div class=\"elementor-element elementor-element-da8b9ed elementor-widget elementor-widget-button\" data-id=\"da8b9ed\" data-element_type=\"widget\" data-e-type=\"widget\" data-widget_type=\"button.default\">\n\t\t\t\t<div class=\"elementor-widget-container\">\n\t\t\t\t\t\t\t\t\t<div class=\"elementor-button-wrapper\">\n\t\t\t\t\t<a class=\"elementor-button elementor-button-link elementor-size-sm\" href=\"https:\/\/www.teachingbooks.net\/\" target=\"_blank\">\n\t\t\t\t\t\t<span class=\"elementor-button-content-wrapper\">\n\t\t\t\t\t\t\t\t\t<span class=\"elementor-button-text\">Enlace de estudiantes<\/span>\n\t\t\t\t\t<\/span>\n\t\t\t\t\t<\/a>\n\t\t\t\t<\/div>\n\t\t\t\t\t\t\t\t<\/div>\n\t\t\t\t<\/div>\n\t\t\t\t<\/div>\n\t\t\t\t<\/div>\n\t\t<div class=\"elementor-element elementor-element-bf566e6 e-con-full e-flex e-con e-child\" data-id=\"bf566e6\" data-element_type=\"container\" data-e-type=\"container\">\n\t\t\t\t<div class=\"elementor-element elementor-element-c686287 elementor-widget elementor-widget-heading\" data-id=\"c686287\" data-element_type=\"widget\" data-e-type=\"widget\" data-widget_type=\"heading.default\">\n\t\t\t\t<div class=\"elementor-widget-container\">\n\t\t\t\t\t<h2 class=\"elementor-heading-title elementor-size-default\">Otros recursos<\/h2>\t\t\t\t<\/div>\n\t\t\t\t<\/div>\n\t\t<div class=\"elementor-element elementor-element-63113a3 e-con-full e-flex e-con e-child\" data-id=\"63113a3\" data-element_type=\"container\" data-e-type=\"container\">\n\t\t\t\t<div class=\"elementor-element elementor-element-7cf5410 elementor-widget__width-initial elementor-widget-mobile__width-initial elementor-widget elementor-widget-image\" data-id=\"7cf5410\" data-element_type=\"widget\" data-e-type=\"widget\" data-widget_type=\"image.default\">\n\t\t\t\t<div class=\"elementor-widget-container\">\n\t\t\t\t\t\t\t\t\t\t\t\t\t\t\t\t<a href=\"https:\/\/abi.madera.k12.ca.us\/parentportal\/LoginParent.aspx\" target=\"_blank\">\n\t\t\t\t\t\t\t<img loading=\"lazy\" decoding=\"async\" width=\"213\" height=\"170\" src=\"https:\/\/mhs.maderausd.org\/wp-content\/uploads\/Site-Images\/Combomark_Transparent.webp\" class=\"attachment-medium size-medium wp-image-851\" alt=\"Marca combinada Aeries\" srcset=\"https:\/\/mhs.maderausd.org\/wp-content\/uploads\/Site-Images\/Combomark_Transparent.webp 213w, https:\/\/mhs.maderausd.org\/wp-content\/uploads\/Site-Images\/Combomark_Transparent-15x12.webp 15w\" sizes=\"(max-width: 213px) 100vw, 213px\" \/>\t\t\t\t\t\t\t\t<\/a>\n\t\t\t\t\t\t\t\t\t\t\t\t\t\t\t<\/div>\n\t\t\t\t<\/div>\n\t\t\t\t<div class=\"elementor-element elementor-element-1121cf5 elementor-widget elementor-widget-button\" data-id=\"1121cf5\" data-element_type=\"widget\" data-e-type=\"widget\" data-widget_type=\"button.default\">\n\t\t\t\t<div class=\"elementor-widget-container\">\n\t\t\t\t\t\t\t\t\t<div class=\"elementor-button-wrapper\">\n\t\t\t\t\t<a class=\"elementor-button elementor-button-link elementor-size-sm\" href=\"https:\/\/www.mla.org\/MLA-Style\" target=\"_blank\">\n\t\t\t\t\t\t<span class=\"elementor-button-content-wrapper\">\n\t\t\t\t\t\t\t\t\t<span class=\"elementor-button-text\">Asociaci\u00f3n de Lenguas Modernas<\/br> (Citas en estilo MLA)<\/span>\n\t\t\t\t\t<\/span>\n\t\t\t\t\t<\/a>\n\t\t\t\t<\/div>\n\t\t\t\t\t\t\t\t<\/div>\n\t\t\t\t<\/div>\n\t\t\t\t<div class=\"elementor-element elementor-element-9a941bc elementor-widget elementor-widget-button\" data-id=\"9a941bc\" data-element_type=\"widget\" data-e-type=\"widget\" data-widget_type=\"button.default\">\n\t\t\t\t<div class=\"elementor-widget-container\">\n\t\t\t\t\t\t\t\t\t<div class=\"elementor-button-wrapper\">\n\t\t\t\t\t<a class=\"elementor-button elementor-button-link elementor-size-sm\" href=\"https:\/\/owl.purdue.edu\/owl\/research_and_citation\/mla_style\/mla_style_introduction.html\" target=\"_blank\">\n\t\t\t\t\t\t<span class=\"elementor-button-content-wrapper\">\n\t\t\t\t\t\t\t\t\t<span class=\"elementor-button-text\">Introducci\u00f3n al estilo MLA<\/br>(Universidad de Purdue)<\/span>\n\t\t\t\t\t<\/span>\n\t\t\t\t\t<\/a>\n\t\t\t\t<\/div>\n\t\t\t\t\t\t\t\t<\/div>\n\t\t\t\t<\/div>\n\t\t\t\t<\/div>\n\t\t\t\t<\/div>\n\t\t\t\t<\/div>\n\t\t\t\t<\/div>\n\t\t\t\t<div class=\"elementor-element elementor-element-c6513d2 elementor-widget__width-inherit elementor-widget elementor-widget-menu-anchor\" data-id=\"c6513d2\" data-element_type=\"widget\" data-e-type=\"widget\" data-widget_type=\"menu-anchor.default\">\n\t\t\t\t<div class=\"elementor-widget-container\">\n\t\t\t\t\t\t\t<div class=\"elementor-menu-anchor\" id=\"accreditation\"><\/div>\n\t\t\t\t\t\t<\/div>\n\t\t\t\t<\/div>\n\t\t<div class=\"elementor-element elementor-element-5606fb7 e-con-full e-flex e-con e-child\" data-id=\"5606fb7\" data-element_type=\"container\" data-e-type=\"container\" data-settings=\"{&quot;background_background&quot;:&quot;gradient&quot;}\">\n\t\t\t\t<div class=\"elementor-element elementor-element-9405250 elementor-widget elementor-widget-heading\" data-id=\"9405250\" data-element_type=\"widget\" data-e-type=\"widget\" data-widget_type=\"heading.default\">\n\t\t\t\t<div class=\"elementor-widget-container\">\n\t\t\t\t\t<h2 class=\"elementor-heading-title elementor-size-default\">Totalmente acreditado por la Asociaci\u00f3n Occidental de Escuelas y Universidades<\/h2>\t\t\t\t<\/div>\n\t\t\t\t<\/div>\n\t\t<div class=\"elementor-element elementor-element-96d8ace e-con-full e-flex e-con e-child\" data-id=\"96d8ace\" data-element_type=\"container\" data-e-type=\"container\">\n\t\t<div class=\"elementor-element elementor-element-8f85558 e-con-full e-flex e-con e-child\" data-id=\"8f85558\" data-element_type=\"container\" data-e-type=\"container\">\n\t\t\t\t<div class=\"elementor-element elementor-element-72b8016 elementor-widget elementor-widget-text-editor\" data-id=\"72b8016\" data-element_type=\"widget\" data-e-type=\"widget\" data-widget_type=\"text-editor.default\">\n\t\t\t\t<div class=\"elementor-widget-container\">\n\t\t\t\t\t\t\t\t\t<p>La acreditaci\u00f3n de un comit\u00e9 de WASC es un logro crucial para cualquier escuela preparatoria. Seg\u00fan WASC, la acreditaci\u00f3n certifica que la escuela es una instituci\u00f3n educativa confiable y valida la integridad de su programa y los expedientes acad\u00e9micos de los estudiantes. Tambi\u00e9n garantiza a la comunidad escolar que los prop\u00f3sitos de la escuela son apropiados y se logran mediante un programa educativo viable.<\/p><p>El comit\u00e9 visit\u00f3 la Preparatoria Madera y examin\u00f3 los programas acad\u00e9micos, las \u00e1reas de apoyo e intervenci\u00f3n, el personal y las actividades extracurriculares de la escuela. El comit\u00e9 WASC entrevist\u00f3 a varios empleados del MUSD, desde el personal de la Preparatoria Madera hasta la administraci\u00f3n de la Oficina del Distrito, para recabar opiniones sobre la Preparatoria Madera.<\/p><p>Una carta enviada por Thomas Beecher, presidente de la comisi\u00f3n WASC, indic\u00f3 que Madera High recibi\u00f3 una acreditaci\u00f3n de seis a\u00f1os &quot;despu\u00e9s de un estudio cuidadoso del informe del comit\u00e9 visitante, que se\u00f1al\u00f3 muchos aspectos loables de la escuela&quot;.<\/p><p>La acreditaci\u00f3n de seis a\u00f1os incluye una revisi\u00f3n de mitad de per\u00edodo, que consiste en un informe escrito de la escuela que describe el progreso logrado en la implementaci\u00f3n del plan de acci\u00f3n de toda la escuela y una visita de un d\u00eda por parte de un equipo WASC de dos miembros.<\/p>\t\t\t\t\t\t\t\t<\/div>\n\t\t\t\t<\/div>\n\t\t\t\t<\/div>\n\t\t<div class=\"elementor-element elementor-element-382dadd e-con-full e-flex e-con e-child\" data-id=\"382dadd\" data-element_type=\"container\" data-e-type=\"container\" data-settings=\"{&quot;background_background&quot;:&quot;classic&quot;}\">\n\t\t\t\t<div class=\"elementor-element elementor-element-fe602fb elementor-widget__width-auto elementor-widget elementor-widget-image\" data-id=\"fe602fb\" data-element_type=\"widget\" data-e-type=\"widget\" data-widget_type=\"image.default\">\n\t\t\t\t<div class=\"elementor-widget-container\">\n\t\t\t\t\t\t\t\t\t\t\t\t\t\t\t<img loading=\"lazy\" decoding=\"async\" width=\"317\" height=\"138\" src=\"https:\/\/mhs.maderausd.org\/wp-content\/uploads\/Third-Party-Images\/WASC.webp\" class=\"attachment-full size-full wp-image-369\" alt=\"Logotipo de WASC\" srcset=\"https:\/\/mhs.maderausd.org\/wp-content\/uploads\/Third-Party-Images\/WASC.webp 317w, https:\/\/mhs.maderausd.org\/wp-content\/uploads\/Third-Party-Images\/WASC-300x131.webp 300w, https:\/\/mhs.maderausd.org\/wp-content\/uploads\/Third-Party-Images\/WASC-18x8.webp 18w\" sizes=\"(max-width: 317px) 100vw, 317px\" \/>\t\t\t\t\t\t\t\t\t\t\t\t\t\t\t<\/div>\n\t\t\t\t<\/div>\n\t\t\t\t<div class=\"elementor-element elementor-element-cb49f31 elementor-widget elementor-widget-text-editor\" data-id=\"cb49f31\" data-element_type=\"widget\" data-e-type=\"widget\" data-widget_type=\"text-editor.default\">\n\t\t\t\t<div class=\"elementor-widget-container\">\n\t\t\t\t\t\t\t\t\t<p><strong>Entre los puntos fuertes de toda la escuela se incluyen:<\/strong><\/p><ul><li><strong>Estructura organizativa:<\/strong> El comit\u00e9 cit\u00f3 que el modelo de escuela profesional permite a los estudiantes perseguir sus intereses individuales mientras se preparan para las opciones postsecundarias.<\/li><li><strong>Compromiso con el \u00e9xito acad\u00e9mico:<\/strong> Todos los estudiantes reciben intervenciones tempranas y m\u00faltiples, fuertes y efectivas.<\/li><li><strong>Pruebas de referencia:<\/strong> La creaci\u00f3n de puntos de referencia garantiza una impartici\u00f3n coherente del curr\u00edculo, una evaluaci\u00f3n precisa del progreso de los estudiantes y un mayor aprendizaje.<\/li><li><strong>Calificador web:<\/strong> El uso de la herramienta Webgrader permite una comunicaci\u00f3n oportuna con padres y estudiantes.<\/li><li><strong>Actividades extracurriculares:<\/strong> Madera High recibi\u00f3 altas calificaciones por una oferta diversa.<\/li><li><strong>Seguridad proactiva:<\/strong>\u00a0La escuela promueve un ambiente seguro y acogedor en el campus. El programa antipandillas tambi\u00e9n fue elogiado.<\/li><li><strong>Paseos de enfoque:<\/strong> Estos permiten que los maestros y administradores visiten las aulas para discutir, colaborar e implementar las mejores pr\u00e1cticas de instrucci\u00f3n.<\/li><\/ul>\t\t\t\t\t\t\t\t<\/div>\n\t\t\t\t<\/div>\n\t\t\t\t<\/div>\n\t\t\t\t<\/div>\n\t\t\t\t<div class=\"elementor-element elementor-element-431accd elementor-widget elementor-widget-menu-anchor\" data-id=\"431accd\" data-element_type=\"widget\" data-e-type=\"widget\" data-widget_type=\"menu-anchor.default\">\n\t\t\t\t<div class=\"elementor-widget-container\">\n\t\t\t\t\t\t\t<div class=\"elementor-menu-anchor\" id=\"ssc\"><\/div>\n\t\t\t\t\t\t<\/div>\n\t\t\t\t<\/div>\n\t\t\t\t<\/div>\n\t\t<div class=\"elementor-element elementor-element-6c62b88 e-grid e-con-full e-con e-child\" data-id=\"6c62b88\" data-element_type=\"container\" data-e-type=\"container\" data-settings=\"{&quot;background_background&quot;:&quot;classic&quot;}\">\n\t\t<div class=\"elementor-element elementor-element-7e00134 e-con-full e-flex e-con e-child\" data-id=\"7e00134\" data-element_type=\"container\" data-e-type=\"container\" data-settings=\"{&quot;background_background&quot;:&quot;classic&quot;}\">\n\t\t\t\t<div class=\"elementor-element elementor-element-aa4514c elementor-widget elementor-widget-heading\" data-id=\"aa4514c\" data-element_type=\"widget\" data-e-type=\"widget\" data-widget_type=\"heading.default\">\n\t\t\t\t<div class=\"elementor-widget-container\">\n\t\t\t\t\t<h2 class=\"elementor-heading-title elementor-size-default\">Consejo del Sitio Escolar (SSC)<\/h2>\t\t\t\t<\/div>\n\t\t\t\t<\/div>\n\t\t<div class=\"elementor-element elementor-element-5366e8b e-con-full e-flex e-con e-child\" data-id=\"5366e8b\" data-element_type=\"container\" data-e-type=\"container\">\n\t\t\t\t<div class=\"elementor-element elementor-element-3b98d39 elementor-widget elementor-widget-image\" data-id=\"3b98d39\" data-element_type=\"widget\" data-e-type=\"widget\" data-widget_type=\"image.default\">\n\t\t\t\t<div class=\"elementor-widget-container\">\n\t\t\t\t\t\t\t\t\t\t\t\t\t\t\t<img loading=\"lazy\" decoding=\"async\" width=\"1080\" height=\"1080\" src=\"https:\/\/mhs.maderausd.org\/wp-content\/uploads\/SSC-24_25-Dates-Graphic.png\" class=\"attachment-full size-full wp-image-1833\" alt=\"reuniones del scc\" srcset=\"https:\/\/mhs.maderausd.org\/wp-content\/uploads\/SSC-24_25-Dates-Graphic.png 1080w, https:\/\/mhs.maderausd.org\/wp-content\/uploads\/SSC-24_25-Dates-Graphic-300x300.png 300w, https:\/\/mhs.maderausd.org\/wp-content\/uploads\/SSC-24_25-Dates-Graphic-1024x1024.png 1024w, https:\/\/mhs.maderausd.org\/wp-content\/uploads\/SSC-24_25-Dates-Graphic-150x150.png 150w, https:\/\/mhs.maderausd.org\/wp-content\/uploads\/SSC-24_25-Dates-Graphic-768x768.png 768w, https:\/\/mhs.maderausd.org\/wp-content\/uploads\/SSC-24_25-Dates-Graphic-12x12.png 12w, https:\/\/mhs.maderausd.org\/wp-content\/uploads\/SSC-24_25-Dates-Graphic-700x700.png 700w\" sizes=\"(max-width: 1080px) 100vw, 1080px\" \/>\t\t\t\t\t\t\t\t\t\t\t\t\t\t\t<\/div>\n\t\t\t\t<\/div>\n\t\t\t\t<div class=\"elementor-element elementor-element-1a4a6cf elementor-widget elementor-widget-button\" data-id=\"1a4a6cf\" data-element_type=\"widget\" data-e-type=\"widget\" data-widget_type=\"button.default\">\n\t\t\t\t<div class=\"elementor-widget-container\">\n\t\t\t\t\t\t\t\t\t<div class=\"elementor-button-wrapper\">\n\t\t\t\t\t<a class=\"elementor-button elementor-button-link elementor-size-sm\" href=\"https:\/\/maderausd.zoom.us\/j\/83484584614\" target=\"_blank\">\n\t\t\t\t\t\t<span class=\"elementor-button-content-wrapper\">\n\t\t\t\t\t\t\t\t\t<span class=\"elementor-button-text\">ZOOM \/ Sala 115<\/span>\n\t\t\t\t\t<\/span>\n\t\t\t\t\t<\/a>\n\t\t\t\t<\/div>\n\t\t\t\t\t\t\t\t<\/div>\n\t\t\t\t<\/div>\n\t\t\t\t<div class=\"elementor-element elementor-element-e2190d3 elementor-widget elementor-widget-button\" data-id=\"e2190d3\" data-element_type=\"widget\" data-e-type=\"widget\" data-widget_type=\"button.default\">\n\t\t\t\t<div class=\"elementor-widget-container\">\n\t\t\t\t\t\t\t\t\t<div class=\"elementor-button-wrapper\">\n\t\t\t\t\t<a class=\"elementor-button elementor-button-link elementor-size-sm\" href=\"\/es\/padres-de-estudiantes\/actas-del-orden-del-dia\/#ssc-agendas\" target=\"_blank\">\n\t\t\t\t\t\t<span class=\"elementor-button-content-wrapper\">\n\t\t\t\t\t\t\t\t\t<span class=\"elementor-button-text\">Agendas<\/span>\n\t\t\t\t\t<\/span>\n\t\t\t\t\t<\/a>\n\t\t\t\t<\/div>\n\t\t\t\t\t\t\t\t<\/div>\n\t\t\t\t<\/div>\n\t\t\t\t<div class=\"elementor-element elementor-element-deaacca elementor-widget elementor-widget-button\" data-id=\"deaacca\" data-element_type=\"widget\" data-e-type=\"widget\" data-widget_type=\"button.default\">\n\t\t\t\t<div class=\"elementor-widget-container\">\n\t\t\t\t\t\t\t\t\t<div class=\"elementor-button-wrapper\">\n\t\t\t\t\t<a class=\"elementor-button elementor-button-link elementor-size-sm\" href=\"\/es\/padres-de-estudiantes\/actas-del-orden-del-dia\/#ssc-minutes\" target=\"_blank\">\n\t\t\t\t\t\t<span class=\"elementor-button-content-wrapper\">\n\t\t\t\t\t\t\t\t\t<span class=\"elementor-button-text\">Minutos<\/span>\n\t\t\t\t\t<\/span>\n\t\t\t\t\t<\/a>\n\t\t\t\t<\/div>\n\t\t\t\t\t\t\t\t<\/div>\n\t\t\t\t<\/div>\n\t\t\t\t<\/div>\n\t\t<div class=\"elementor-element elementor-element-38380c0 e-con-full e-flex e-con e-child\" data-id=\"38380c0\" data-element_type=\"container\" data-e-type=\"container\">\n\t\t\t\t<div class=\"elementor-element elementor-element-2eafa68 elementor-widget__width-inherit elementor-widget elementor-widget-video\" data-id=\"2eafa68\" data-element_type=\"widget\" data-e-type=\"widget\" data-settings=\"{&quot;youtube_url&quot;:&quot;https:\\\/\\\/youtu.be\\\/g6iULRqTj-0&quot;,&quot;video_type&quot;:&quot;youtube&quot;,&quot;controls&quot;:&quot;yes&quot;}\" data-widget_type=\"video.default\">\n\t\t\t\t<div class=\"elementor-widget-container\">\n\t\t\t\t\t\t\t<div class=\"elementor-wrapper elementor-open-inline\">\n\t\t\t<div class=\"elementor-video\"><\/div>\t\t<\/div>\n\t\t\t\t\t\t<\/div>\n\t\t\t\t<\/div>\n\t\t\t\t<div class=\"elementor-element elementor-element-2878a3e elementor-widget elementor-widget-button\" data-id=\"2878a3e\" data-element_type=\"widget\" data-e-type=\"widget\" data-widget_type=\"button.default\">\n\t\t\t\t<div class=\"elementor-widget-container\">\n\t\t\t\t\t\t\t\t\t<div class=\"elementor-button-wrapper\">\n\t\t\t\t\t<a class=\"elementor-button elementor-button-link elementor-size-sm\" href=\"https:\/\/www.youtube.com\/watch?v=Trzl_874_L4\" target=\"_blank\">\n\t\t\t\t\t\t<span class=\"elementor-button-content-wrapper\">\n\t\t\t\t\t\t\t\t\t<span class=\"elementor-button-text\">V\u00eddeo en espa\u00f1ol<\/span>\n\t\t\t\t\t<\/span>\n\t\t\t\t\t<\/a>\n\t\t\t\t<\/div>\n\t\t\t\t\t\t\t\t<\/div>\n\t\t\t\t<\/div>\n\t\t\t\t<div class=\"elementor-element elementor-element-e7ded82 elementor-widget elementor-widget-button\" data-id=\"e7ded82\" data-element_type=\"widget\" data-e-type=\"widget\" data-widget_type=\"button.default\">\n\t\t\t\t<div class=\"elementor-widget-container\">\n\t\t\t\t\t\t\t\t\t<div class=\"elementor-button-wrapper\">\n\t\t\t\t\t<a class=\"elementor-button elementor-button-link elementor-size-sm\" href=\"https:\/\/www.youtube.com\/watch?v=fj7Ys6cKxcY\" target=\"_blank\">\n\t\t\t\t\t\t<span class=\"elementor-button-content-wrapper\">\n\t\t\t\t\t\t\t\t\t<span class=\"elementor-button-text\">\u0a35\u0a40\u0a21\u0a40\u0a13 \u0a2a\u0a70\u0a1c\u0a3e\u0a2c\u0a40 \u0a35\u0a3f\u0a71\u0a1a<\/span>\n\t\t\t\t\t<\/span>\n\t\t\t\t\t<\/a>\n\t\t\t\t<\/div>\n\t\t\t\t\t\t\t\t<\/div>\n\t\t\t\t<\/div>\n\t\t\t\t<div class=\"elementor-element elementor-element-0778524 elementor-widget elementor-widget-button\" data-id=\"0778524\" data-element_type=\"widget\" data-e-type=\"widget\" data-widget_type=\"button.default\">\n\t\t\t\t<div class=\"elementor-widget-container\">\n\t\t\t\t\t\t\t\t\t<div class=\"elementor-button-wrapper\">\n\t\t\t\t\t<a class=\"elementor-button elementor-button-link elementor-size-sm\" href=\"https:\/\/www.youtube.com\/watch?v=caSlaOgWlg0\" target=\"_blank\">\n\t\t\t\t\t\t<span class=\"elementor-button-content-wrapper\">\n\t\t\t\t\t\t\t\t\t<span class=\"elementor-button-text\">V\u00eddeo en mixteco<\/span>\n\t\t\t\t\t<\/span>\n\t\t\t\t\t<\/a>\n\t\t\t\t<\/div>\n\t\t\t\t\t\t\t\t<\/div>\n\t\t\t\t<\/div>\n\t\t\t\t<\/div>\n\t\t\t\t<div class=\"elementor-element elementor-element-957df8d premium-unfold-btn-inside elementor-widget elementor-widget-premium-unfold-addon\" data-id=\"957df8d\" data-element_type=\"widget\" data-e-type=\"widget\" data-settings=\"{&quot;premium_unfold_button_fold_text&quot;:&quot;Show more \\\/ Ver m\\u00e1s&quot;,&quot;premium_unfold_button_unfold_text&quot;:&quot;Show Less \\\/ Mostrar menos&quot;,&quot;premium_unfold_fold_height_select&quot;:&quot;pixel&quot;,&quot;premium_unfold_fold_height_pix&quot;:200,&quot;premium_unfold_fold_height_pix_tablet&quot;:100,&quot;premium_unfold_fold_height_pix_mobile&quot;:100,&quot;premium_unfold_fold_dur_select&quot;:&quot;fast&quot;,&quot;premium_unfold_fold_easing&quot;:&quot;swing&quot;,&quot;premium_unfold_unfold_dur_select&quot;:&quot;fast&quot;,&quot;premium_unfold_unfold_easing&quot;:&quot;swing&quot;}\" data-widget_type=\"premium-unfold-addon.default\">\n\t\t\t\t<div class=\"elementor-widget-container\">\n\t\t\t\t\t\r\n\t\t<div class='premium-unfold-container'>\r\n\t\t\t<div class='premium-unfold-folder'>\r\n\t\t\t\t\r\n\t\t\t\t<div id=\"premium-unfold-content-957df8d\" class=\"premium-unfold-content toggled\">\r\n\t\t\t\t\t<div class=\"premium-unfold-content-wrap\">\r\n\t\t\t\t\t\t\t\t\t\t\t\t\t<p><strong>El Consejo del Sitio Escolar (o SSC)<\/strong> Es un componente muy importante de la Preparatoria Madera. La funci\u00f3n del Consejo Escolar (SSC) es desarrollar, implementar y evaluar la eficacia de nuestro Plan \u00danico para el Logro Estudiantil (SPSA), modificar las mejoras y las asignaciones presupuestarias del T\u00edtulo I, as\u00ed como otras funciones asignadas por el C\u00f3digo de Educaci\u00f3n del Estado de California. Las reuniones se celebran al menos cuatro veces al a\u00f1o y son p\u00fablicas. El SSC est\u00e1 compuesto por 10 miembros: un administrador, cuatro miembros del personal escolar y cinco padres.<\/p><hr \/><p><strong>El Concilio Escolar (SSC)<\/strong>\u00a0es un componente muy importante Madera High. El papel del Concilio Escolar es desarrollar, implementar y evaluar la efectividad del Plan \u00danico de Rendimiento Estudiantil (SPSA), modificar iniciativas para mejorar la educaci\u00f3n de los estudiantes y el presupuesto de fondos de T\u00edtulo I, as\u00ed como otras tareas asignadas por el C\u00f3digo de Educaci\u00f3n del Estado de California.  Las reuniones se llevan a cabo al menos 4 veces al a\u00f1o y est\u00e1n abiertas al p\u00fablico. El SSC est\u00e1 compuesto por 10 miembros: 1 administrador, 4 miembros del personal escolar y 5 padres\/tutores de familia.<\/p><hr \/>\t\t\t\t\t\t\t\t\t\t\t\t<\/div>\r\n\t\t\t\t<\/div>\r\n\t\t\t\t\t\t\t\t<div id=\"premium-unfold-gradient-957df8d\" class=\"premium-unfold-gradient toggled\"><\/div>\r\n\t\t\t\t\t\t\t<\/div>\r\n\t\t\t\t<a class=\"premium-button premium-btn-sm\" href=\"javascript:;\" aria-label=\"Mostrar m\u00e1s \/ Ver m\u00e1s\">\r\n\t\t\t\t\t<span class=\"premium-unfold-button-text\"><\/span>\r\n\t\t\t\t<\/a>\r\n\t\t\t\t<\/div>\r\n\t\t\r\n\t\t\t\t\t\t\t\t<\/div>\n\t\t\t\t<\/div>\n\t\t\t\t<\/div>\n\t\t<div class=\"elementor-element elementor-element-7e5ba93 e-con-full e-flex e-con e-child\" data-id=\"7e5ba93\" data-element_type=\"container\" data-e-type=\"container\" data-settings=\"{&quot;background_background&quot;:&quot;classic&quot;}\">\n\t\t\t\t<div class=\"elementor-element elementor-element-f6e7b59 elementor-widget elementor-widget-heading\" data-id=\"f6e7b59\" data-element_type=\"widget\" data-e-type=\"widget\" data-widget_type=\"heading.default\">\n\t\t\t\t<div class=\"elementor-widget-container\">\n\t\t\t\t\t<h2 class=\"elementor-heading-title elementor-size-default\">Consejo Asesor del Idioma Ingl\u00e9s (ELAC)<\/h2>\t\t\t\t<\/div>\n\t\t\t\t<\/div>\n\t\t<div class=\"elementor-element elementor-element-21b7495 e-con-full e-flex e-con e-child\" data-id=\"21b7495\" data-element_type=\"container\" data-e-type=\"container\">\n\t\t\t\t<div class=\"elementor-element elementor-element-97c4068 elementor-widget elementor-widget-image\" data-id=\"97c4068\" data-element_type=\"widget\" data-e-type=\"widget\" data-widget_type=\"image.default\">\n\t\t\t\t<div class=\"elementor-widget-container\">\n\t\t\t\t\t\t\t\t\t\t\t\t\t\t\t<img loading=\"lazy\" decoding=\"async\" width=\"1024\" height=\"1024\" src=\"https:\/\/mhs.maderausd.org\/wp-content\/uploads\/ELAC-2526-Dates-1024x1024.png\" class=\"attachment-large size-large wp-image-1877\" alt=\"\" srcset=\"https:\/\/mhs.maderausd.org\/wp-content\/uploads\/ELAC-2526-Dates-1024x1024.png 1024w, https:\/\/mhs.maderausd.org\/wp-content\/uploads\/ELAC-2526-Dates-300x300.png 300w, https:\/\/mhs.maderausd.org\/wp-content\/uploads\/ELAC-2526-Dates-150x150.png 150w, https:\/\/mhs.maderausd.org\/wp-content\/uploads\/ELAC-2526-Dates-768x768.png 768w, https:\/\/mhs.maderausd.org\/wp-content\/uploads\/ELAC-2526-Dates-12x12.png 12w, https:\/\/mhs.maderausd.org\/wp-content\/uploads\/ELAC-2526-Dates-700x700.png 700w, https:\/\/mhs.maderausd.org\/wp-content\/uploads\/ELAC-2526-Dates.png 1080w\" sizes=\"(max-width: 1024px) 100vw, 1024px\" \/>\t\t\t\t\t\t\t\t\t\t\t\t\t\t\t<\/div>\n\t\t\t\t<\/div>\n\t\t\t\t<div class=\"elementor-element elementor-element-6a8227b elementor-widget elementor-widget-button\" data-id=\"6a8227b\" data-element_type=\"widget\" data-e-type=\"widget\" data-widget_type=\"button.default\">\n\t\t\t\t<div class=\"elementor-widget-container\">\n\t\t\t\t\t\t\t\t\t<div class=\"elementor-button-wrapper\">\n\t\t\t\t\t<a class=\"elementor-button elementor-button-link elementor-size-sm\" href=\"\/es\/padres-de-estudiantes\/actas-del-orden-del-dia\/#elac-agendas\" target=\"_blank\">\n\t\t\t\t\t\t<span class=\"elementor-button-content-wrapper\">\n\t\t\t\t\t\t\t\t\t<span class=\"elementor-button-text\">Agendas<\/span>\n\t\t\t\t\t<\/span>\n\t\t\t\t\t<\/a>\n\t\t\t\t<\/div>\n\t\t\t\t\t\t\t\t<\/div>\n\t\t\t\t<\/div>\n\t\t\t\t<div class=\"elementor-element elementor-element-241759b elementor-widget elementor-widget-button\" data-id=\"241759b\" data-element_type=\"widget\" data-e-type=\"widget\" data-widget_type=\"button.default\">\n\t\t\t\t<div class=\"elementor-widget-container\">\n\t\t\t\t\t\t\t\t\t<div class=\"elementor-button-wrapper\">\n\t\t\t\t\t<a class=\"elementor-button elementor-button-link elementor-size-sm\" href=\"\/es\/padres-de-estudiantes\/actas-del-orden-del-dia\/#elac-minutes\" target=\"_blank\">\n\t\t\t\t\t\t<span class=\"elementor-button-content-wrapper\">\n\t\t\t\t\t\t\t\t\t<span class=\"elementor-button-text\">Minutos<\/span>\n\t\t\t\t\t<\/span>\n\t\t\t\t\t<\/a>\n\t\t\t\t<\/div>\n\t\t\t\t\t\t\t\t<\/div>\n\t\t\t\t<\/div>\n\t\t\t\t<div class=\"elementor-element elementor-element-a6bc5c2 elementor-widget elementor-widget-button\" data-id=\"a6bc5c2\" data-element_type=\"widget\" data-e-type=\"widget\" data-widget_type=\"button.default\">\n\t\t\t\t<div class=\"elementor-widget-container\">\n\t\t\t\t\t\t\t\t\t<div class=\"elementor-button-wrapper\">\n\t\t\t\t\t<a class=\"elementor-button elementor-button-link elementor-size-sm\" href=\"\/es\/padres-de-estudiantes\/actas-del-orden-del-dia\/#bylaws\" target=\"_blank\">\n\t\t\t\t\t\t<span class=\"elementor-button-content-wrapper\">\n\t\t\t\t\t\t\t\t\t<span class=\"elementor-button-text\">ESTATUTOS<\/span>\n\t\t\t\t\t<\/span>\n\t\t\t\t\t<\/a>\n\t\t\t\t<\/div>\n\t\t\t\t\t\t\t\t<\/div>\n\t\t\t\t<\/div>\n\t\t\t\t<\/div>\n\t\t<div class=\"elementor-element elementor-element-c413d36 e-con-full e-flex e-con e-child\" data-id=\"c413d36\" data-element_type=\"container\" data-e-type=\"container\">\n\t\t\t\t<div class=\"elementor-element elementor-element-7d41a40 elementor-widget__width-inherit elementor-widget elementor-widget-video\" data-id=\"7d41a40\" data-element_type=\"widget\" data-e-type=\"widget\" data-settings=\"{&quot;youtube_url&quot;:&quot;https:\\\/\\\/youtu.be\\\/veFfYSr7_Rs&quot;,&quot;video_type&quot;:&quot;youtube&quot;,&quot;controls&quot;:&quot;yes&quot;}\" data-widget_type=\"video.default\">\n\t\t\t\t<div class=\"elementor-widget-container\">\n\t\t\t\t\t\t\t<div class=\"elementor-wrapper elementor-open-inline\">\n\t\t\t<div class=\"elementor-video\"><\/div>\t\t<\/div>\n\t\t\t\t\t\t<\/div>\n\t\t\t\t<\/div>\n\t\t\t\t<div class=\"elementor-element elementor-element-0528df7 elementor-widget elementor-widget-button\" data-id=\"0528df7\" data-element_type=\"widget\" data-e-type=\"widget\" data-widget_type=\"button.default\">\n\t\t\t\t<div class=\"elementor-widget-container\">\n\t\t\t\t\t\t\t\t\t<div class=\"elementor-button-wrapper\">\n\t\t\t\t\t<a class=\"elementor-button elementor-button-link elementor-size-sm\" href=\"https:\/\/www.youtube.com\/watch?v=9IZLu-w7k9A\" target=\"_blank\">\n\t\t\t\t\t\t<span class=\"elementor-button-content-wrapper\">\n\t\t\t\t\t\t\t\t\t<span class=\"elementor-button-text\">V\u00eddeo en espa\u00f1ol<\/span>\n\t\t\t\t\t<\/span>\n\t\t\t\t\t<\/a>\n\t\t\t\t<\/div>\n\t\t\t\t\t\t\t\t<\/div>\n\t\t\t\t<\/div>\n\t\t\t\t<div class=\"elementor-element elementor-element-7659301 elementor-widget elementor-widget-button\" data-id=\"7659301\" data-element_type=\"widget\" data-e-type=\"widget\" data-widget_type=\"button.default\">\n\t\t\t\t<div class=\"elementor-widget-container\">\n\t\t\t\t\t\t\t\t\t<div class=\"elementor-button-wrapper\">\n\t\t\t\t\t<a class=\"elementor-button elementor-button-link elementor-size-sm\" href=\"https:\/\/www.youtube.com\/watch?v=CBRHx1AtCEc\" target=\"_blank\">\n\t\t\t\t\t\t<span class=\"elementor-button-content-wrapper\">\n\t\t\t\t\t\t\t\t\t<span class=\"elementor-button-text\">\u0a35\u0a40\u0a21\u0a40\u0a13 \u0a2a\u0a70\u0a1c\u0a3e\u0a2c\u0a40 \u0a35\u0a3f\u0a71\u0a1a<\/span>\n\t\t\t\t\t<\/span>\n\t\t\t\t\t<\/a>\n\t\t\t\t<\/div>\n\t\t\t\t\t\t\t\t<\/div>\n\t\t\t\t<\/div>\n\t\t\t\t<div class=\"elementor-element elementor-element-d4a0834 elementor-widget elementor-widget-button\" data-id=\"d4a0834\" data-element_type=\"widget\" data-e-type=\"widget\" data-widget_type=\"button.default\">\n\t\t\t\t<div class=\"elementor-widget-container\">\n\t\t\t\t\t\t\t\t\t<div class=\"elementor-button-wrapper\">\n\t\t\t\t\t<a class=\"elementor-button elementor-button-link elementor-size-sm\" href=\"https:\/\/www.youtube.com\/watch?v=abVt75TtUtU\" target=\"_blank\">\n\t\t\t\t\t\t<span class=\"elementor-button-content-wrapper\">\n\t\t\t\t\t\t\t\t\t<span class=\"elementor-button-text\">V\u00eddeo en mixteco<\/span>\n\t\t\t\t\t<\/span>\n\t\t\t\t\t<\/a>\n\t\t\t\t<\/div>\n\t\t\t\t\t\t\t\t<\/div>\n\t\t\t\t<\/div>\n\t\t\t\t<\/div>\n\t\t\t\t<div class=\"elementor-element elementor-element-ca953ea premium-unfold-btn-inside elementor-widget elementor-widget-premium-unfold-addon\" data-id=\"ca953ea\" data-element_type=\"widget\" data-e-type=\"widget\" data-settings=\"{&quot;premium_unfold_button_fold_text&quot;:&quot;Show more \\\/ Ver m\\u00e1s&quot;,&quot;premium_unfold_button_unfold_text&quot;:&quot;Show Less \\\/ Mostrar menos&quot;,&quot;premium_unfold_fold_height_select&quot;:&quot;pixel&quot;,&quot;premium_unfold_fold_height_pix&quot;:200,&quot;premium_unfold_fold_height_pix_tablet&quot;:100,&quot;premium_unfold_fold_height_pix_mobile&quot;:100,&quot;premium_unfold_fold_dur_select&quot;:&quot;fast&quot;,&quot;premium_unfold_fold_easing&quot;:&quot;swing&quot;,&quot;premium_unfold_unfold_dur_select&quot;:&quot;fast&quot;,&quot;premium_unfold_unfold_easing&quot;:&quot;swing&quot;}\" data-widget_type=\"premium-unfold-addon.default\">\n\t\t\t\t<div class=\"elementor-widget-container\">\n\t\t\t\t\t\r\n\t\t<div class='premium-unfold-container'>\r\n\t\t\t<div class='premium-unfold-folder'>\r\n\t\t\t\t\r\n\t\t\t\t<div id=\"premium-unfold-content-ca953ea\" class=\"premium-unfold-content toggled\">\r\n\t\t\t\t\t<div class=\"premium-unfold-content-wrap\">\r\n\t\t\t\t\t\t\t\t\t\t\t\t\t<p><strong>Padres de familia de Madera High,<\/strong><\/p><p>Por favor, asista a nuestra reuni\u00f3n del ELAC (Comit\u00e9 Asesor de Estudiantes de Ingl\u00e9s). Agradecer\u00edamos mucho su asistencia a esta reuni\u00f3n informativa. Invitamos y animamos a todos los padres de estudiantes de ingl\u00e9s a asistir. La reuni\u00f3n deber\u00eda durar entre 30 y 40 minutos. El distrito presta mucha atenci\u00f3n al n\u00famero de padres que asisten a nuestras diversas reuniones en cada escuela, y nos gustar\u00eda que la Escuela Primaria Washington recibiera una alta calificaci\u00f3n por la gran asistencia de padres. \u00a0<\/p><p>Esperamos contar con su asistencia, sus aportaciones y sus preguntas.<\/p><hr \/><p><strong>El Comit\u00e9 Asesor de Estudiantes de Ingl\u00e9s (ELAC)<\/strong>\u00a0Es un comit\u00e9 de padres electos, personal y miembros de la comunidad espec\u00edficamente designados para asesorar a los funcionarios escolares sobre los servicios del programa para estudiantes de ingl\u00e9s.<\/p><p>ELAC ser\u00e1 responsable de asesorar al director y al personal sobre los programas y servicios para estudiantes de ingl\u00e9s y al Consejo del Sitio Escolar sobre el desarrollo del Plan Escolar \u00danico para el Logro Estudiantil (SPSA).<\/p><p><strong>El ELAC ayudar\u00e1 a la escuela con:<\/strong><\/p><ul><li>La evaluaci\u00f3n de necesidades de la escuela<\/li><li>C\u00f3mo entender los informes anuales de datos de estudiantes de ingl\u00e9s de la escuela \u00a0<\/li><li>Formas de concienciar a los padres sobre la importancia de la asistencia regular a la escuela<\/li><\/ul><hr \/><p><strong>El Comit\u00e9 Consejero de Aprendizajes de Ingl\u00e9s (ELAC)<\/strong>\u00a0es un comit\u00e9 compuesto por padres electos, personales y miembros de la comunidad designados espec\u00edficamente para asesorar a los funcionarios escolares sobre los servicios del programa para estudiantes de ingl\u00e9s.<\/p><p>El ELAC ser\u00e1 responsable de asesorar al director y al personal sobre los programas y servicios para los estudiantes de aprendices de ingl\u00e9s y el Concilio Escolar sobre el desarrollo del Plan Escolar \u00danico para el Rendimiento Estudiantil (SPSA).<\/p><p><strong>El ELAC ayudar\u00e1 a la escuela con:<\/strong><\/p><ul><li>Evaluaci\u00f3n de necesidades de la escuela<\/li><li>Comprender los informes anuales de datos de los estudiantes de aprendices de ingl\u00e9s de la escuela.<\/li><li>Formas de notificaci\u00f3n a los padres de la importancia de la asistencia regular a la escuela<\/li><\/ul>\t\t\t\t\t\t\t\t\t\t\t\t<\/div>\r\n\t\t\t\t<\/div>\r\n\t\t\t\t\t\t\t\t<div id=\"premium-unfold-gradient-ca953ea\" class=\"premium-unfold-gradient toggled\"><\/div>\r\n\t\t\t\t\t\t\t<\/div>\r\n\t\t\t\t<a class=\"premium-button premium-btn-sm\" href=\"javascript:;\" aria-label=\"Mostrar m\u00e1s \/ Ver m\u00e1s\">\r\n\t\t\t\t\t<span class=\"premium-unfold-button-text\"><\/span>\r\n\t\t\t\t<\/a>\r\n\t\t\t\t<\/div>\r\n\t\t\r\n\t\t\t\t\t\t\t\t<\/div>\n\t\t\t\t<\/div>\n\t\t\t\t<div class=\"elementor-element elementor-element-6c95d03 elementor-widget elementor-widget-menu-anchor\" data-id=\"6c95d03\" data-element_type=\"widget\" data-e-type=\"widget\" data-widget_type=\"menu-anchor.default\">\n\t\t\t\t<div class=\"elementor-widget-container\">\n\t\t\t\t\t\t\t<div class=\"elementor-menu-anchor\" id=\"sarc\"><\/div>\n\t\t\t\t\t\t<\/div>\n\t\t\t\t<\/div>\n\t\t\t\t<\/div>\n\t\t\t\t<\/div>\n\t\t<div class=\"elementor-element elementor-element-0ab80fc e-grid e-con-full e-con e-child\" data-id=\"0ab80fc\" data-element_type=\"container\" data-e-type=\"container\" data-settings=\"{&quot;background_background&quot;:&quot;classic&quot;}\">\n\t\t<div class=\"elementor-element elementor-element-36e5bb5 e-con-full e-flex e-con e-child\" data-id=\"36e5bb5\" data-element_type=\"container\" data-e-type=\"container\" data-settings=\"{&quot;background_background&quot;:&quot;classic&quot;}\">\n\t\t\t\t<div class=\"elementor-element elementor-element-9f6916e elementor-widget elementor-widget-heading\" data-id=\"9f6916e\" data-element_type=\"widget\" data-e-type=\"widget\" data-widget_type=\"heading.default\">\n\t\t\t\t<div class=\"elementor-widget-container\">\n\t\t\t\t\t<h2 class=\"elementor-heading-title elementor-size-default\">Informe de Responsabilidad Escolar (SARC)<\/h2>\t\t\t\t<\/div>\n\t\t\t\t<\/div>\n\t\t\t\t<div class=\"elementor-element elementor-element-33cddc5 elementor-align-center elementor-widget__width-inherit elementor-mobile-align-center elementor-widget elementor-widget-embedpress_pdf\" data-id=\"33cddc5\" data-element_type=\"widget\" data-e-type=\"widget\" data-widget_type=\"embedpress_pdf.default\">\n\t\t\t\t<div class=\"elementor-widget-container\">\n\t\t\t\t\t    <div class=\"embedpress-document-embed ep-doc-8c5fd59924cada0d7eec1b4c7d951ee5 ose-document emebedpress-unit-percent\" data-thememode=\"default\" data-customcolor=\"\" data-toolbar=\"yes\" data-toolbar-position=\"top\" data-open=\"no\" data-presentation-mode=\"yes\" data-download=\"yes\" data-copy=\"yes\" data-add-image=\"yes\" data-rotate=\"yes\" data-details=\"yes\" data-id=\"embedpress-pdf-33cddc5\" data-selection-tool=\"0\" data-scrolling=\"0\" data-spreads=\"-1\" style=\" max-width:100%; display: inline-block\">\n\n        \n                <div >\n\n                    <div id=\"ep-elementor-content-33cddc5\" class=\"ep-elementor-content   ep-percentage-width   ep-content-protection-disabled\">\n                        <div id=\"33cddc5\" class=\"ep-embed-content-wraper\">\n                            <div><iframe title=\"Informe de Responsabilidad Escolar 2025, Escuela Secundaria Madera, 20251218\" class=\"embedpress-embed-document-pdf embedpress-pdf-33cddc5\" style=\"width: 600%!important;height: 500px;; max-width:100%; display: inline-block\" src=\"https:\/\/mhs.maderausd.org\/wp-admin\/admin-ajax.php?action=get_viewer&#038;file=https%3A%2F%2Fmhs.maderausd.org%2Fwp-content%2Fuploads%2F2025_School_Accountability_Report_Card_Madera_High_School_20251218.pdf&#038;scrolling=0&#038;selection_tool=0&#038;spreads=-1#key=dGhlbWVNb2RlPWRlZmF1bHQmdG9vbGJhcj10cnVlJnBvc2l0aW9uPXRvcCZwcmVzZW50YXRpb249dHJ1ZSZsYXp5TG9hZD1mYWxzZSZkb3dubG9hZD15ZXMmY29weV90ZXh0PXllcyZhZGRfdGV4dD10cnVlJmRyYXc9eWVzJmFkZF9pbWFnZT10cnVlJnBkZl9yb3RhdGlvbj10cnVlJnBkZl9kZXRhaWxzPXRydWUmem9vbV9pbj10cnVlJnpvb21fb3V0PXRydWUmZml0X3ZpZXc9dHJ1ZSZib29rbWFyaz10cnVlJnNvdW5kPXRydWUmZmxpcGJvb2tfdG9vbGJhcl9wb3NpdGlvbj1ib3R0b20mc2VsZWN0aW9uX3Rvb2w9MCZzY3JvbGxpbmc9MCZzcHJlYWRzPS0xJmlzX3Byb19hY3RpdmU9MQ==&#038;zoom=page-fit\" data-emid=\"embedpress-pdf-33cddc5\" data-embed-type=\"PDF\" frameborder=\"0\"><\/iframe><\/div>                        <\/div>\n\n                    <\/div>\n\n\n                   \n                <\/div>\n            \n    <\/div>\n\n\t\t\t\t<\/div>\n\t\t\t\t<\/div>\n\t\t\t\t<\/div>\n\t\t<div class=\"elementor-element elementor-element-f5b4124 e-con-full e-flex e-con e-child\" data-id=\"f5b4124\" data-element_type=\"container\" data-e-type=\"container\" data-settings=\"{&quot;background_background&quot;:&quot;classic&quot;}\">\n\t\t\t\t<div class=\"elementor-element elementor-element-ad5e1c2 elementor-widget elementor-widget-heading\" data-id=\"ad5e1c2\" data-element_type=\"widget\" data-e-type=\"widget\" data-widget_type=\"heading.default\">\n\t\t\t\t<div class=\"elementor-widget-container\">\n\t\t\t\t\t<h2 class=\"elementor-heading-title elementor-size-default\">Plan Escolar para el Logro Estudiantil (SPSA)<\/h2>\t\t\t\t<\/div>\n\t\t\t\t<\/div>\n\t\t\t\t<div class=\"elementor-element elementor-element-7c57f92 elementor-align-center elementor-widget__width-inherit elementor-widget elementor-widget-embedpress_pdf\" data-id=\"7c57f92\" data-element_type=\"widget\" data-e-type=\"widget\" data-widget_type=\"embedpress_pdf.default\">\n\t\t\t\t<div class=\"elementor-widget-container\">\n\t\t\t\t\t    <div class=\"embedpress-document-embed ep-doc-6f4379d9afdb4d852e0376a2995b4f58 ose-document emebedpress-unit-percent\" data-thememode=\"default\" data-customcolor=\"\" data-toolbar=\"yes\" data-toolbar-position=\"top\" data-open=\"no\" data-presentation-mode=\"yes\" data-download=\"yes\" data-copy=\"yes\" data-add-image=\"yes\" data-rotate=\"yes\" data-details=\"yes\" data-id=\"embedpress-pdf-7c57f92\" data-selection-tool=\"0\" data-scrolling=\"0\" data-spreads=\"-1\" style=\" max-width:100%; display: inline-block\">\n\n        \n                <div >\n\n                    <div id=\"ep-elementor-content-7c57f92\" class=\"ep-elementor-content   ep-percentage-width   ep-content-protection-disabled\">\n                        <div id=\"7c57f92\" class=\"ep-embed-content-wraper\">\n                            <div><iframe title=\"Plan \u00danico para el Desarrollo Profesional (SPSA) 22-9-2025\" class=\"embedpress-embed-document-pdf embedpress-pdf-7c57f92\" style=\"width: 600%!important;height: 500px;; max-width:100%; display: inline-block\" src=\"https:\/\/mhs.maderausd.org\/wp-admin\/admin-ajax.php?action=get_viewer&#038;file=https%3A%2F%2Fmhs.maderausd.org%2Fwp-content%2Fuploads%2FSPSA-9-22-2025.pdf&#038;scrolling=0&#038;selection_tool=0&#038;spreads=-1#key=dGhlbWVNb2RlPWRlZmF1bHQmdG9vbGJhcj10cnVlJnBvc2l0aW9uPXRvcCZwcmVzZW50YXRpb249dHJ1ZSZsYXp5TG9hZD1mYWxzZSZkb3dubG9hZD15ZXMmY29weV90ZXh0PXllcyZhZGRfdGV4dD10cnVlJmRyYXc9eWVzJmFkZF9pbWFnZT10cnVlJnBkZl9yb3RhdGlvbj10cnVlJnBkZl9kZXRhaWxzPXRydWUmem9vbV9pbj10cnVlJnpvb21fb3V0PXRydWUmZml0X3ZpZXc9dHJ1ZSZib29rbWFyaz10cnVlJnNvdW5kPXRydWUmZmxpcGJvb2tfdG9vbGJhcl9wb3NpdGlvbj1ib3R0b20mc2VsZWN0aW9uX3Rvb2w9MCZzY3JvbGxpbmc9MCZzcHJlYWRzPS0xJmlzX3Byb19hY3RpdmU9MQ==&#038;zoom=page-fit\" data-emid=\"embedpress-pdf-7c57f92\" data-embed-type=\"PDF\" frameborder=\"0\"><\/iframe><\/div>                        <\/div>\n\n                    <\/div>\n\n\n                   \n                <\/div>\n            \n    <\/div>\n\n\t\t\t\t<\/div>\n\t\t\t\t<\/div>\n\t\t\t\t<\/div>\n\t\t<div class=\"elementor-element elementor-element-ef23a28 e-con-full e-flex e-con e-child\" data-id=\"ef23a28\" data-element_type=\"container\" data-e-type=\"container\" data-settings=\"{&quot;background_background&quot;:&quot;classic&quot;}\">\n\t\t\t\t<div class=\"elementor-element elementor-element-9f4928e elementor-widget elementor-widget-heading\" data-id=\"9f4928e\" data-element_type=\"widget\" data-e-type=\"widget\" data-widget_type=\"heading.default\">\n\t\t\t\t<div class=\"elementor-widget-container\">\n\t\t\t\t\t<h2 class=\"elementor-heading-title elementor-size-default\">Plan de Manejo Integrado de Plagas<\/h2>\t\t\t\t<\/div>\n\t\t\t\t<\/div>\n\t\t\t\t<div class=\"elementor-element elementor-element-b92c37e elementor-align-center elementor-widget__width-inherit elementor-widget elementor-widget-embedpress_pdf\" data-id=\"b92c37e\" data-element_type=\"widget\" data-e-type=\"widget\" data-widget_type=\"embedpress_pdf.default\">\n\t\t\t\t<div class=\"elementor-widget-container\">\n\t\t\t\t\t    <div class=\"embedpress-document-embed ep-doc-525aa210b5c8158d0cb9a729227536b0 ose-document emebedpress-unit-percent\" data-thememode=\"default\" data-customcolor=\"\" data-toolbar=\"yes\" data-toolbar-position=\"top\" data-open=\"no\" data-presentation-mode=\"yes\" data-download=\"yes\" data-copy=\"yes\" data-add-image=\"yes\" data-rotate=\"yes\" data-details=\"yes\" data-id=\"embedpress-pdf-b92c37e\" data-selection-tool=\"0\" data-scrolling=\"0\" data-spreads=\"-1\" style=\" max-width:100%; display: inline-block\">\n\n        \n                <div >\n\n                    <div id=\"ep-elementor-content-b92c37e\" class=\"ep-elementor-content   ep-percentage-width   ep-content-protection-disabled\">\n                        <div id=\"b92c37e\" class=\"ep-embed-content-wraper\">\n                            <div><iframe title=\"Plan de Manejo Integrado de Plagas\" class=\"embedpress-embed-document-pdf embedpress-pdf-b92c37e\" style=\"width: 600%!important;height: 500px;; max-width:100%; display: inline-block\" src=\"https:\/\/mhs.maderausd.org\/wp-admin\/admin-ajax.php?action=get_viewer&#038;file=https%3A%2F%2Fmhs.maderausd.org%2Fwp-content%2Fuploads%2FDocuments%2FIntegrated_Pest_Management_Plan.pdf&#038;scrolling=0&#038;selection_tool=0&#038;spreads=-1#key=dGhlbWVNb2RlPWRlZmF1bHQmdG9vbGJhcj10cnVlJnBvc2l0aW9uPXRvcCZwcmVzZW50YXRpb249dHJ1ZSZsYXp5TG9hZD1mYWxzZSZkb3dubG9hZD15ZXMmY29weV90ZXh0PXllcyZhZGRfdGV4dD10cnVlJmRyYXc9eWVzJmFkZF9pbWFnZT10cnVlJnBkZl9yb3RhdGlvbj10cnVlJnBkZl9kZXRhaWxzPXRydWUmem9vbV9pbj10cnVlJnpvb21fb3V0PXRydWUmZml0X3ZpZXc9dHJ1ZSZib29rbWFyaz10cnVlJnNvdW5kPXRydWUmZmxpcGJvb2tfdG9vbGJhcl9wb3NpdGlvbj1ib3R0b20mc2VsZWN0aW9uX3Rvb2w9MCZzY3JvbGxpbmc9MCZzcHJlYWRzPS0xJmlzX3Byb19hY3RpdmU9MQ==&#038;zoom=page-fit\" data-emid=\"embedpress-pdf-b92c37e\" data-embed-type=\"PDF\" frameborder=\"0\"><\/iframe><\/div>                        <\/div>\n\n                    <\/div>\n\n\n                   \n                <\/div>\n            \n    <\/div>\n\n\t\t\t\t<\/div>\n\t\t\t\t<\/div>\n\t\t\t\t<\/div>\n\t\t\t\t<\/div>\n\t\t\t\t<\/div>\n\t\t\t\t<\/div>","protected":false},"excerpt":{"rendered":"<p>Mrs. Robyn Cosgrove Principal (559) 675-4444 robyncosgrove@maderausd.org Principal&#8217;s Message Welcome to Madera High School! \u00a0With more than 100 years of Coyote tradition, our goal is to continue to strive towards&#8230;<\/p>","protected":false},"author":4,"featured_media":0,"parent":0,"menu_order":1,"comment_status":"closed","ping_status":"closed","template":"elementor_header_footer","meta":{"tpgb_global_settings":"","inline_featured_image":false,"_price":"","_stock":"","_tribe_ticket_header":"","_tribe_default_ticket_provider":"","_ticket_start_date":"","_ticket_end_date":"","_tribe_ticket_show_description":"","_tribe_ticket_show_not_going":false,"_tribe_ticket_use_global_stock":"","_tribe_ticket_global_stock_level":"","_global_stock_mode":"","_global_stock_cap":"","_tribe_rsvp_for_event":"","_tribe_ticket_going_count":"","_tribe_ticket_not_going_count":"","_tribe_tickets_list":"[]","_tribe_ticket_has_attendee_info_fields":false,"_kad_post_transparent":"","_kad_post_title":"","_kad_post_layout":"","_kad_post_sidebar_id":"","_kad_post_content_style":"","_kad_post_vertical_padding":"","_kad_post_feature":"","_kad_post_feature_position":"","_kad_post_header":false,"_kad_post_footer":false,"footnotes":"","_tec_slr_enabled":"","_tec_slr_layout":""},"class_list":["post-92","page","type-page","status-publish","hentry"],"yoast_head":"<!-- This site is optimized with the Yoast SEO plugin v26.9 - https:\/\/yoast.com\/product\/yoast-seo-wordpress\/ -->\n<title>Our School | Madera High School<\/title>\n<meta name=\"robots\" content=\"index, follow, max-snippet:-1, max-image-preview:large, max-video-preview:-1\" \/>\n<link rel=\"canonical\" href=\"https:\/\/maderahighsdev.wpengine.com\/our-school\/\" \/>\n<meta property=\"og:locale\" content=\"es_MX\" \/>\n<meta property=\"og:type\" content=\"article\" \/>\n<meta property=\"og:title\" content=\"Our School | Madera High School\" \/>\n<meta property=\"og:description\" content=\"Mrs. Robyn Cosgrove Principal (559) 675-4444 robyncosgrove@maderausd.org Principal&#8217;s Message Welcome to Madera High School! \u00a0With more than 100 years of Coyote tradition, our goal is to continue to strive towards...\" \/>\n<meta property=\"og:url\" content=\"https:\/\/maderahighsdev.wpengine.com\/our-school\/\" \/>\n<meta property=\"og:site_name\" content=\"Madera High School\" \/>\n<meta property=\"article:modified_time\" content=\"2026-02-27T00:25:35+00:00\" \/>\n<meta name=\"twitter:card\" content=\"summary_large_image\" \/>\n<meta name=\"twitter:label1\" content=\"Tiempo de lectura\" \/>\n\t<meta name=\"twitter:data1\" content=\"29 minutos\" \/>\n<script type=\"application\/ld+json\" class=\"yoast-schema-graph\">{\"@context\":\"https:\/\/schema.org\",\"@graph\":[{\"@type\":\"WebPage\",\"@id\":\"https:\/\/maderahighsdev.wpengine.com\/our-school\/\",\"url\":\"https:\/\/maderahighsdev.wpengine.com\/our-school\/\",\"name\":\"Our School | Madera High School\",\"isPartOf\":{\"@id\":\"https:\/\/maderahighsdev.wpengine.com\/#website\"},\"primaryImageOfPage\":{\"@id\":\"https:\/\/maderahighsdev.wpengine.com\/our-school\/#primaryimage\"},\"image\":{\"@id\":\"https:\/\/maderahighsdev.wpengine.com\/our-school\/#primaryimage\"},\"thumbnailUrl\":\"https:\/\/mhs.maderausd.org\/wp-content\/uploads\/MHS-Logos\/MHS_Secondary-Logo-1C.svg\",\"datePublished\":\"2023-02-27T19:59:46+00:00\",\"dateModified\":\"2026-02-27T00:25:35+00:00\",\"breadcrumb\":{\"@id\":\"https:\/\/maderahighsdev.wpengine.com\/our-school\/#breadcrumb\"},\"inLanguage\":\"es\",\"potentialAction\":[{\"@type\":\"ReadAction\",\"target\":[\"https:\/\/maderahighsdev.wpengine.com\/our-school\/\"]}]},{\"@type\":\"ImageObject\",\"inLanguage\":\"es\",\"@id\":\"https:\/\/maderahighsdev.wpengine.com\/our-school\/#primaryimage\",\"url\":\"https:\/\/mhs.maderausd.org\/wp-content\/uploads\/MHS-Logos\/MHS_Secondary-Logo-1C.svg\",\"contentUrl\":\"https:\/\/mhs.maderausd.org\/wp-content\/uploads\/MHS-Logos\/MHS_Secondary-Logo-1C.svg\"},{\"@type\":\"BreadcrumbList\",\"@id\":\"https:\/\/maderahighsdev.wpengine.com\/our-school\/#breadcrumb\",\"itemListElement\":[{\"@type\":\"ListItem\",\"position\":1,\"name\":\"Home\",\"item\":\"https:\/\/maderahighsdev.wpengine.com\/\"},{\"@type\":\"ListItem\",\"position\":2,\"name\":\"Our School\"}]},{\"@type\":\"WebSite\",\"@id\":\"https:\/\/maderahighsdev.wpengine.com\/#website\",\"url\":\"https:\/\/maderahighsdev.wpengine.com\/\",\"name\":\"Madera High School\",\"description\":\"Home of the Coyotes\",\"publisher\":{\"@id\":\"https:\/\/maderahighsdev.wpengine.com\/#organization\"},\"potentialAction\":[{\"@type\":\"SearchAction\",\"target\":{\"@type\":\"EntryPoint\",\"urlTemplate\":\"https:\/\/maderahighsdev.wpengine.com\/?s={search_term_string}\"},\"query-input\":{\"@type\":\"PropertyValueSpecification\",\"valueRequired\":true,\"valueName\":\"search_term_string\"}}],\"inLanguage\":\"es\"},{\"@type\":\"Organization\",\"@id\":\"https:\/\/maderahighsdev.wpengine.com\/#organization\",\"name\":\"Madera High School\",\"url\":\"https:\/\/maderahighsdev.wpengine.com\/\",\"logo\":{\"@type\":\"ImageObject\",\"inLanguage\":\"es\",\"@id\":\"https:\/\/maderahighsdev.wpengine.com\/#\/schema\/logo\/image\/\",\"url\":\"https:\/\/mhs.maderausd.org\/wp-content\/uploads\/theoriginals_whitetext.png\",\"contentUrl\":\"https:\/\/mhs.maderausd.org\/wp-content\/uploads\/theoriginals_whitetext.png\",\"width\":3601,\"height\":2189,\"caption\":\"Madera High School\"},\"image\":{\"@id\":\"https:\/\/maderahighsdev.wpengine.com\/#\/schema\/logo\/image\/\"}}]}<\/script>\n<!-- \/ Yoast SEO plugin. -->","yoast_head_json":{"title":"Nuestra escuela | Preparatoria Madera","robots":{"index":"index","follow":"follow","max-snippet":"max-snippet:-1","max-image-preview":"max-image-preview:large","max-video-preview":"max-video-preview:-1"},"canonical":"https:\/\/maderahighsdev.wpengine.com\/our-school\/","og_locale":"es_MX","og_type":"article","og_title":"Our School | Madera High School","og_description":"Mrs. Robyn Cosgrove Principal (559) 675-4444 robyncosgrove@maderausd.org Principal&#8217;s Message Welcome to Madera High School! \u00a0With more than 100 years of Coyote tradition, our goal is to continue to strive towards...","og_url":"https:\/\/maderahighsdev.wpengine.com\/our-school\/","og_site_name":"Madera High School","article_modified_time":"2026-02-27T00:25:35+00:00","twitter_card":"summary_large_image","twitter_misc":{"Tiempo de lectura":"29 minutos"},"schema":{"@context":"https:\/\/schema.org","@graph":[{"@type":"WebPage","@id":"https:\/\/maderahighsdev.wpengine.com\/our-school\/","url":"https:\/\/maderahighsdev.wpengine.com\/our-school\/","name":"Nuestra escuela | Preparatoria Madera","isPartOf":{"@id":"https:\/\/maderahighsdev.wpengine.com\/#website"},"primaryImageOfPage":{"@id":"https:\/\/maderahighsdev.wpengine.com\/our-school\/#primaryimage"},"image":{"@id":"https:\/\/maderahighsdev.wpengine.com\/our-school\/#primaryimage"},"thumbnailUrl":"https:\/\/mhs.maderausd.org\/wp-content\/uploads\/MHS-Logos\/MHS_Secondary-Logo-1C.svg","datePublished":"2023-02-27T19:59:46+00:00","dateModified":"2026-02-27T00:25:35+00:00","breadcrumb":{"@id":"https:\/\/maderahighsdev.wpengine.com\/our-school\/#breadcrumb"},"inLanguage":"es","potentialAction":[{"@type":"ReadAction","target":["https:\/\/maderahighsdev.wpengine.com\/our-school\/"]}]},{"@type":"ImageObject","inLanguage":"es","@id":"https:\/\/maderahighsdev.wpengine.com\/our-school\/#primaryimage","url":"https:\/\/mhs.maderausd.org\/wp-content\/uploads\/MHS-Logos\/MHS_Secondary-Logo-1C.svg","contentUrl":"https:\/\/mhs.maderausd.org\/wp-content\/uploads\/MHS-Logos\/MHS_Secondary-Logo-1C.svg"},{"@type":"BreadcrumbList","@id":"https:\/\/maderahighsdev.wpengine.com\/our-school\/#breadcrumb","itemListElement":[{"@type":"ListItem","position":1,"name":"Home","item":"https:\/\/maderahighsdev.wpengine.com\/"},{"@type":"ListItem","position":2,"name":"Our School"}]},{"@type":"WebSite","@id":"https:\/\/maderahighsdev.wpengine.com\/#website","url":"https:\/\/maderahighsdev.wpengine.com\/","name":"Escuela Secundaria de Madera","description":"Hogar de los coyotes","publisher":{"@id":"https:\/\/maderahighsdev.wpengine.com\/#organization"},"potentialAction":[{"@type":"SearchAction","target":{"@type":"EntryPoint","urlTemplate":"https:\/\/maderahighsdev.wpengine.com\/?s={search_term_string}"},"query-input":{"@type":"PropertyValueSpecification","valueRequired":true,"valueName":"search_term_string"}}],"inLanguage":"es"},{"@type":"Organization","@id":"https:\/\/maderahighsdev.wpengine.com\/#organization","name":"Escuela Secundaria de Madera","url":"https:\/\/maderahighsdev.wpengine.com\/","logo":{"@type":"ImageObject","inLanguage":"es","@id":"https:\/\/maderahighsdev.wpengine.com\/#\/schema\/logo\/image\/","url":"https:\/\/mhs.maderausd.org\/wp-content\/uploads\/theoriginals_whitetext.png","contentUrl":"https:\/\/mhs.maderausd.org\/wp-content\/uploads\/theoriginals_whitetext.png","width":3601,"height":2189,"caption":"Madera High School"},"image":{"@id":"https:\/\/maderahighsdev.wpengine.com\/#\/schema\/logo\/image\/"}}]}},"tpgb_featured_images":null,"tpgb_post_meta_info":{"get_date":"febrero 27, 2023","get_modified_date":"febrero 26, 2026","author_name":"Ricardo Camacho","author_url":"https:\/\/mhs.maderausd.org\/es\/author\/ricardocamachomaderausd-org\/","author_email":"ricardocamacho@maderausd.org","author_website":"","author_description":"","author_facebook":"","author_twitter":"","author_instagram":"","author_role":["administrator"],"author_firstname":"Ricardo","author_lastname":"Camacho","user_login":"ricardocamacho@maderausd.org","author_avatar":"<img alt='' src='https:\/\/secure.gravatar.com\/avatar\/d1689f372d0ec5bdacb2fb093cf8c4e77312f73fb81d85106e57c36a8081090f?s=200&#038;d=mm&#038;r=g' srcset='https:\/\/secure.gravatar.com\/avatar\/d1689f372d0ec5bdacb2fb093cf8c4e77312f73fb81d85106e57c36a8081090f?s=400&#038;d=mm&#038;r=g 2x' class='avatar avatar-200 photo' height='200' width='200' decoding='async'\/>","author_avatar_url":"https:\/\/secure.gravatar.com\/avatar\/d1689f372d0ec5bdacb2fb093cf8c4e77312f73fb81d85106e57c36a8081090f?s=96&d=mm&r=g","comment_count":0,"post_likes":0,"post_views":0},"tpgb_post_category":[],"ticketed":false,"_links":{"self":[{"href":"https:\/\/mhs.maderausd.org\/es\/wp-json\/wp\/v2\/pages\/92","targetHints":{"allow":["GET"]}}],"collection":[{"href":"https:\/\/mhs.maderausd.org\/es\/wp-json\/wp\/v2\/pages"}],"about":[{"href":"https:\/\/mhs.maderausd.org\/es\/wp-json\/wp\/v2\/types\/page"}],"author":[{"embeddable":true,"href":"https:\/\/mhs.maderausd.org\/es\/wp-json\/wp\/v2\/users\/4"}],"replies":[{"embeddable":true,"href":"https:\/\/mhs.maderausd.org\/es\/wp-json\/wp\/v2\/comments?post=92"}],"version-history":[{"count":24,"href":"https:\/\/mhs.maderausd.org\/es\/wp-json\/wp\/v2\/pages\/92\/revisions"}],"predecessor-version":[{"id":2010,"href":"https:\/\/mhs.maderausd.org\/es\/wp-json\/wp\/v2\/pages\/92\/revisions\/2010"}],"wp:attachment":[{"href":"https:\/\/mhs.maderausd.org\/es\/wp-json\/wp\/v2\/media?parent=92"}],"curies":[{"name":"gracias","href":"https:\/\/api.w.org\/{rel}","templated":true}]}}